{"id":4894,"date":"2022-09-16T09:13:48","date_gmt":"2022-09-16T07:13:48","guid":{"rendered":"https:\/\/www.erni-brendtner.de\/?page_id=4894"},"modified":"2025-07-22T16:31:27","modified_gmt":"2025-07-22T14:31:27","slug":"archiv","status":"publish","type":"page","link":"https:\/\/www.erni-brendtner.de\/?page_id=4894","title":{"rendered":"Archiv"},"content":{"rendered":"<style>#sp-ea-5801 .spcollapsing { height: 0; overflow: hidden; transition-property: height;transition-duration: 300ms;}#sp-ea-5801.sp-easy-accordion>.sp-ea-single {margin-bottom: 10px; border: 1px solid #e2e2e2; }#sp-ea-5801.sp-easy-accordion>.sp-ea-single>.ea-header a {color: #444;}#sp-ea-5801.sp-easy-accordion>.sp-ea-single>.sp-collapse>.ea-body {background: #fff; color: #444;}#sp-ea-5801.sp-easy-accordion>.sp-ea-single {background: #eee;}#sp-ea-5801.sp-easy-accordion>.sp-ea-single>.ea-header a .ea-expand-icon { float: left; color: #444;font-size: 16px;}<\/style><div id=\"sp_easy_accordion-1753193623\"><div id=\"sp-ea-5801\" class=\"sp-ea-one sp-easy-accordion\" data-ea-active=\"ea-click\" data-ea-mode=\"vertical\" data-preloader=\"\" data-scroll-active-item=\"\" data-offset-to-scroll=\"0\"><div class=\"ea-card ea-expand sp-ea-single\"><h3 class=\"ea-header\"><a class=\"collapsed\" id=\"ea-header-58010\" role=\"button\" data-sptoggle=\"spcollapse\" data-sptarget=\"#collapse58010\" aria-controls=\"collapse58010\" href=\"#\" aria-expanded=\"true\" tabindex=\"0\"><i aria-hidden=\"true\" role=\"presentation\" class=\"ea-expand-icon eap-icon-ea-expand-minus\"><\/i> 2025<\/a><\/h3><div class=\"sp-collapse spcollapse collapsed show\" id=\"collapse58010\" data-parent=\"#sp-ea-5801\" role=\"region\" aria-labelledby=\"ea-header-58010\"> <div class=\"ea-body\"><table id=\"tablepress-24\" class=\"tablepress tablepress-id-24\"><tbody class=\"row-striping row-hover\"><tr class=\"row-1\"><td class=\"column-1\"><br \/><br \/>Videobeitrag und Interview des RFO Rosenheim von der Vernissage am 13.10.2025 im Rathaus Alt\u00f6tting <br \/>Ausstellung \"Von Vorbildern und Visionen\" Erni Brendtner und Silke von Clarmann<br \/><br \/>Die Ausstellung wurde verl\u00e4ngert und kann noch bis zum 7. Januar 2026 besichtigt werden!<\/td><td class=\"column-2\"><iframe loading=\"lazy\" width=\"300\" height=\"220\" src=\"https:\/\/www.youtube.com\/embed\/B89IOXF4epo?si=yxpziQ1u2QRxsHnC\" title=\"YouTube video player=\"0\" frameborder=\"0\" allow=\"accelerometer; autoplay; clipboard-write; encrypted-media; gyroscope; picture-in-picture; web-share\" referrerpolicy=\"strict-origin-when-cross-origin\" allowfullscreen><\/iframe><br \/><br \/><\/td><\/tr><tr class=\"row-2\"><td class=\"column-1\">28.11. - 30.11.2025 <br \/>sowie am<br \/>05.12. - 07.12.2025<br \/><a href=\"https:\/\/youtube.com\/shorts\/i51H84mFZbM\" target=\"_blank\"><br \/> <img decoding=\"async\" src=\"https:\/\/img.youtube.com\/vi\/i51H84mFZbM\/maxresdefault.jpg\" <br \/> <\/a><br \/><br \/><a href=\"http:\/\/www.erni-brendtner.de\/wp-content\/uploads\/2025\/12\/Video.fuer-whatsapp.mov\">Japan-Impressionen<\/a><\/td><td class=\"column-2\">Adventsausstellung im Foyer des Stadtsaals in Burghausen der beiden K\u00fcnstlergruppen Primavera und Farbkreis<br \/><br \/>Vernissage am 28.11.2025 um 17.00 Uhr<\/td><\/tr><tr class=\"row-3\"><td class=\"column-1\"><br \/>13.10. - 14.11.2025<br \/><br \/>Die Ausstellung wird verl\u00e4ngert bis zum 7. Januar 2026<br \/><br \/>Am Montag, 8.12.2025 um 14:00 Uhr findet letztmals eine K\u00fcnstlerf\u00fchrung gemeinsam mit Silke von Clarmann statt. Sie sind gerne eingeladen, kostenlos daran teilzunehmen.<br \/><br \/>Eiladung zur Ausstellung und Vernissage<br \/><br \/><a href=\"http:\/\/www.erni-brendtner.de\/wp-content\/uploads\/2025\/09\/Einladung-Brendtner-Clarmann.pdf\">Einladung-Brendtner-Clarmann<\/a><\/td><td class=\"column-2\"><br \/>Ausstellung im Rathaus Alt\u00f6tting - Erni Brendtner und Silke von Clarmann <br \/>Thema: \u201eVon Vorbildern und Visionen\u201c<br \/><br \/>Vernissage ist am 13.10.2025 um 18.30 Uhr<br \/><br \/><a href=\"http:\/\/www.erni-brendtner.de\/wp-content\/uploads\/2025\/09\/Kunst-Faltflyer-Brendtner-Clarmann.pdf\">Kunst-Faltflyer-Brendtner-Clarmann<\/a><\/td><\/tr><tr class=\"row-4\"><td class=\"column-1\">18-09. - 05.10.2025<br \/><br \/><a href=\"http:\/\/www.erni-brendtner.de\/wp-content\/uploads\/2025\/09\/IMG_9143.jpg\"><img loading=\"lazy\" decoding=\"async\" src=\"http:\/\/www.erni-brendtner.de\/wp-content\/uploads\/2025\/09\/IMG_9143-150x150.jpg\" alt=\"\" width=\"150\" height=\"150\" class=\"alignnone size-thumbnail wp-image-5875\" srcset=\"https:\/\/www.erni-brendtner.de\/wp-content\/uploads\/2025\/09\/IMG_9143-150x150.jpg 150w, https:\/\/www.erni-brendtner.de\/wp-content\/uploads\/2025\/09\/IMG_9143-432x432.jpg 432w, https:\/\/www.erni-brendtner.de\/wp-content\/uploads\/2025\/09\/IMG_9143-268x268.jpg 268w\" sizes=\"auto, (max-width: 150px) 100vw, 150px\" \/><\/a><\/td><td class=\"column-2\"><br \/><br \/>Kunst findet Innen Sta(d)tt <br \/>organisiert vom Wirtschaftsverband Neu\u00f6tting und dem Kunstverein Alt\u00f6tting <br \/>quer \u00fcber den Stadtplatz - Ludwigstra\u00dfe in Neu\u00f6tting <br \/><br \/>Ich bin mit meinen Bildern wieder bei Coiffeur Helga vertreten.<\/td><\/tr><tr class=\"row-5\"><td class=\"column-1\">26.07. oder 02.08.2025<br \/>(Ausweichtermin -wetterbedingt)<br \/><\/td><td class=\"column-2\">Malmeeting in M\u00fchldorf <br \/>gemeinsames Malen mit dem Kunstverein Alt\u00f6tting und dem Inn-Salzach-Kunstverein<br \/><br \/>Jeder Interessierte kann daran teilnehmen!<\/td><\/tr><tr class=\"row-6\"><td class=\"column-1\"><br \/>06.06. - 10.07.2025<br \/><br \/><a href=\"http:\/\/www.erni-brendtner.de\/wp-content\/uploads\/2025\/06\/FlyerKuenstlergildeFreilassing.pdf\">FlyerKu\u0308nstlergildeFreilassing<\/a><br \/><\/td><td class=\"column-2\"><br \/>Ausstellung mit der K\u00fcnstlergilde Freilassing in Tittmoning im Pr\u00e4latenstock auf der Burg <br \/><br \/>Vernissage 06.06.2025 um 19.00 Uhr <br \/><br \/><a href=\"https:\/\/www.rfo.de\/mediathek\/video\/kunstausstellung-in-der-burg-tittmoning\/\" target=\"_blank\">Videobeitrag des RFO Rosenheim vom 16.06.2025<\/a><\/td><\/tr><tr class=\"row-7\"><td class=\"column-1\">15.05. - 04.06.2025<br \/><br \/><a href=\"http:\/\/www.erni-brendtner.de\/wp-content\/uploads\/2025\/04\/km25_EinladungDL_f51_DRUCK_1250.pdf\">km25_EinladungDL_f51_DRUCK_1250<\/a><br \/><br \/><a href=\"http:\/\/www.erni-brendtner.de\/wp-content\/uploads\/2025\/04\/IMG_6265-Bearbeitet.jpg\"><img loading=\"lazy\" decoding=\"async\" src=\"http:\/\/www.erni-brendtner.de\/wp-content\/uploads\/2025\/04\/IMG_6265-Bearbeitet-150x150.jpg\" alt=\"\" width=\"150\" height=\"150\" class=\"alignnone size-thumbnail wp-image-5644\" srcset=\"https:\/\/www.erni-brendtner.de\/wp-content\/uploads\/2025\/04\/IMG_6265-Bearbeitet-150x150.jpg 150w, https:\/\/www.erni-brendtner.de\/wp-content\/uploads\/2025\/04\/IMG_6265-Bearbeitet-432x432.jpg 432w, https:\/\/www.erni-brendtner.de\/wp-content\/uploads\/2025\/04\/IMG_6265-Bearbeitet-268x268.jpg 268w\" sizes=\"auto, (max-width: 150px) 100vw, 150px\" \/><\/a><\/td><td class=\"column-2\">Kunstmeile Trostberg '25<br \/><br \/>Vernissage am 15.05.2025 um 18.00 Uhr im Postsaal Trostberg <br \/><br \/>Finissage am 04.06.2025 um 18.00 Uhr im Atrium Trostberg<br \/><br \/>Ich freue mich sehr, bei der gr\u00f6\u00dften Kunstschau S\u00fcd-Ost-Bayerns mit ca. 100 Teilnehmern, mit meinen 4 Elemente Bildern teilzunehmen.<br \/><br \/><a href=\"https:\/\/www.rfo.de\/mediathek\/video\/trostberg-laedt-zur-kunstmeile-2025\/\" target=\"_blank\">Videobeitrag des RFO Rosenheim vom 21.05.2025<\/a><\/td><\/tr><tr class=\"row-8\"><td class=\"column-1\"><br \/><br \/>21.3. - 06.04.2025<br \/><br \/>EINLADUNG<br \/><a href=\"http:\/\/www.erni-brendtner.de\/wp-content\/uploads\/2025\/03\/Ausstellung.Gilde_.Freilassing.T-RAUM.jpg\"><img loading=\"lazy\" decoding=\"async\" src=\"http:\/\/www.erni-brendtner.de\/wp-content\/uploads\/2025\/03\/Ausstellung.Gilde_.Freilassing.T-RAUM-150x150.jpg\" alt=\"\" width=\"150\" height=\"150\" class=\"alignnone size-thumbnail wp-image-5609\" srcset=\"https:\/\/www.erni-brendtner.de\/wp-content\/uploads\/2025\/03\/Ausstellung.Gilde_.Freilassing.T-RAUM-150x150.jpg 150w, https:\/\/www.erni-brendtner.de\/wp-content\/uploads\/2025\/03\/Ausstellung.Gilde_.Freilassing.T-RAUM-432x432.jpg 432w, https:\/\/www.erni-brendtner.de\/wp-content\/uploads\/2025\/03\/Ausstellung.Gilde_.Freilassing.T-RAUM-268x268.jpg 268w\" sizes=\"auto, (max-width: 150px) 100vw, 150px\" \/><\/a><br \/><br \/>Vernissage am 21.03.2025<br \/>um 19.00 Uhr<\/td><td class=\"column-2\"><br \/><br \/>K\u00fcnstlergilde Freilassing - Jahresausstellung in der Stadtgalerie in Freilassing<br \/>Mein Enkel Anton hat dieses Haus gebaut. Die Bemalung au\u00dfen ist von mir.<br \/><br \/><a href=\"http:\/\/www.erni-brendtner.de\/wp-content\/uploads\/2025\/04\/IMG_6008-Bearbeitet.jpg\"><img loading=\"lazy\" decoding=\"async\" src=\"http:\/\/www.erni-brendtner.de\/wp-content\/uploads\/2025\/04\/IMG_6008-Bearbeitet-150x150.jpg\" alt=\"\" width=\"150\" height=\"150\" class=\"alignnone size-thumbnail wp-image-5663\" srcset=\"https:\/\/www.erni-brendtner.de\/wp-content\/uploads\/2025\/04\/IMG_6008-Bearbeitet-150x150.jpg 150w, https:\/\/www.erni-brendtner.de\/wp-content\/uploads\/2025\/04\/IMG_6008-Bearbeitet-432x432.jpg 432w, https:\/\/www.erni-brendtner.de\/wp-content\/uploads\/2025\/04\/IMG_6008-Bearbeitet-268x268.jpg 268w\" sizes=\"auto, (max-width: 150px) 100vw, 150px\" \/><\/a><br \/><a href=\"http:\/\/www.erni-brendtner.de\/wp-content\/uploads\/2025\/04\/Text.T-RAUM-HAUS.pdf\"><br \/>Text.T-RAUM HAUS<\/a><br \/><br \/><a href=\"https:\/\/www.rfo.de\/mediathek\/video\/ausstellung-der-freilassinger-kuenstlergilde\/\" target=\"_blank\">Videobeitrag des RFO Rosenheim vom 26.03.2025<\/a><\/td><\/tr><tr class=\"row-9\"><td class=\"column-1\">20.02. - 03.04.2025<br \/><br \/><br \/><br \/><a href=\"http:\/\/www.erni-brendtner.de\/wp-content\/uploads\/2025\/01\/DRUCKFREI_Jahresausstellung-2025.pdf\">Kunstverein Alt\u00f6tting Jahresausstellung 2025<\/a><\/td><td class=\"column-2\">1. Jahresausstellung des Kunstvereins Alt\u00f6tting in der meine Volksbank Raiffeisenbank in Alt\u00f6tting<br \/><br \/>Vernissage am 20.02.2025 um 19.00 Uhr<br \/><a href=\"http:\/\/www.erni-brendtner.de\/wp-content\/uploads\/2025\/04\/Wassermusik.jpg\"><img loading=\"lazy\" decoding=\"async\" src=\"http:\/\/www.erni-brendtner.de\/wp-content\/uploads\/2025\/04\/Wassermusik-150x150.jpg\" alt=\"\" width=\"150\" height=\"150\" class=\"alignnone size-thumbnail wp-image-5688\" srcset=\"https:\/\/www.erni-brendtner.de\/wp-content\/uploads\/2025\/04\/Wassermusik-150x150.jpg 150w, https:\/\/www.erni-brendtner.de\/wp-content\/uploads\/2025\/04\/Wassermusik-432x432.jpg 432w, https:\/\/www.erni-brendtner.de\/wp-content\/uploads\/2025\/04\/Wassermusik-268x268.jpg 268w\" sizes=\"auto, (max-width: 150px) 100vw, 150px\" \/><\/a><br \/>3 tlg. Serie - Wassermusik auf der Themse \/ G.F. H\u00e4ndel<\/td><\/tr><tr class=\"row-10\"><td class=\"column-1\">M\u00e4rz 2025<br \/><a href=\"http:\/\/www.erni-brendtner.de\/wp-content\/uploads\/2025\/04\/Schaukasten.Maerz_.25.Flora_.jpg\"><img loading=\"lazy\" decoding=\"async\" src=\"http:\/\/www.erni-brendtner.de\/wp-content\/uploads\/2025\/04\/Schaukasten.Maerz_.25.Flora_-150x150.jpg\" alt=\"\" width=\"150\" height=\"150\" class=\"alignnone size-thumbnail wp-image-5693\" srcset=\"https:\/\/www.erni-brendtner.de\/wp-content\/uploads\/2025\/04\/Schaukasten.Maerz_.25.Flora_-150x150.jpg 150w, https:\/\/www.erni-brendtner.de\/wp-content\/uploads\/2025\/04\/Schaukasten.Maerz_.25.Flora_-432x432.jpg 432w, https:\/\/www.erni-brendtner.de\/wp-content\/uploads\/2025\/04\/Schaukasten.Maerz_.25.Flora_-268x268.jpg 268w\" sizes=\"auto, (max-width: 150px) 100vw, 150px\" \/><\/a><\/td><td class=\"column-2\">Im ganzen Monat M\u00e4rz 2025 pr\u00e4sentierte ich mein Werk \"Flora\" im Schaukasten des Kunstvereins Alt\u00f6tting in der Scharnagel-Passage.<br \/><br \/><br \/><br \/>Bild: Flora - Eitempera auf B\u00fcttenpapier<\/td><\/tr><\/tbody><\/table><\/div><\/div><\/div><div class=\"ea-card sp-ea-single\"><h3 class=\"ea-header\"><a class=\"collapsed\" id=\"ea-header-58011\" role=\"button\" data-sptoggle=\"spcollapse\" data-sptarget=\"#collapse58011\" aria-controls=\"collapse58011\" href=\"#\" aria-expanded=\"false\" tabindex=\"0\"><i aria-hidden=\"true\" role=\"presentation\" class=\"ea-expand-icon eap-icon-ea-expand-plus\"><\/i> 2024<\/a><\/h3><div class=\"sp-collapse spcollapse \" id=\"collapse58011\" data-parent=\"#sp-ea-5801\" role=\"region\" aria-labelledby=\"ea-header-58011\"> <div class=\"ea-body\"><table id=\"tablepress-10\" class=\"tablepress tablepress-id-10\"><tbody class=\"row-striping row-hover\"><tr class=\"row-1\"><td class=\"column-1\">31.10. - 10.11.2024<br \/><br \/>Vernissage am 1.11.2024<br \/><br \/><a href=\"http:\/\/www.erni-brendtner.de\/wp-content\/uploads\/2024\/10\/2411-GAM-Einladung.pdf\">2411-GAM-Einladung<\/a><\/td><td class=\"column-2\"><br \/><br \/>Gruppenausstellung der K\u00fcnstlergilde Freilassing in Neubeuern<br \/><br \/><\/td><\/tr><tr class=\"row-2\"><td class=\"column-1\"><br \/><br \/>12.09. - 03.10.2024<br \/><br \/><a href=\"http:\/\/www.erni-brendtner.de\/wp-content\/uploads\/2024\/09\/STN_WIN_Flyer_2024_A6_Kunst_findet_Innenstatt_RZ-1.pdf\">Flyer_2024_Kunst_findet_Innenstatt_RZ<\/a><\/td><td class=\"column-2\"><br \/><br \/>Kunst findet Innen Sta(d)tt organisiert vom Wirtschaftsverband Neu\u00f6tting und dem Kunstverein Alt\u00f6tting - quer \u00fcber den Stadtplatz - Ludwigstra\u00dfe in Neu\u00f6tting <br \/><br \/>Ich war mit 4 Bildern wieder bei Coiffeur Helga Wimmer vertreten.<\/td><\/tr><tr class=\"row-3\"><td class=\"column-1\"><br \/><br \/>24.05. - 06.06.2024<a href=\"http:\/\/www.erni-brendtner.de\/wp-content\/uploads\/2024\/05\/IMG_2879.png\"><img loading=\"lazy\" decoding=\"async\" src=\"http:\/\/www.erni-brendtner.de\/wp-content\/uploads\/2024\/05\/IMG_2879-150x150.png\" alt=\"\" width=\"150\" height=\"150\" class=\"alignnone size-thumbnail wp-image-5410\" srcset=\"https:\/\/www.erni-brendtner.de\/wp-content\/uploads\/2024\/05\/IMG_2879-150x150.png 150w, https:\/\/www.erni-brendtner.de\/wp-content\/uploads\/2024\/05\/IMG_2879-432x432.png 432w, https:\/\/www.erni-brendtner.de\/wp-content\/uploads\/2024\/05\/IMG_2879-268x268.png 268w\" sizes=\"auto, (max-width: 150px) 100vw, 150px\" \/><\/a><\/td><td class=\"column-2\"><br \/><br \/>Ausstellungsbeteiligung in der \u201eARTtime Galeria\" in Udine\/Italien<br \/><br \/>Vernissage am Samstag, 25.05.2024 um 17.30 Uhr<br \/><br \/><a href=\"http:\/\/www.erni-brendtner.de\/wp-content\/uploads\/2024\/10\/IMG_5903.jpeg\"><img loading=\"lazy\" decoding=\"async\" src=\"http:\/\/www.erni-brendtner.de\/wp-content\/uploads\/2024\/10\/IMG_5903-150x150.jpeg\" alt=\"\" width=\"150\" height=\"150\" class=\"alignnone size-thumbnail wp-image-5453\" srcset=\"https:\/\/www.erni-brendtner.de\/wp-content\/uploads\/2024\/10\/IMG_5903-150x150.jpeg 150w, https:\/\/www.erni-brendtner.de\/wp-content\/uploads\/2024\/10\/IMG_5903-432x432.jpeg 432w, https:\/\/www.erni-brendtner.de\/wp-content\/uploads\/2024\/10\/IMG_5903-268x268.jpeg 268w\" sizes=\"auto, (max-width: 150px) 100vw, 150px\" \/><\/a><br \/>Meine 4 Elemente Bilder fanden in Udine einen wunderbaren Ort der Pr\u00e4sentation<\/td><\/tr><tr class=\"row-4\"><td class=\"column-1\"><br \/>Vernissage: 09.04. 2024 um 18.30 Uhr <br \/><br \/><br \/><a href=\"http:\/\/www.erni-brendtner.de\/wp-content\/uploads\/2024\/04\/Plakat_KVAOe_HausderFamilie.pdf\">Einladung zur Vernissage<\/a><br \/><\/td><td class=\"column-2\"><br \/>Gruppenausstellung mit dem Kunstverein Alt\u00f6tting im Haus der Familie in Burghausen<br \/>vom 09.04. - 07.06.2024 <br \/><\/td><\/tr><tr class=\"row-5\"><td class=\"column-1\"><br \/><br \/>EINLADUNG<br \/><a href=\"http:\/\/www.erni-brendtner.de\/wp-content\/uploads\/2024\/03\/Elemente_2024.pdf\">Elemente_2024<\/a><\/td><td class=\"column-2\"><br \/><br \/>Gruppenausstellung mit der Freilassinger K\u00fcnstlergilde in der Stadtgalerie in Freilassing <br \/>Thema: Elemente vom 15.03. bis 24.03.2024<br \/><\/td><\/tr><tr class=\"row-6\"><td class=\"column-1\"><br \/><a href=\"http:\/\/www.erni-brendtner.de\/wp-content\/uploads\/2024\/02\/Einladung-Vernissage-Februar-2024.pdf\">Einladung Vernissage Februar 2024<\/a><\/td><td class=\"column-2\"><br \/>1. Jahresausstellung des Kunstvereins Alt\u00f6tting in der meine Volksbank Raiffeisenbank in Alt\u00f6tting<br \/>vom 22.02. bis 31.03.2024 <br \/><br \/><\/td><\/tr><tr class=\"row-7\"><td class=\"column-1\"><\/td><td class=\"column-2\"><\/td><\/tr><\/tbody><\/table><\/div><\/div><\/div><div class=\"ea-card sp-ea-single\"><h3 class=\"ea-header\"><a class=\"collapsed\" id=\"ea-header-58012\" role=\"button\" data-sptoggle=\"spcollapse\" data-sptarget=\"#collapse58012\" aria-controls=\"collapse58012\" href=\"#\" aria-expanded=\"false\" tabindex=\"0\"><i aria-hidden=\"true\" role=\"presentation\" class=\"ea-expand-icon eap-icon-ea-expand-plus\"><\/i> 2023<\/a><\/h3><div class=\"sp-collapse spcollapse \" id=\"collapse58012\" data-parent=\"#sp-ea-5801\" role=\"region\" aria-labelledby=\"ea-header-58012\"> <div class=\"ea-body\"><table id=\"tablepress-12\" class=\"tablepress tablepress-id-12\"><tbody class=\"row-striping row-hover\"><tr class=\"row-1\"><td class=\"column-1\"><br \/>Erstes und zweites Adventswochenende 2023<br \/><br \/>FR\/SA\/SO 1.12. - 03.12.2023 von 15 - 20 Uhr<br \/>FR\/SA\/SO 8.12. - 10.12.2023 von 15 - 20 Uhr<\/td><td class=\"column-2\"><br \/>Jahresausstellung der K\u00fcnstlergruppen Primavera und Farbkreis im Foyer des Stadtsaals in Burghausen<br \/><br \/>Vernissag am Freitag, 1.12.2023 um 17 Uhr mit B\u00fcrgermeister F. Schneider und musik. Begleitung<br \/><br \/><a href=\"http:\/\/www.erni-brendtner.de\/wp-content\/uploads\/2023\/11\/Plakat-2023.pdf\">Plakat 2023<\/a><\/td><\/tr><tr class=\"row-2\"><td class=\"column-1\"><\/td><td class=\"column-2\"><\/td><\/tr><tr class=\"row-3\"><td class=\"column-1\"><\/td><td class=\"column-2\"><\/td><\/tr><tr class=\"row-4\"><td class=\"column-1\"><\/td><td class=\"column-2\"><\/td><\/tr><tr class=\"row-5\"><td class=\"column-1\"><br \/><a href=\"http:\/\/www.erni-brendtner.de\/wp-content\/uploads\/2023\/07\/workshop.png\"><img loading=\"lazy\" decoding=\"async\" src=\"http:\/\/www.erni-brendtner.de\/wp-content\/uploads\/2023\/07\/workshop-150x150.png\" alt=\"\" width=\"150\" height=\"150\" class=\"alignnone size-thumbnail wp-image-5203\" srcset=\"https:\/\/www.erni-brendtner.de\/wp-content\/uploads\/2023\/07\/workshop-150x150.png 150w, https:\/\/www.erni-brendtner.de\/wp-content\/uploads\/2023\/07\/workshop-432x432.png 432w, https:\/\/www.erni-brendtner.de\/wp-content\/uploads\/2023\/07\/workshop-268x268.png 268w\" sizes=\"auto, (max-width: 150px) 100vw, 150px\" \/><\/a><\/td><td class=\"column-2\"><br \/>Jubil\u00e4umsausstellung der K\u00fcnstlergilde Freilassing in der Stadtgalerie Freilassing vom 19.10.2023 - 29.10.2023<br \/><br \/>20 Jahre K\u00fcnstlergilde 2003 - 2023<br \/><\/td><\/tr><tr class=\"row-6\"><td class=\"column-1\"><\/td><td class=\"column-2\"><\/td><\/tr><tr class=\"row-7\"><td class=\"column-1\"><\/td><td class=\"column-2\"><\/td><\/tr><tr class=\"row-8\"><td class=\"column-1\"><\/td><td class=\"column-2\"><\/td><\/tr><tr class=\"row-9\"><td class=\"column-1\"><br \/><br \/><a href=\"http:\/\/www.erni-brendtner.de\/wp-content\/uploads\/2023\/09\/IMG_0887.jpg\"><img loading=\"lazy\" decoding=\"async\" src=\"http:\/\/www.erni-brendtner.de\/wp-content\/uploads\/2023\/09\/IMG_0887-150x150.jpg\" alt=\"\" width=\"150\" height=\"150\" class=\"alignnone size-thumbnail wp-image-5248\" srcset=\"https:\/\/www.erni-brendtner.de\/wp-content\/uploads\/2023\/09\/IMG_0887-150x150.jpg 150w, https:\/\/www.erni-brendtner.de\/wp-content\/uploads\/2023\/09\/IMG_0887-432x432.jpg 432w, https:\/\/www.erni-brendtner.de\/wp-content\/uploads\/2023\/09\/IMG_0887-268x268.jpg 268w\" sizes=\"auto, (max-width: 150px) 100vw, 150px\" \/><\/a><\/td><td class=\"column-2\"><br \/>Kunstmeile Neu\u00f6tting vom 14.9.-3.10.2023<br \/><br \/>Kunst findet Innensta(d)tt<br \/><br \/>Der Wirtschaftsverband Neu\u00f6tting organisierte auch heuer wieder die Verbindung von Kunst in den Schaufenstern der Neu\u00f6ttinger Gesch\u00e4fte am Stadtplatz. <br \/><br \/>Der Kunstverein Alt\u00f6tting war f\u00fcr die Gestaltung zust\u00e4ndig. Ich habe in diesem Jahr wieder bei Coiffeur Helga Wimmer 4 Bilder ausstellen k\u00f6nnen.<\/td><\/tr><tr class=\"row-10\"><td class=\"column-1\"><\/td><td class=\"column-2\"><\/td><\/tr><tr class=\"row-11\"><td class=\"column-1\"><\/td><td class=\"column-2\"><\/td><\/tr><tr class=\"row-12\"><td class=\"column-1\"><\/td><td class=\"column-2\"><\/td><\/tr><tr class=\"row-13\"><td class=\"column-1\"><a href=\"http:\/\/www.erni-brendtner.de\/wp-content\/uploads\/2023\/07\/Schaukasten.Juli_.-2023-21.jpg\"><img loading=\"lazy\" decoding=\"async\" src=\"http:\/\/www.erni-brendtner.de\/wp-content\/uploads\/2023\/07\/Schaukasten.Juli_.-2023-21-150x150.jpg\" alt=\"\" width=\"150\" height=\"150\" class=\"alignnone size-thumbnail wp-image-5187\" srcset=\"https:\/\/www.erni-brendtner.de\/wp-content\/uploads\/2023\/07\/Schaukasten.Juli_.-2023-21-150x150.jpg 150w, https:\/\/www.erni-brendtner.de\/wp-content\/uploads\/2023\/07\/Schaukasten.Juli_.-2023-21-300x300.jpg 300w, https:\/\/www.erni-brendtner.de\/wp-content\/uploads\/2023\/07\/Schaukasten.Juli_.-2023-21-1024x1024.jpg 1024w, https:\/\/www.erni-brendtner.de\/wp-content\/uploads\/2023\/07\/Schaukasten.Juli_.-2023-21-768x768.jpg 768w, https:\/\/www.erni-brendtner.de\/wp-content\/uploads\/2023\/07\/Schaukasten.Juli_.-2023-21-1536x1536.jpg 1536w, https:\/\/www.erni-brendtner.de\/wp-content\/uploads\/2023\/07\/Schaukasten.Juli_.-2023-21-700x700.jpg 700w, https:\/\/www.erni-brendtner.de\/wp-content\/uploads\/2023\/07\/Schaukasten.Juli_.-2023-21-332x332.jpg 332w, https:\/\/www.erni-brendtner.de\/wp-content\/uploads\/2023\/07\/Schaukasten.Juli_.-2023-21-432x432.jpg 432w, https:\/\/www.erni-brendtner.de\/wp-content\/uploads\/2023\/07\/Schaukasten.Juli_.-2023-21-268x268.jpg 268w, https:\/\/www.erni-brendtner.de\/wp-content\/uploads\/2023\/07\/Schaukasten.Juli_.-2023-21.jpg 1600w\" sizes=\"auto, (max-width: 150px) 100vw, 150px\" \/><\/a><\/td><td class=\"column-2\"><br \/>Mein Bild zu Rainer Maria Rilke`s Gedicht \"Der Panther\" war im ganzen Monat Juli 2023<br \/>im Schaukasten des Kunstvereins Alt\u00f6tting in der Scharnagel-Passage ausgestellt.<\/td><\/tr><tr class=\"row-14\"><td class=\"column-1\"><br \/><a href=\"http:\/\/www.erni-brendtner.de\/wp-content\/uploads\/2023\/07\/2EE802C4-4B72-45F7-A2E2-1F1636BFCFF8.jpeg\"><img loading=\"lazy\" decoding=\"async\" src=\"http:\/\/www.erni-brendtner.de\/wp-content\/uploads\/2023\/07\/2EE802C4-4B72-45F7-A2E2-1F1636BFCFF8-150x150.jpeg\" alt=\"\" width=\"150\" height=\"150\" class=\"alignnone size-thumbnail wp-image-5224\" srcset=\"https:\/\/www.erni-brendtner.de\/wp-content\/uploads\/2023\/07\/2EE802C4-4B72-45F7-A2E2-1F1636BFCFF8-150x150.jpeg 150w, https:\/\/www.erni-brendtner.de\/wp-content\/uploads\/2023\/07\/2EE802C4-4B72-45F7-A2E2-1F1636BFCFF8-432x432.jpeg 432w, https:\/\/www.erni-brendtner.de\/wp-content\/uploads\/2023\/07\/2EE802C4-4B72-45F7-A2E2-1F1636BFCFF8-268x268.jpeg 268w\" sizes=\"auto, (max-width: 150px) 100vw, 150px\" \/><\/a><a href=\"http:\/\/www.erni-brendtner.de\/wp-content\/uploads\/2023\/07\/B337676C-D078-49CC-B079-2CE868691419.mov\"><br \/><br \/><\/td><td class=\"column-2\"><br \/><br \/>Im Juli 2023 habe ich dem Heilig-Geist-Spital \/ BRK Seniorenhaus in Burghausen 11 Aquarell-Bilder geschenkt. <br \/>Meine Werke sollen das Haus versch\u00f6nern, bei den Bewohnern Erinnerungen wecken und Besucher und Mitarbeiter gleicherma\u00dfen erfreuen.<\/td><\/tr><tr class=\"row-15\"><td class=\"column-1\"><\/td><td class=\"column-2\"><\/td><\/tr><tr class=\"row-16\"><td class=\"column-1\"><\/td><td class=\"column-2\"><\/td><\/tr><tr class=\"row-17\"><td class=\"column-1\"><\/td><td class=\"column-2\"><\/td><\/tr><tr class=\"row-18\"><td class=\"column-1\"><br \/><a href=\"http:\/\/www.erni-brendtner.de\/wp-content\/uploads\/2023\/07\/facebook.Fotos_.-JPG-14.jpg\"><img loading=\"lazy\" decoding=\"async\" src=\"http:\/\/www.erni-brendtner.de\/wp-content\/uploads\/2023\/07\/facebook.Fotos_.-JPG-14-150x150.jpg\" alt=\"\" width=\"150\" height=\"150\" class=\"alignnone size-thumbnail wp-image-5183\" srcset=\"https:\/\/www.erni-brendtner.de\/wp-content\/uploads\/2023\/07\/facebook.Fotos_.-JPG-14-150x150.jpg 150w, https:\/\/www.erni-brendtner.de\/wp-content\/uploads\/2023\/07\/facebook.Fotos_.-JPG-14-432x432.jpg 432w, https:\/\/www.erni-brendtner.de\/wp-content\/uploads\/2023\/07\/facebook.Fotos_.-JPG-14-268x268.jpg 268w\" sizes=\"auto, (max-width: 150px) 100vw, 150px\" \/><\/a<\/td><td class=\"column-2\"><br \/>Jubil\u00e4umsausstellung des Kunstvereins Alt\u00f6tting in der Stadtgalerie Alt\u00f6tting<br \/>30 Jahre 1993 - 2023<br \/>vom 19.04 bis 29. Mai 2023<br \/><br \/><a href=\"http:\/\/www.erni-brendtner.de\/wp-content\/uploads\/2023\/03\/Flyer-30.Jahre-Kunstverein-final.pdf\">Flyer-30.Jahre-Kunstverein<\/a><br \/><br \/><a href=\"http:\/\/www.erni-brendtner.de\/wp-content\/uploads\/2023\/03\/Einladung-30-Jahre-KV-K5.pdf\">Einladung - Vernissage 30 Jahre KV<\/a><br \/><br \/><a href=\"https:\/\/www.rfo.de\/mediathek\/video\/ausstellung-30-jahre-kunstverein-altoetting\/\" target=\"_blank\">Videobeitrag des RFO Rosenheim vom Mai 2023<\/a><\/td><\/tr><tr class=\"row-19\"><td class=\"column-1\"><\/td><td class=\"column-2\"><\/td><\/tr><tr class=\"row-20\"><td class=\"column-1\"><\/td><td class=\"column-2\"><\/td><\/tr><tr class=\"row-21\"><td class=\"column-1\"><\/td><td class=\"column-2\"><\/td><\/tr><tr class=\"row-22\"><td class=\"column-1\"><br \/><br \/><br \/><br \/>Vom 03.04.2023 bis 08.04.2023 nahm ich an einer Malstudienwoche mit dem K\u00fcnstler Peter Casagrande in der Akademie der Bildenden K\u00fcnste in Kolbermoor teil.<br \/><br \/>Das gemeinsame Action Painting war eine tolle und intensive Erfahrung f\u00fcr alle. <\/td><td class=\"column-2\"><iframe loading=\"lazy\" width=\"300\" height=\"220\" src=\"https:\/\/www.youtube.com\/embed\/KNwnG7Gy_8w?si=WnTHnunuOY6nbjdd\" title=\"YouTube video player?rel=0\" frameborder=\"0\" allow=\"accelerometer; autoplay; clipboard-write; encrypted-media; gyroscope; picture-in-picture; web-share\" referrerpolicy=\"strict-origin-when-cross-origin\" allowfullscreen><\/iframe><\/td><\/tr><tr class=\"row-23\"><td class=\"column-1\"><\/td><td class=\"column-2\"><\/td><\/tr><tr class=\"row-24\"><td class=\"column-1\"><\/td><td class=\"column-2\"><\/td><\/tr><tr class=\"row-25\"><td class=\"column-1\"><\/td><td class=\"column-2\"><\/td><\/tr><tr class=\"row-26\"><td class=\"column-1\"><br \/><a href=\"http:\/\/www.erni-brendtner.de\/wp-content\/uploads\/2023\/03\/Energie.im_.Wandel.jpg\"><img loading=\"lazy\" decoding=\"async\" src=\"http:\/\/www.erni-brendtner.de\/wp-content\/uploads\/2023\/03\/Energie.im_.Wandel-150x150.jpg\" alt=\"\" width=\"150\" height=\"150\" class=\"alignnone size-thumbnail wp-image-5122\" srcset=\"https:\/\/www.erni-brendtner.de\/wp-content\/uploads\/2023\/03\/Energie.im_.Wandel-150x150.jpg 150w, https:\/\/www.erni-brendtner.de\/wp-content\/uploads\/2023\/03\/Energie.im_.Wandel-432x432.jpg 432w, https:\/\/www.erni-brendtner.de\/wp-content\/uploads\/2023\/03\/Energie.im_.Wandel-268x268.jpg 268w\" sizes=\"auto, (max-width: 150px) 100vw, 150px\" \/><\/a><\/td><td class=\"column-2\"><br \/>23.03.2023 bis 02.04.2023 Ausstellung mit der K\u00fcnstlergilde Freilassing in der Stadtgalerie Freilassing<br \/>\"IM WANDEL\"<br \/><br \/>Ich war mit meinen 3 Bildern \"ENERGIE IM WANDEL\" - Kohle - Wind - Atomkraft in der Ausstellung vertreten.<br \/><\/td><\/tr><tr class=\"row-27\"><td class=\"column-1\"><\/td><td class=\"column-2\"><\/td><\/tr><tr class=\"row-28\"><td class=\"column-1\"><\/td><td class=\"column-2\"><\/td><\/tr><tr class=\"row-29\"><td class=\"column-1\"><\/td><td class=\"column-2\"><\/td><\/tr><tr class=\"row-30\"><td class=\"column-1\"><br \/><br \/><a href=\"http:\/\/www.erni-brendtner.de\/wp-content\/uploads\/2023\/03\/Liebfrauenkirche-02.2023-21.jpg\"><img loading=\"lazy\" decoding=\"async\" src=\"http:\/\/www.erni-brendtner.de\/wp-content\/uploads\/2023\/03\/Liebfrauenkirche-02.2023-21-150x150.jpg\" alt=\"\" width=\"150\" height=\"150\" class=\"alignnone size-thumbnail wp-image-5099\" srcset=\"https:\/\/www.erni-brendtner.de\/wp-content\/uploads\/2023\/03\/Liebfrauenkirche-02.2023-21-150x150.jpg 150w, https:\/\/www.erni-brendtner.de\/wp-content\/uploads\/2023\/03\/Liebfrauenkirche-02.2023-21-432x432.jpg 432w, https:\/\/www.erni-brendtner.de\/wp-content\/uploads\/2023\/03\/Liebfrauenkirche-02.2023-21-268x268.jpg 268w\" sizes=\"auto, (max-width: 150px) 100vw, 150px\" \/><\/a><br \/><br \/><a href=\"http:\/\/www.erni-brendtner.de\/wp-content\/uploads\/2023\/03\/St.Konrad.02.2023-3.jpg\"><img loading=\"lazy\" decoding=\"async\" src=\"http:\/\/www.erni-brendtner.de\/wp-content\/uploads\/2023\/03\/St.Konrad.02.2023-3-150x150.jpg\" alt=\"\" width=\"150\" height=\"150\" class=\"alignnone size-thumbnail wp-image-5103\" srcset=\"https:\/\/www.erni-brendtner.de\/wp-content\/uploads\/2023\/03\/St.Konrad.02.2023-3-150x150.jpg 150w, https:\/\/www.erni-brendtner.de\/wp-content\/uploads\/2023\/03\/St.Konrad.02.2023-3-432x432.jpg 432w, https:\/\/www.erni-brendtner.de\/wp-content\/uploads\/2023\/03\/St.Konrad.02.2023-3-268x268.jpg 268w\" sizes=\"auto, (max-width: 150px) 100vw, 150px\" \/><\/a><\/td><td class=\"column-2\"><br \/><br \/><br \/>Kirche und Kunst setzen Zeichen <br \/><br \/><br \/>Am 25.02 und 26.02.2023 stellte ich zum Jahrestag des Ukraine-Krieges w\u00e4hrend drei Gottesdiensten in der Liebfrauenkirche und in der St. Konrad Kirche mein Collagebild <br \/><br \/>\"Chronologie des Wahnsinns\" aus.<br \/><br \/>Nach den Messen fanden jeweils angeregte Gespr\u00e4che bei dem ausgestellten Bild statt.<br \/><br \/><\/td><\/tr><tr class=\"row-31\"><td class=\"column-1\"><\/td><td class=\"column-2\"><\/td><\/tr><tr class=\"row-32\"><td class=\"column-1\"><\/td><td class=\"column-2\"><\/td><\/tr><tr class=\"row-33\"><td class=\"column-1\"><\/td><td class=\"column-2\"><\/td><\/tr><tr class=\"row-34\"><td class=\"column-1\"><br \/><br \/><a href=\"http:\/\/www.erni-brendtner.de\/wp-content\/uploads\/2023\/02\/Febr.2023-10.jpg\"><img loading=\"lazy\" decoding=\"async\" src=\"http:\/\/www.erni-brendtner.de\/wp-content\/uploads\/2023\/02\/Febr.2023-10-150x150.jpg\" alt=\"\" width=\"150\" height=\"150\" class=\"alignnone size-thumbnail wp-image-5089\" srcset=\"https:\/\/www.erni-brendtner.de\/wp-content\/uploads\/2023\/02\/Febr.2023-10-150x150.jpg 150w, https:\/\/www.erni-brendtner.de\/wp-content\/uploads\/2023\/02\/Febr.2023-10-432x432.jpg 432w, https:\/\/www.erni-brendtner.de\/wp-content\/uploads\/2023\/02\/Febr.2023-10-268x268.jpg 268w\" sizes=\"auto, (max-width: 150px) 100vw, 150px\" \/><\/a><\/td><td class=\"column-2\"><br \/>Aschermittwoch der K\u00fcnstler in der St. Josef Kirche in Alt\u00f6tting-S\u00fcd<br \/>am 22.02.2023<br \/><br \/>Zum Jahrestag der Invasion russischer Truppen in der Ukraine stellte ich ein Collagebild aus, das durch Zeitungartikel den grausamen Kriegsverlauf dokumentiert.<br \/><br \/>Pr\u00e4lat Mandl nannte es bezeichnend \"Chronologie des Wahnsinns\".<\/td><\/tr><\/tbody><\/table><\/div><\/div><\/div><div class=\"ea-card sp-ea-single\"><h3 class=\"ea-header\"><a class=\"collapsed\" id=\"ea-header-58013\" role=\"button\" data-sptoggle=\"spcollapse\" data-sptarget=\"#collapse58013\" aria-controls=\"collapse58013\" href=\"#\" aria-expanded=\"false\" tabindex=\"0\"><i aria-hidden=\"true\" role=\"presentation\" class=\"ea-expand-icon eap-icon-ea-expand-plus\"><\/i> 2022<\/a><\/h3><div class=\"sp-collapse spcollapse \" id=\"collapse58013\" data-parent=\"#sp-ea-5801\" role=\"region\" aria-labelledby=\"ea-header-58013\"> <div class=\"ea-body\"><table id=\"tablepress-13\" class=\"tablepress tablepress-id-13\"><tbody class=\"row-striping row-hover\"><tr class=\"row-1\"><td class=\"column-1\">Erstes und zweites Adventswochenende 2022<br \/><br \/>FR\/SA 25.11.2022 \/ 26.11.2022 von 15 bis 20 Uhr SO 27.11.2022 von 15 bis 20 Uhr<br \/>FR\/SA 2.12.2022 \/ 3.12.2022 von 15 bis 20 Uhr<br \/>SO 4.12.2022 von 15 bis 20 Uhr <br \/><\/td><td class=\"column-2\">Ausstellung der K\u00fcnstlergruppen Primavera und Farbkreis im Foyer des Stadtsaals in Burghausen<br \/><a href=\"http:\/\/www.erni-brendtner.de\/wp-content\/uploads\/2022\/11\/fbcb2c9b-aaa2-475f-be9d-75a834784515.jpg\"><img loading=\"lazy\" decoding=\"async\" src=\"http:\/\/www.erni-brendtner.de\/wp-content\/uploads\/2022\/11\/fbcb2c9b-aaa2-475f-be9d-75a834784515-150x150.jpg\" alt=\"\" width=\"150\" height=\"150\" class=\"alignnone size-thumbnail wp-image-5052\" srcset=\"https:\/\/www.erni-brendtner.de\/wp-content\/uploads\/2022\/11\/fbcb2c9b-aaa2-475f-be9d-75a834784515-150x150.jpg 150w, https:\/\/www.erni-brendtner.de\/wp-content\/uploads\/2022\/11\/fbcb2c9b-aaa2-475f-be9d-75a834784515-432x432.jpg 432w, https:\/\/www.erni-brendtner.de\/wp-content\/uploads\/2022\/11\/fbcb2c9b-aaa2-475f-be9d-75a834784515-268x268.jpg 268w\" sizes=\"auto, (max-width: 150px) 100vw, 150px\" \/><\/a><\/td><\/tr><tr class=\"row-2\"><td class=\"column-1\"><\/td><td class=\"column-2\"><\/td><\/tr><tr class=\"row-3\"><td class=\"column-1\"><\/td><td class=\"column-2\"><\/td><\/tr><tr class=\"row-4\"><td class=\"column-1\"><\/td><td class=\"column-2\"><\/td><\/tr><tr class=\"row-5\"><td class=\"column-1\"><a href=\"http:\/\/www.erni-brendtner.de\/wp-content\/uploads\/2022\/11\/F79D68E6-0597-4D13-9A65-74359FE46EE4.jpeg\"><img loading=\"lazy\" decoding=\"async\" src=\"http:\/\/www.erni-brendtner.de\/wp-content\/uploads\/2022\/11\/F79D68E6-0597-4D13-9A65-74359FE46EE4-150x150.jpeg\" alt=\"\" width=\"150\" height=\"150\" class=\"alignnone size-thumbnail wp-image-5062\" srcset=\"https:\/\/www.erni-brendtner.de\/wp-content\/uploads\/2022\/11\/F79D68E6-0597-4D13-9A65-74359FE46EE4-150x150.jpeg 150w, https:\/\/www.erni-brendtner.de\/wp-content\/uploads\/2022\/11\/F79D68E6-0597-4D13-9A65-74359FE46EE4-432x432.jpeg 432w, https:\/\/www.erni-brendtner.de\/wp-content\/uploads\/2022\/11\/F79D68E6-0597-4D13-9A65-74359FE46EE4-268x268.jpeg 268w\" sizes=\"auto, (max-width: 150px) 100vw, 150px\" \/><\/a><\/td><td class=\"column-2\"><br \/>Am Ewigkeitssonntag, 20.11.2022 (Totensonntag) wurde in der evangelischen Friedenskirche in Burghausen, ein Bild von mir mit Zeitungsartikeln \u00fcber den Krieg in der Ukraine, im Altarraum aufgeh\u00e4ngt.<\/td><\/tr><tr class=\"row-6\"><td class=\"column-1\"><\/td><td class=\"column-2\"><\/td><\/tr><tr class=\"row-7\"><td class=\"column-1\"><\/td><td class=\"column-2\"><\/td><\/tr><tr class=\"row-8\"><td class=\"column-1\"><\/td><td class=\"column-2\"><\/td><\/tr><tr class=\"row-9\"><td class=\"column-1\">21.10.2022 bis 30.10.2022<br \/><br \/>Vernissage am Donnerstag 20.Oktober 2022<br \/>um 19.00 Uhr<br \/><br \/><br \/><a href=\"http:\/\/www.erni-brendtner.de\/wp-content\/uploads\/2022\/10\/Einladung-Bruecken-bauen.pdf\">Einladung Br\u00fccken bauen<\/a><\/td><td class=\"column-2\">Jahresausstellung mit der K\u00fcnstlergilde Freilassing in der Stadtgalerie Freilassing<br \/><br \/>\"BR\u00dcCKEN BAUEN\"<br \/><a href=\"http:\/\/www.erni-brendtner.de\/wp-content\/uploads\/2022\/10\/CFA39D41-FF00-4B56-BD93-8F00B43546FD.jpeg\"><img loading=\"lazy\" decoding=\"async\" src=\"http:\/\/www.erni-brendtner.de\/wp-content\/uploads\/2022\/10\/CFA39D41-FF00-4B56-BD93-8F00B43546FD-150x150.jpeg\" alt=\"\" width=\"150\" height=\"150\" class=\"alignnone size-thumbnail wp-image-5034\" srcset=\"https:\/\/www.erni-brendtner.de\/wp-content\/uploads\/2022\/10\/CFA39D41-FF00-4B56-BD93-8F00B43546FD-150x150.jpeg 150w, https:\/\/www.erni-brendtner.de\/wp-content\/uploads\/2022\/10\/CFA39D41-FF00-4B56-BD93-8F00B43546FD-432x432.jpeg 432w, https:\/\/www.erni-brendtner.de\/wp-content\/uploads\/2022\/10\/CFA39D41-FF00-4B56-BD93-8F00B43546FD-268x268.jpeg 268w\" sizes=\"auto, (max-width: 150px) 100vw, 150px\" \/><\/a><\/td><\/tr><tr class=\"row-10\"><td class=\"column-1\"><\/td><td class=\"column-2\"><\/td><\/tr><tr class=\"row-11\"><td class=\"column-1\"><\/td><td class=\"column-2\"><\/td><\/tr><tr class=\"row-12\"><td class=\"column-1\"><\/td><td class=\"column-2\"><\/td><\/tr><tr class=\"row-13\"><td class=\"column-1\">13. Oktober bis 14. November 2022<br \/><br \/><a href=\"http:\/\/www.erni-brendtner.de\/wp-content\/uploads\/2022\/10\/3E871F04-F64B-40AA-B020-55151287EC3E.jpeg\"><img loading=\"lazy\" decoding=\"async\" src=\"http:\/\/www.erni-brendtner.de\/wp-content\/uploads\/2022\/10\/3E871F04-F64B-40AA-B020-55151287EC3E-150x150.jpeg\" alt=\"\" width=\"150\" height=\"150\" class=\"alignnone size-thumbnail wp-image-5021\" srcset=\"https:\/\/www.erni-brendtner.de\/wp-content\/uploads\/2022\/10\/3E871F04-F64B-40AA-B020-55151287EC3E-150x150.jpeg 150w, https:\/\/www.erni-brendtner.de\/wp-content\/uploads\/2022\/10\/3E871F04-F64B-40AA-B020-55151287EC3E-432x432.jpeg 432w, https:\/\/www.erni-brendtner.de\/wp-content\/uploads\/2022\/10\/3E871F04-F64B-40AA-B020-55151287EC3E-268x268.jpeg 268w\" sizes=\"auto, (max-width: 150px) 100vw, 150px\" \/><\/a><br \/>\u201eSternbild Stier\u201c<\/td><td class=\"column-2\">Jahresausstellung mit dem Kunstverein Alt\u00f6tting in der meine Volksbank Raiffeisenbank in Alt\u00f6tting<br \/><br \/>\u201eMit dem Alt\u00f6ttinger Kunstverein durchs Jahr\u201c<br \/><br \/>Vernissage am Donnerstag, 13.10.2022<br \/>um 19.00 Uhr<br \/><br \/><br \/><a href=\"http:\/\/www.erni-brendtner.de\/wp-content\/uploads\/2022\/10\/Einladung_Vernissage_Kunstverein.pdf\">Einladung_Vernissage_Kunstverein<\/va><\/td><\/tr><tr class=\"row-14\"><td class=\"column-1\"><\/td><td class=\"column-2\"><\/td><\/tr><tr class=\"row-15\"><td class=\"column-1\"><\/td><td class=\"column-2\"><\/td><\/tr><tr class=\"row-16\"><td class=\"column-1\"><\/td><td class=\"column-2\"><\/td><\/tr><tr class=\"row-17\"><td class=\"column-1\"> 12. September 2022 - <br \/>03. Oktober 2022 <br \/><br \/><a href=\"http:\/\/www.erni-brendtner.de\/wp-content\/uploads\/2022\/09\/IMG_7626.jpg\"><img loading=\"lazy\" decoding=\"async\" src=\"http:\/\/www.erni-brendtner.de\/wp-content\/uploads\/2022\/09\/IMG_7626-150x150.jpg\" alt=\"\" width=\"150\" height=\"150\" class=\"alignnone size-thumbnail wp-image-4990\" srcset=\"https:\/\/www.erni-brendtner.de\/wp-content\/uploads\/2022\/09\/IMG_7626-150x150.jpg 150w, https:\/\/www.erni-brendtner.de\/wp-content\/uploads\/2022\/09\/IMG_7626-432x432.jpg 432w, https:\/\/www.erni-brendtner.de\/wp-content\/uploads\/2022\/09\/IMG_7626-268x268.jpg 268w\" sizes=\"auto, (max-width: 150px) 100vw, 150px\" \/><\/a><\/td><td class=\"column-2\">2. KUNSTMEILE IN NEU\u00d6TTING<br \/>Die Mitglieder des Kunstvereins Alt\u00f6tting gestalteten auch heuer die vom Wirtschaftsverband Neu\u00f6tting initiierte Kunstmeile.<br \/><br \/>Ich war auch in diesem Jahr wieder mit 5 Bildern im Schaufenster von \"Coiffeur Helga\" vertreten.<br \/><br \/><a href=\"http:\/\/www.erni-brendtner.de\/wp-content\/uploads\/2022\/09\/Einladung-Vernissage-MalmeetingKunstmeile.pdf\">Einladung Vernissage Malmeeting&amp;Kunstmeile<\/a><\/td><\/tr><tr class=\"row-18\"><td class=\"column-1\"><\/td><td class=\"column-2\"><\/td><\/tr><tr class=\"row-19\"><td class=\"column-1\"><\/td><td class=\"column-2\"><\/td><\/tr><tr class=\"row-20\"><td class=\"column-1\"><\/td><td class=\"column-2\"><\/td><\/tr><tr class=\"row-21\"><td class=\"column-1\"><br \/><a href=\"http:\/\/www.erni-brendtner.de\/wp-content\/uploads\/2022\/05\/Einladung_Brendtner.pdf\">Einladung_Making Memories.Rathaus Burghausen<\/a><br \/><a href=\"http:\/\/www.erni-brendtner.de\/wp-content\/uploads\/2022\/06\/Rathaus.jpg\"><img loading=\"lazy\" decoding=\"async\" src=\"http:\/\/www.erni-brendtner.de\/wp-content\/uploads\/2022\/06\/Rathaus-150x150.jpg\" alt=\"\" width=\"150\" height=\"150\" class=\"alignnone size-thumbnail wp-image-4858\" srcset=\"https:\/\/www.erni-brendtner.de\/wp-content\/uploads\/2022\/06\/Rathaus-150x150.jpg 150w, https:\/\/www.erni-brendtner.de\/wp-content\/uploads\/2022\/06\/Rathaus-432x432.jpg 432w, https:\/\/www.erni-brendtner.de\/wp-content\/uploads\/2022\/06\/Rathaus-268x268.jpg 268w\" sizes=\"auto, (max-width: 150px) 100vw, 150px\" \/><\/a><br \/><br \/><a href=\"http:\/\/www.erni-brendtner.de\/wp-content\/uploads\/2022\/07\/87E17070-DD99-4169-898A-964B86332F59.jpeg\"><br \/><img loading=\"lazy\" decoding=\"async\" src=\"http:\/\/www.erni-brendtner.de\/wp-content\/uploads\/2022\/07\/87E17070-DD99-4169-898A-964B86332F59-150x150.jpeg\" alt=\"\" width=\"150\" height=\"150\" class=\"alignnone size-thumbnail wp-image-4863\" srcset=\"https:\/\/www.erni-brendtner.de\/wp-content\/uploads\/2022\/07\/87E17070-DD99-4169-898A-964B86332F59-150x150.jpeg 150w, https:\/\/www.erni-brendtner.de\/wp-content\/uploads\/2022\/07\/87E17070-DD99-4169-898A-964B86332F59-432x432.jpeg 432w, https:\/\/www.erni-brendtner.de\/wp-content\/uploads\/2022\/07\/87E17070-DD99-4169-898A-964B86332F59-268x268.jpeg 268w\" sizes=\"auto, (max-width: 150px) 100vw, 150px\" \/><\/a><br \/><br \/><\/td><td class=\"column-2\">Einzelausstellung \u201eMAKING MEMORIES\u201c <br \/>vom 01.07. - 26.07.2022 in der Rathausgalerie in Burghausen<br \/>Vernissage am Freitag 01.07.2022 um 18.00 Uhr<br \/><br \/>DIE AUSSTELLUNG WURDE VERL\u00c4NGERT BIS ZUM 23.AUGUST 2022<br \/><br \/><iframe loading=\"lazy\" width=\"300\" height=\"220\" src=\"https:\/\/www.youtube.com\/embed\/CzQRd9kRw2w\" title=\"YouTube video player?rel=0\" frameborder=\"0\" allow=\"accelerometer; autoplay; clipboard-write; encrypted-media; gyroscope; picture-in-picture\" allowfullscreen><\/iframe><br \/>Videobeitrag des RFO Rosenheim vom 17.7.2022<br \/><br \/><a href=\"http:\/\/www.erni-brendtner.de\/wp-content\/uploads\/2022\/09\/PNP.Feuilleton.jpg\" rel=\"noopener\" target=\"_blank\">Pressebericht: PNP Feuilleton<\/a><br \/><br \/><a href=\"http:\/\/www.erni-brendtner.de\/wp-content\/uploads\/2022\/09\/PNP.Vernissage.4.7.2022.jpg\">Pressebericht: PNP vom 04.07.2022<\/a><\/td><\/tr><tr class=\"row-22\"><td class=\"column-1\"><\/td><td class=\"column-2\"><\/td><\/tr><tr class=\"row-23\"><td class=\"column-1\"><\/td><td class=\"column-2\"><\/td><\/tr><tr class=\"row-24\"><td class=\"column-1\"><\/td><td class=\"column-2\"><\/td><\/tr><tr class=\"row-25\"><td class=\"column-1\">Vernissage am Freitag 03.06.2022<br \/>um 18.00 Uhr<br \/> <br \/><a href=\"http:\/\/www.erni-brendtner.de\/wp-content\/uploads\/2022\/06\/Facetten.Gilde_.jpg\"><img loading=\"lazy\" decoding=\"async\" src=\"http:\/\/www.erni-brendtner.de\/wp-content\/uploads\/2022\/06\/Facetten.Gilde_-150x150.jpg\" alt=\"\" width=\"150\" height=\"150\" class=\"alignnone size-thumbnail wp-image-4850\" srcset=\"https:\/\/www.erni-brendtner.de\/wp-content\/uploads\/2022\/06\/Facetten.Gilde_-150x150.jpg 150w, https:\/\/www.erni-brendtner.de\/wp-content\/uploads\/2022\/06\/Facetten.Gilde_-432x432.jpg 432w, https:\/\/www.erni-brendtner.de\/wp-content\/uploads\/2022\/06\/Facetten.Gilde_-268x268.jpg 268w\" sizes=\"auto, (max-width: 150px) 100vw, 150px\" \/><\/a><\/td><td class=\"column-2\"><br \/><br \/><br \/>Ausstellung mit der Freilassinger K\u00fcnstlergilde vom 03.06. - 28.06.2022 in der Rathausgalerie Burghausen<br \/>\"Facetten einer K\u00fcnstlergilde\"<br \/><br \/><br \/><a href=\"http:\/\/www.erni-brendtner.de\/wp-content\/uploads\/2022\/05\/Einladung-Gilde-2022-Rathaus-Bgh..pdf\">Einladung Gilde 2022 Rathaus Bgh.<\/a><\/td><\/tr><tr class=\"row-26\"><td class=\"column-1\"><\/td><td class=\"column-2\"><\/td><\/tr><tr class=\"row-27\"><td class=\"column-1\"><\/td><td class=\"column-2\"><\/td><\/tr><tr class=\"row-28\"><td class=\"column-1\"><\/td><td class=\"column-2\"><\/td><\/tr><tr class=\"row-29\"><td class=\"column-1\"><br \/><a ref=\"http:\/\/www.erni-brendtner.de\/wp-content\/uploads\/2022\/03\/IMG_4707.jpg\"><img loading=\"lazy\" decoding=\"async\" src=\"http:\/\/www.erni-brendtner.de\/wp-content\/uploads\/2022\/03\/IMG_4707-150x150.jpg\" alt=\"\" width=\"150\" height=\"150\" class=\"alignnone size-thumbnail wp-image-4836\" srcset=\"https:\/\/www.erni-brendtner.de\/wp-content\/uploads\/2022\/03\/IMG_4707-150x150.jpg 150w, https:\/\/www.erni-brendtner.de\/wp-content\/uploads\/2022\/03\/IMG_4707-432x432.jpg 432w, https:\/\/www.erni-brendtner.de\/wp-content\/uploads\/2022\/03\/IMG_4707-268x268.jpg 268w\" sizes=\"auto, (max-width: 150px) 100vw, 150px\" \/><\/a><\/td><td class=\"column-2\"><br \/><br \/>Aschermittwoch der K\u00fcnstler<br \/><br \/>Ich nahm mit f\u00fcnf Bildern am K\u00fcnstler-Gottesdienst am Aschermittwoch, dem 2. M\u00e4rz 2022 um 19.00 Uhr in der St. Josef Kirche in Alt\u00f6tting S\u00fcd teil.<br \/><br \/><br \/><\/td><\/tr><tr class=\"row-30\"><td class=\"column-1\"><\/td><td class=\"column-2\"><\/td><\/tr><tr class=\"row-31\"><td class=\"column-1\"><\/td><td class=\"column-2\"><\/td><\/tr><tr class=\"row-32\"><td class=\"column-1\"><\/td><td class=\"column-2\"><\/td><\/tr><tr class=\"row-33\"><td class=\"column-1\">Finissage der beiden K\u00fcnstlergruppen Primavera und Farbkreis am Freitag, 25.2.2022 um 18.00 Uhr in der Rathaus Galerie<br \/><br \/><br \/><br \/><a href=\"http:\/\/www.erni-brendtner.de\/wp-content\/uploads\/2022\/01\/E156F58C-8B7F-4BD9-9981-14570B47B711.jpeg\"><img loading=\"lazy\" decoding=\"async\" src=\"http:\/\/www.erni-brendtner.de\/wp-content\/uploads\/2022\/01\/E156F58C-8B7F-4BD9-9981-14570B47B711-150x150.jpeg\" alt=\"\" width=\"150\" height=\"150\" class=\"alignnone size-thumbnail wp-image-4703\" srcset=\"https:\/\/www.erni-brendtner.de\/wp-content\/uploads\/2022\/01\/E156F58C-8B7F-4BD9-9981-14570B47B711-150x150.jpeg 150w, https:\/\/www.erni-brendtner.de\/wp-content\/uploads\/2022\/01\/E156F58C-8B7F-4BD9-9981-14570B47B711-432x432.jpeg 432w, https:\/\/www.erni-brendtner.de\/wp-content\/uploads\/2022\/01\/E156F58C-8B7F-4BD9-9981-14570B47B711-268x268.jpeg 268w\" sizes=\"auto, (max-width: 150px) 100vw, 150px\" \/><\/a><br \/><br \/><br \/>Bildserie: \u201eeinzigARTige Pl\u00e4tze\u201c<\/td><td class=\"column-2\">Ausstellung \u201eLichtblicke\u201c mit der K\u00fcnstlergruppe Primavera vom 3. Januar bis 1. Februar 2022 in der Rathausgalerie Burghausen <br \/><br \/>\u201eJubil\u00e4um 25 Jahre Malgruppe Primavera\u201c<br \/><br \/><iframe loading=\"lazy\" width=\"300\" height=\"220\" src=\"https:\/\/www.youtube.com\/embed\/1t5FH5ukIyw\" title=\"YouTube video player?rel=0\" frameborder=\"0\" allow=\"accelerometer; autoplay; clipboard-write; encrypted-media; gyroscope; picture-in-picture\" allowfullscreen><\/iframe><br \/>Videobeitrag des RFO Rosenheim vom 05.01.2022<\/td><\/tr><\/tbody><\/table><\/div><\/div><\/div><div class=\"ea-card sp-ea-single\"><h3 class=\"ea-header\"><a class=\"collapsed\" id=\"ea-header-58014\" role=\"button\" data-sptoggle=\"spcollapse\" data-sptarget=\"#collapse58014\" aria-controls=\"collapse58014\" href=\"#\" aria-expanded=\"false\" tabindex=\"0\"><i aria-hidden=\"true\" role=\"presentation\" class=\"ea-expand-icon eap-icon-ea-expand-plus\"><\/i> 2021<\/a><\/h3><div class=\"sp-collapse spcollapse \" id=\"collapse58014\" data-parent=\"#sp-ea-5801\" role=\"region\" aria-labelledby=\"ea-header-58014\"> <div class=\"ea-body\"><table id=\"tablepress-14\" class=\"tablepress tablepress-id-14\"><tbody class=\"row-striping row-hover\"><tr class=\"row-1\"><td class=\"column-1\">Kunstmeile Trostberg<br \/>Mai 2021<br \/><br \/><a href=\"http:\/\/www.erni-brendtner.de\/wp-content\/uploads\/2021\/05\/Kunstmeile-Flyer.jpg\"><img loading=\"lazy\" decoding=\"async\" src=\"http:\/\/www.erni-brendtner.de\/wp-content\/uploads\/2021\/05\/Kunstmeile-Flyer-150x150.jpg\" alt=\"\" width=\"150\" height=\"150\" class=\"alignnone size-thumbnail wp-image-4540\" srcset=\"https:\/\/www.erni-brendtner.de\/wp-content\/uploads\/2021\/05\/Kunstmeile-Flyer-150x150.jpg 150w, https:\/\/www.erni-brendtner.de\/wp-content\/uploads\/2021\/05\/Kunstmeile-Flyer-432x432.jpg 432w, https:\/\/www.erni-brendtner.de\/wp-content\/uploads\/2021\/05\/Kunstmeile-Flyer-268x268.jpg 268w\" sizes=\"auto, (max-width: 150px) 100vw, 150px\" \/><\/a><\/td><td class=\"column-2\"><br \/><br \/><a href=\"http:\/\/www.erni-brendtner.de\/wp-content\/uploads\/2021\/05\/IMG_1641-rotated.jpg\"><img loading=\"lazy\" decoding=\"async\" src=\"http:\/\/www.erni-brendtner.de\/wp-content\/uploads\/2021\/05\/IMG_1641-150x150.jpg\" alt=\"\" width=\"150\" height=\"150\" class=\"alignnone size-thumbnail wp-image-4543\" srcset=\"https:\/\/www.erni-brendtner.de\/wp-content\/uploads\/2021\/05\/IMG_1641-150x150.jpg 150w, https:\/\/www.erni-brendtner.de\/wp-content\/uploads\/2021\/05\/IMG_1641-432x432.jpg 432w, https:\/\/www.erni-brendtner.de\/wp-content\/uploads\/2021\/05\/IMG_1641-268x268.jpg 268w\" sizes=\"auto, (max-width: 150px) 100vw, 150px\" \/><\/a><br \/>Meine 4 Bilder der Serie: \"Healing in foreign land\" waren in der St. Andreas Apotheke am Vormarkt ausgestellt und spiegeln das gegen\u00fcberliegende Rathaus.<br \/><\/td><\/tr><tr class=\"row-2\"><td class=\"column-1\"><\/td><td class=\"column-2\"><\/td><\/tr><tr class=\"row-3\"><td class=\"column-1\"><\/td><td class=\"column-2\"><\/td><\/tr><tr class=\"row-4\"><td class=\"column-1\"><\/td><td class=\"column-2\"><\/td><\/tr><tr class=\"row-5\"><td class=\"column-1\"><a href=\"http:\/\/www.erni-brendtner.de\/wp-content\/uploads\/2021\/11\/IMG_4228.jpg\"><img loading=\"lazy\" decoding=\"async\" src=\"http:\/\/www.erni-brendtner.de\/wp-content\/uploads\/2021\/11\/IMG_4228-150x150.jpg\" alt=\"\" width=\"150\" height=\"150\" class=\"alignnone size-thumbnail wp-image-4625\" srcset=\"https:\/\/www.erni-brendtner.de\/wp-content\/uploads\/2021\/11\/IMG_4228-150x150.jpg 150w, https:\/\/www.erni-brendtner.de\/wp-content\/uploads\/2021\/11\/IMG_4228-432x432.jpg 432w, https:\/\/www.erni-brendtner.de\/wp-content\/uploads\/2021\/11\/IMG_4228-268x268.jpg 268w\" sizes=\"auto, (max-width: 150px) 100vw, 150px\" \/><\/a><\/td><td class=\"column-2\">Jahresausstellung mit dem Kunstverein <br \/>Alt\u00f6tting in der meine Volksbank Raiffeisenbank in Alt\u00f6tting, Burghauser Stra\u00dfe 4a vom 18.11.2021 bis 14.01.2022 <br \/><br \/><\/td><\/tr><tr class=\"row-6\"><td class=\"column-1\"><\/td><td class=\"column-2\"><\/td><\/tr><tr class=\"row-7\"><td class=\"column-1\"><\/td><td class=\"column-2\"><\/td><\/tr><tr class=\"row-8\"><td class=\"column-1\"><\/td><td class=\"column-2\"><\/td><\/tr><tr class=\"row-9\"><td class=\"column-1\">Das ist mein pr\u00e4mierter Beitrag zum Adventskalender 2021 auf dem Kapellplatz in Alt\u00f6tting.<br \/>Das Bild hei\u00dft: \"INMITTEN DER NACHT\" <br \/>Die schwebenden Engel k\u00fcnden die Geburt Christi an. Die Gnadenkapelle steht symbolisch f\u00fcr den Stall von Bethlehem und die kosmische Gestaltung des Nachthimmels soll die Transzendenz zwischen Himmel und Erde verdeutlichen. <br \/>Die 4 Adventskerzen sind eine Arbeit meines Enkels, die ich als Collage in das Bild eingearbeitet habe.<\/td><td class=\"column-2\"><br \/>Adventskalender 2021 Alt\u00f6tting auf dem Kapellplatz<br \/><br \/><a href=\"http:\/\/www.erni-brendtner.de\/wp-content\/uploads\/2021\/11\/Adventskalender.-Inmitten-der-Nacht-80-x-100.png\"><img loading=\"lazy\" decoding=\"async\" src=\"http:\/\/www.erni-brendtner.de\/wp-content\/uploads\/2021\/11\/Adventskalender.-Inmitten-der-Nacht-80-x-100-150x150.png\" alt=\"\" width=\"150\" height=\"150\" class=\"alignnone size-thumbnail wp-image-4641\" srcset=\"https:\/\/www.erni-brendtner.de\/wp-content\/uploads\/2021\/11\/Adventskalender.-Inmitten-der-Nacht-80-x-100-150x150.png 150w, https:\/\/www.erni-brendtner.de\/wp-content\/uploads\/2021\/11\/Adventskalender.-Inmitten-der-Nacht-80-x-100-432x432.png 432w, https:\/\/www.erni-brendtner.de\/wp-content\/uploads\/2021\/11\/Adventskalender.-Inmitten-der-Nacht-80-x-100-268x268.png 268w\" sizes=\"auto, (max-width: 150px) 100vw, 150px\" \/><\/a><\/td><\/tr><tr class=\"row-10\"><td class=\"column-1\"><\/td><td class=\"column-2\"><\/td><\/tr><tr class=\"row-11\"><td class=\"column-1\"><\/td><td class=\"column-2\"><\/td><\/tr><tr class=\"row-12\"><td class=\"column-1\"><\/td><td class=\"column-2\"><\/td><\/tr><tr class=\"row-13\"><td class=\"column-1\"><a href=\"http:\/\/www.erni-brendtner.de\/wp-content\/uploads\/2021\/11\/Mysterium.jpg\"><img loading=\"lazy\" decoding=\"async\" src=\"http:\/\/www.erni-brendtner.de\/wp-content\/uploads\/2021\/11\/Mysterium-150x150.jpg\" alt=\"\" width=\"150\" height=\"150\" class=\"alignnone size-thumbnail wp-image-4636\" srcset=\"https:\/\/www.erni-brendtner.de\/wp-content\/uploads\/2021\/11\/Mysterium-150x150.jpg 150w, https:\/\/www.erni-brendtner.de\/wp-content\/uploads\/2021\/11\/Mysterium-432x432.jpg 432w, https:\/\/www.erni-brendtner.de\/wp-content\/uploads\/2021\/11\/Mysterium-268x268.jpg 268w\" sizes=\"auto, (max-width: 150px) 100vw, 150px\" \/><\/a><br \/>\"Mysterium\" <\/td><td class=\"column-2\">Malmeeting-Ausstellung <br \/>\"Alt\u00f6tting-Impressionen\" im Rathaus Alt\u00f6tting vom 12.11.2021 bis 14.01.2022 <br \/><br \/><\/td><\/tr><tr class=\"row-14\"><td class=\"column-1\"><\/td><td class=\"column-2\"><\/td><\/tr><tr class=\"row-15\"><td class=\"column-1\"><\/td><td class=\"column-2\"><\/td><\/tr><tr class=\"row-16\"><td class=\"column-1\"><\/td><td class=\"column-2\"><\/td><\/tr><tr class=\"row-17\"><td class=\"column-1\"><a href=\"http:\/\/www.erni-brendtner.de\/wp-content\/uploads\/2021\/11\/Zaubergarten-.2021.jpg\"><img loading=\"lazy\" decoding=\"async\" src=\"http:\/\/www.erni-brendtner.de\/wp-content\/uploads\/2021\/11\/Zaubergarten-.2021-150x150.jpg\" alt=\"\" width=\"150\" height=\"150\" class=\"alignnone size-thumbnail wp-image-4637\" srcset=\"https:\/\/www.erni-brendtner.de\/wp-content\/uploads\/2021\/11\/Zaubergarten-.2021-150x150.jpg 150w, https:\/\/www.erni-brendtner.de\/wp-content\/uploads\/2021\/11\/Zaubergarten-.2021-432x432.jpg 432w, https:\/\/www.erni-brendtner.de\/wp-content\/uploads\/2021\/11\/Zaubergarten-.2021-268x268.jpg 268w\" sizes=\"auto, (max-width: 150px) 100vw, 150px\" \/><\/a><\/td><td class=\"column-2\">Gemeinschaftsausstellung mit der K\u00fcnstlergilde Freilassing \"ZAUBERGARTEN\" vom 22.10.2021 - 01.11.2021 im Stadtmuseum Freilassing <br \/><br \/><a href=\"https:\/\/www.kuenstlergilde-freilassing.de\/r%C3%BCckblick\/zaubergarten\/\" rel=\"noopener\" target=\"_blank\">Pressetext: Freilassinger Anzeiger vom 21.10.2021<\/a><br \/><br \/><a href=\"https:\/\/www.kuenstlergilde-freilassing.de\/r%C3%BCckblick\/zaubergarten\/\" rel=\"noopener noreferrer\" target=\"_blank\">Link: K\u00fcnstlergilde Freilassing \/ Fotogalerie \/ Online Galerie<\/a><\/td><\/tr><tr class=\"row-18\"><td class=\"column-1\"><\/td><td class=\"column-2\"><\/td><\/tr><tr class=\"row-19\"><td class=\"column-1\"><\/td><td class=\"column-2\"><\/td><\/tr><tr class=\"row-20\"><td class=\"column-1\"><\/td><td class=\"column-2\"><\/td><\/tr><tr class=\"row-21\"><td class=\"column-1\">Im ganzen Monat August 2021<br \/><br \/><a href=\"http:\/\/www.erni-brendtner.de\/wp-content\/uploads\/2021\/08\/2021.August.KV_.AOe_.jpg\"><img loading=\"lazy\" decoding=\"async\" src=\"http:\/\/www.erni-brendtner.de\/wp-content\/uploads\/2021\/08\/2021.August.KV_.AOe_-150x150.jpg\" alt=\"\" width=\"150\" height=\"150\" class=\"alignnone size-thumbnail wp-image-4555\" srcset=\"https:\/\/www.erni-brendtner.de\/wp-content\/uploads\/2021\/08\/2021.August.KV_.AOe_-150x150.jpg 150w, https:\/\/www.erni-brendtner.de\/wp-content\/uploads\/2021\/08\/2021.August.KV_.AOe_-432x432.jpg 432w, https:\/\/www.erni-brendtner.de\/wp-content\/uploads\/2021\/08\/2021.August.KV_.AOe_-268x268.jpg 268w\" sizes=\"auto, (max-width: 150px) 100vw, 150px\" \/><\/a><\/td><td class=\"column-2\">Pr\u00e4sentation eines meiner Bilder im Schaukasten des Kunstvereins Alt\u00f6tting <br \/>in der Scharnagel-Passage in Alt\u00f6tting<br \/>Pressetext PNP A\u00d6 vom 4.8.2021<br \/><a href=\"http:\/\/www.erni-brendtner.de\/wp-content\/uploads\/2021\/08\/Screenshot-2021-08-19-at-17-12-10-Katastrophe-auf-den-zweiten-Blick.png\"><img loading=\"lazy\" decoding=\"async\" src=\"http:\/\/www.erni-brendtner.de\/wp-content\/uploads\/2021\/08\/Screenshot-2021-08-19-at-17-12-10-Katastrophe-auf-den-zweiten-Blick-150x150.png\" alt=\"Pressetext PNP A\u00d6 vom 4.08.2021\" width=\"150\" height=\"150\" class=\"alignnone size-thumbnail wp-image-4554\" srcset=\"https:\/\/www.erni-brendtner.de\/wp-content\/uploads\/2021\/08\/Screenshot-2021-08-19-at-17-12-10-Katastrophe-auf-den-zweiten-Blick-150x150.png 150w, https:\/\/www.erni-brendtner.de\/wp-content\/uploads\/2021\/08\/Screenshot-2021-08-19-at-17-12-10-Katastrophe-auf-den-zweiten-Blick-432x432.png 432w, https:\/\/www.erni-brendtner.de\/wp-content\/uploads\/2021\/08\/Screenshot-2021-08-19-at-17-12-10-Katastrophe-auf-den-zweiten-Blick-268x268.png 268w\" sizes=\"auto, (max-width: 150px) 100vw, 150px\" \/><\/a><\/td><\/tr><tr class=\"row-22\"><td class=\"column-1\"><\/td><td class=\"column-2\"><\/td><\/tr><tr class=\"row-23\"><td class=\"column-1\"><\/td><td class=\"column-2\"><\/td><\/tr><tr class=\"row-24\"><td class=\"column-1\"><\/td><td class=\"column-2\"><\/td><\/tr><tr class=\"row-25\"><td class=\"column-1\"><a href=\"http:\/\/www.erni-brendtner.de\/wp-content\/uploads\/2021\/03\/07188D9B-82C3-450D-9799-237906F023F0.jpeg\"><img loading=\"lazy\" decoding=\"async\" src=\"http:\/\/www.erni-brendtner.de\/wp-content\/uploads\/2021\/03\/07188D9B-82C3-450D-9799-237906F023F0-150x150.jpeg\" alt=\"\" width=\"150\" height=\"150\" class=\"alignnone size-thumbnail wp-image-4480\" srcset=\"https:\/\/www.erni-brendtner.de\/wp-content\/uploads\/2021\/03\/07188D9B-82C3-450D-9799-237906F023F0-150x150.jpeg 150w, https:\/\/www.erni-brendtner.de\/wp-content\/uploads\/2021\/03\/07188D9B-82C3-450D-9799-237906F023F0-432x432.jpeg 432w, https:\/\/www.erni-brendtner.de\/wp-content\/uploads\/2021\/03\/07188D9B-82C3-450D-9799-237906F023F0-268x268.jpeg 268w\" sizes=\"auto, (max-width: 150px) 100vw, 150px\" \/><\/a><\/td><td class=\"column-2\">KUNST FINDET INNEN STA(D)TT <br \/><br \/>Die Neu\u00f6ttinger Gesch\u00e4fte am Stadtplatz wurden Corona-konform<br \/>zur Kunstmeile vom 10.03.2021 bis 30.04.2021<br \/><br \/>Ich war mit 7 Bildern im Schaufenster und im Innenraum des Friseurgesch\u00e4ftes \"Coiffeur HELGA\" vertreten.<\/td><\/tr><tr class=\"row-26\"><td class=\"column-1\"><\/td><td class=\"column-2\"><\/td><\/tr><tr class=\"row-27\"><td class=\"column-1\"><\/td><td class=\"column-2\"><\/td><\/tr><tr class=\"row-28\"><td class=\"column-1\"><\/td><td class=\"column-2\"><\/td><\/tr><tr class=\"row-29\"><td class=\"column-1\"><a href=\"http:\/\/www.erni-brendtner.de\/wp-content\/uploads\/2021\/02\/Haengung-HP.jpg\"><img loading=\"lazy\" decoding=\"async\" src=\"http:\/\/www.erni-brendtner.de\/wp-content\/uploads\/2021\/02\/Haengung-HP-150x150.jpg\" alt=\"\" width=\"150\" height=\"150\" class=\"alignnone size-thumbnail wp-image-4424\" srcset=\"https:\/\/www.erni-brendtner.de\/wp-content\/uploads\/2021\/02\/Haengung-HP-150x150.jpg 150w, https:\/\/www.erni-brendtner.de\/wp-content\/uploads\/2021\/02\/Haengung-HP-432x432.jpg 432w, https:\/\/www.erni-brendtner.de\/wp-content\/uploads\/2021\/02\/Haengung-HP-268x268.jpg 268w\" sizes=\"auto, (max-width: 150px) 100vw, 150px\" \/><\/a><\/td><td class=\"column-2\">\"KUNST LIVE IM DUETT\"<br \/>Ausstellung gemeinsam mit Gitta Bless vom 07. Oktober 2020 bis 25. Januar 2021 in der \"meine Volksbank Raiffeisenbank Alt\u00f6tting\"<br \/>Das Regional Fernsehen Oberbayern, Rosenheim erstellte einen Filmbeitrag \u00fcber die Ausstellung. Er wurde am 26.10.2020 gesendet<br \/>und kann in der RFO Mediathek (s. Link) abgerufen werden.<br \/><br \/><br \/><a href=\"http:\/\/www.erni-brendtner.de\/wp-content\/uploads\/2020\/11\/PNP.Kunst-im-Duett.2020.jpg\" rel=\"noopener noreferrer\" target=\"_blank\">Pressebericht: PNP Alt\u00f6tting vom 07.11.2020<\/a><br \/><\/td><\/tr><tr class=\"row-30\"><td class=\"column-1\"><\/td><td class=\"column-2\"><\/td><\/tr><tr class=\"row-31\"><td class=\"column-1\"><\/td><td class=\"column-2\"><\/td><\/tr><tr class=\"row-32\"><td class=\"column-1\"><\/td><td class=\"column-2\"><\/td><\/tr><tr class=\"row-33\"><td class=\"column-1\"><a href=\"http:\/\/www.erni-brendtner.de\/wp-content\/uploads\/2020\/11\/Einladung-Verlaengerung-2.jpg\"><img loading=\"lazy\" decoding=\"async\" src=\"http:\/\/www.erni-brendtner.de\/wp-content\/uploads\/2020\/11\/Einladung-Verlaengerung-2-150x150.jpg\" alt=\"\" width=\"150\" height=\"150\" class=\"alignnone size-thumbnail wp-image-4040\" srcset=\"https:\/\/www.erni-brendtner.de\/wp-content\/uploads\/2020\/11\/Einladung-Verlaengerung-2-150x150.jpg 150w, https:\/\/www.erni-brendtner.de\/wp-content\/uploads\/2020\/11\/Einladung-Verlaengerung-2-432x432.jpg 432w, https:\/\/www.erni-brendtner.de\/wp-content\/uploads\/2020\/11\/Einladung-Verlaengerung-2-268x268.jpg 268w\" sizes=\"auto, (max-width: 150px) 100vw, 150px\" \/><\/a><\/td><td class=\"column-2\">\"KUNST LIVE IM DUETT\"<br \/>07.Oktober 2020 bis 25. Januar 2021<br \/>Die gemeinsame Ausstellung mit Gitta Bless \u201eKUNST LIVE IM DUETT\u201c in den R\u00e4umen der meine Volksbank Raiffeisenbank Alt\u00f6tting fand zwar statt, aber aufgrund der Corona-Krise gab es keine Vernissage und K\u00fcnstlerf\u00fchrungen.<br \/><br \/>Deshalb ging ich neue Wege und habe eine Online-Ausstellung eingerichtet. Ich lade Sie herzlich zu einem virtuellen Spaziergang durch die Bilder der Ausstellung ein und freue mich \u00fcber viele Besucher und Eintr\u00e4ge ins G\u00e4stebuch.<br \/><br \/>Herr P\u00f6llmann vom Lokalfernsehen - M\u00fchldorf TV interviewte uns zu dieser Ausstellung am 21.10.2020 in der Bank.<br \/>Link: <a href=\"https:\/\/www.facebook.com\/MuehldorfTV\/videos\/kunst-live-im-duett-gitta-bless-und-erni-brendtner\/363431464925680\" rel=\"noopener noreferrer\" target=\"_blank\">Videobeitrag M\u00fchldorf-TV vom 23.10.2020<\/a><\/td><\/tr><\/tbody><\/table><\/div><\/div><\/div><div class=\"ea-card sp-ea-single\"><h3 class=\"ea-header\"><a class=\"collapsed\" id=\"ea-header-58015\" role=\"button\" data-sptoggle=\"spcollapse\" data-sptarget=\"#collapse58015\" aria-controls=\"collapse58015\" href=\"#\" aria-expanded=\"false\" tabindex=\"0\"><i aria-hidden=\"true\" role=\"presentation\" class=\"ea-expand-icon eap-icon-ea-expand-plus\"><\/i> 2020<\/a><\/h3><div class=\"sp-collapse spcollapse \" id=\"collapse58015\" data-parent=\"#sp-ea-5801\" role=\"region\" aria-labelledby=\"ea-header-58015\"> <div class=\"ea-body\"><table id=\"tablepress-15\" class=\"tablepress tablepress-id-15\"><tbody class=\"row-striping row-hover\"><tr class=\"row-1\"><td class=\"column-1\"><iframe loading=\"lazy\" width=\"560\" height=\"315\" top=\"10\" src=\"https:\/\/www.youtube.com\/embed\/KAppO3LTP44?si=OaiPS2XYa7H16bIM\" title=\"YouTube video player\" frameborder=\"0\" allow=\"accelerometer; autoplay; clipboard-write; encrypted-media; gyroscope; picture-in-picture; web-share\" referrerpolicy=\"strict-origin-when-cross-origin\" allowfullscreen><\/iframe><br \/><br \/>\"Von der Musik zur Malerei\"<br \/><br \/>Portrait erstellt von \"bernds music team\" aus Burghausen <br \/>anl\u00e4sslich der Video-Sch\u00fclerb\u00fchne am 18.10.2020<\/td><td class=\"column-2\"><\/td><\/tr><tr class=\"row-2\"><td class=\"column-1\"><\/td><td class=\"column-2\"><\/td><\/tr><tr class=\"row-3\"><td class=\"column-1\"><\/td><td class=\"column-2\"><\/td><\/tr><tr class=\"row-4\"><td class=\"column-1\"><\/td><td class=\"column-2\"><\/td><\/tr><tr class=\"row-5\"><td class=\"column-1\"><a href=\"http:\/\/www.erni-brendtner.de\/wp-content\/uploads\/2020\/08\/402E55DC-6474-4991-B291-8769AAE6B60E.jpeg\"><img loading=\"lazy\" decoding=\"async\" src=\"http:\/\/www.erni-brendtner.de\/wp-content\/uploads\/2020\/08\/402E55DC-6474-4991-B291-8769AAE6B60E-150x150.jpeg\" alt=\"\" width=\"150\" height=\"150\" class=\"alignnone size-thumbnail wp-image-3002\" srcset=\"https:\/\/www.erni-brendtner.de\/wp-content\/uploads\/2020\/08\/402E55DC-6474-4991-B291-8769AAE6B60E-150x150.jpeg 150w, https:\/\/www.erni-brendtner.de\/wp-content\/uploads\/2020\/08\/402E55DC-6474-4991-B291-8769AAE6B60E-432x432.jpeg 432w, https:\/\/www.erni-brendtner.de\/wp-content\/uploads\/2020\/08\/402E55DC-6474-4991-B291-8769AAE6B60E-268x268.jpeg 268w\" sizes=\"auto, (max-width: 150px) 100vw, 150px\" \/><\/a><\/td><td class=\"column-2\">Ausstellung eines meiner Werke im Schaukasten des St\u00e4dtischen Kulturamts Burghausen <br \/>Juni bis Mitte September 2020 <br \/><br \/>Bildtitel: Burghausen zwischen Tradition und Moderne<br \/><br \/><\/td><\/tr><tr class=\"row-6\"><td class=\"column-1\"><\/td><td class=\"column-2\"><\/td><\/tr><tr class=\"row-7\"><td class=\"column-1\"><\/td><td class=\"column-2\"><\/td><\/tr><tr class=\"row-8\"><td class=\"column-1\"><\/td><td class=\"column-2\"><\/td><\/tr><tr class=\"row-9\"><td class=\"column-1\">Katalog \u00fcber meine Malerei:<br \/><br \/><a href=\"http:\/\/www.erni-brendtner.de\/wp-content\/uploads\/2021\/02\/Katalog.HP_..jpg\"><img loading=\"lazy\" decoding=\"async\" src=\"http:\/\/www.erni-brendtner.de\/wp-content\/uploads\/2021\/02\/Katalog.HP_.-150x150.jpg\" alt=\"\" width=\"150\" height=\"150\" class=\"alignnone size-thumbnail wp-image-4376\" srcset=\"https:\/\/www.erni-brendtner.de\/wp-content\/uploads\/2021\/02\/Katalog.HP_.-150x150.jpg 150w, https:\/\/www.erni-brendtner.de\/wp-content\/uploads\/2021\/02\/Katalog.HP_.-432x432.jpg 432w, https:\/\/www.erni-brendtner.de\/wp-content\/uploads\/2021\/02\/Katalog.HP_.-268x268.jpg 268w\" sizes=\"auto, (max-width: 150px) 100vw, 150px\" \/><\/a><\/td><td class=\"column-2\">Die Coronazeit habe ich genutzt, um einen Katalog mit vielen meiner Werke anzufertigen und drucken zu lassen.<br \/><br \/>Der Katalog, 109 Seiten farbig, 27 x 21 cm, Softcover, 2020, kann f\u00fcr 15.00 \u20ac \u00fcber die Kontakt-email Adresse angefordert werden!<br \/><br \/><\/td><\/tr><tr class=\"row-10\"><td class=\"column-1\"><\/td><td class=\"column-2\"><\/td><\/tr><tr class=\"row-11\"><td class=\"column-1\"><\/td><td class=\"column-2\"><\/td><\/tr><tr class=\"row-12\"><td class=\"column-1\"><\/td><td class=\"column-2\"><\/td><\/tr><tr class=\"row-13\"><td class=\"column-1\">Einzelausstellung in der Rathausgalerie in Burghausen<br \/><br \/><br \/>\"MAKING MEMORIES\" vom 09. April bis 04. Mai 2021<br \/><br \/><br \/>Leider kann die Ausstellung aufgrund der aktuell versch\u00e4rften Coronasituation auch im April 2021 noch nicht stattfinden. Sie wird deshalb auf einen noch unbekannten sp\u00e4teren Zeitpunkt verlegt! <br \/><br \/>ICH STARTE 2022 EINEN 3. VERSUCH UND HOFFE, DASS MEINE AUSSTELLUNG AN DIESEM TERMIN ENDLICH STATTFINDEN KANN! <br \/>FREITAG 01.07.2022 - DIENSTAG 26.07.2022<\/td><td class=\"column-2\"><a href=\"http:\/\/www.erni-brendtner.de\/wp-content\/uploads\/2020\/09\/Einladung_Brendtner.Rathaus.Bgh_..pdf\">Einladung_Brendtner.Rathaus.Bgh.<\/a><br \/>Die Ausstellung war erstmals f\u00fcr April 2020 geplant - sie musste aber wegen des Corona Lockdowns abgesagt werden und wurde auf April 2021 verschoben!<br \/><iframe loading=\"lazy\" width=\"300\" height=\"220\" src=\"https:\/\/www.youtube.com\/embed\/rVi2yXHRQKE?rel=0\" frameborder=\"0\" allow=\"accelerometer; autoplay; clipboard-write; encrypted-media; gyroscope; picture-in-picture\" allowfullscreen><\/iframe><br \/>Vernissage einmal ganz anders!<br \/><\/td><\/tr><\/tbody><\/table><\/div><\/div><\/div><\/div><\/div>\n\n\n\n\t\t\t\t\t\t<style>\r\n\t\t\t\t<style>\r\n#wpsm_accordion_5569 .wpsm_panel-heading{\r\n\tpadding:0px !important;\r\n}\r\n#wpsm_accordion_5569 .wpsm_panel-title {\r\n\tmargin:0px !important; \r\n\ttext-transform:none !important;\r\n\tline-height: 1 !important;\r\n}\r\n#wpsm_accordion_5569 .wpsm_panel-title a{\r\n\ttext-decoration:none;\r\n\toverflow:hidden;\r\n\tdisplay:block;\r\n\tpadding:0px;\r\n\tfont-size: 18px !important;\r\n\tfont-family: Open Sans !important;\r\n\tcolor:#000000 !important;\r\n\tborder-bottom:0px !important;\r\n}\r\n\r\n#wpsm_accordion_5569 .wpsm_panel-title a:focus {\r\noutline: 0px !important;\r\n}\r\n\r\n#wpsm_accordion_5569 .wpsm_panel-title a:hover, #wpsm_accordion_5569 .wpsm_panel-title a:focus {\r\n\tcolor:#000000 !important;\r\n}\r\n#wpsm_accordion_5569 .acc-a{\r\n\tcolor: #000000 !important;\r\n\tbackground-color:#e8e8e8 !important;\r\n\tborder-color: #ddd;\r\n}\r\n#wpsm_accordion_5569 .wpsm_panel-default > .wpsm_panel-heading{\r\n\tcolor: #000000 !important;\r\n\tbackground-color: #e8e8e8 !important;\r\n\tborder-color: #e8e8e8 !important;\r\n\tborder-top-left-radius: 0px;\r\n\tborder-top-right-radius: 0px;\r\n}\r\n#wpsm_accordion_5569 .wpsm_panel-default {\r\n\t\tborder:1px solid transparent !important;\r\n\t}\r\n#wpsm_accordion_5569 {\r\n\tmargin-bottom: 20px;\r\n\toverflow: hidden;\r\n\tfloat: none;\r\n\twidth: 100%;\r\n\tdisplay: block;\r\n}\r\n#wpsm_accordion_5569 .ac_title_class{\r\n\tdisplay: block;\r\n\tpadding-top: 12px;\r\n\tpadding-bottom: 12px;\r\n\tpadding-left: 15px;\r\n\tpadding-right: 15px;\r\n}\r\n#wpsm_accordion_5569  .wpsm_panel {\r\n\toverflow:hidden;\r\n\t-webkit-box-shadow: 0 0px 0px rgba(0, 0, 0, .05);\r\n\tbox-shadow: 0 0px 0px rgba(0, 0, 0, .05);\r\n\t\tborder-radius: 4px;\r\n\t}\r\n#wpsm_accordion_5569  .wpsm_panel + .wpsm_panel {\r\n\t\tmargin-top: 5px;\r\n\t}\r\n#wpsm_accordion_5569  .wpsm_panel-body{\r\n\tbackground-color:#ffffff !important;\r\n\tcolor:#000000 !important;\r\n\tborder-top-color: #e8e8e8 !important;\r\n\tfont-size:16px !important;\r\n\tfont-family: Open Sans !important;\r\n\toverflow: hidden;\r\n\t\tborder: 2px solid #e8e8e8 !important;\r\n\t}\r\n\r\n#wpsm_accordion_5569 .ac_open_cl_icon{\r\n\tbackground-color:#e8e8e8 !important;\r\n\tcolor: #000000 !important;\r\n\tfloat:right !important;\r\n\tpadding-top: 12px !important;\r\n\tpadding-bottom: 12px !important;\r\n\tline-height: 1.0 !important;\r\n\tpadding-left: 15px !important;\r\n\tpadding-right: 15px !important;\r\n\tdisplay: inline-block !important;\r\n}\r\n\r\n\t\t\t\r\n\t\t\t.tab-pane.active iframe, .wpsm_panel-body iframe{\r\n\r\nwidth:100% !important;\r\n\r\nmax-width:100% !important;\r\n\r\n}<\/style>\t\r\n\t\t\t<\/style>\r\n\t\t\t<div class=\"wpsm_panel-group\" id=\"wpsm_accordion_5569\" >\r\n\t\t\t\t\t\t\t\t\r\n\t\t\t\t\t<!-- Inner panel Start -->\r\n\t\t\t\t\t<div class=\"wpsm_panel wpsm_panel-default\">\r\n\t\t\t\t\t\t<div class=\"wpsm_panel-heading\" role=\"tab\" >\r\n\t\t\t\t\t\t  <h4 class=\"wpsm_panel-title\">\r\n\t\t\t\t\t\t\t<a  class=\"\"  data-toggle=\"collapse\" data-parent=\"#wpsm_accordion_5569 \" href=\"javascript:void(0)\" data-target=\"#ac_5569_collapse1\" onclick=\"do_resize()\">\r\n\t\t\t\t\t\t\t\t\t\t\t\t\t\t\t\t\t<span class=\"ac_open_cl_icon fa fa-minus\"><\/span>\r\n\t\t\t\t\t\t\t\t\t\r\n\t\t\t\t\t\t\t\t \r\n\t\t\t\t\t\t\t\t<span class=\"ac_title_class\">\r\n\t\t\t\t\t\t\t\t\t\t\t\t\t\t\t\t\t\t\t\t<span style=\"margin-right:6px;\" class=\"fa fa-angle-down\"><\/span>\r\n\t\t\t\t\t\t\t\t\t2019\t\t\t\t\t\t\t\t<\/span>\r\n\t\t\t\t\t\t\t<\/a>\r\n\t\t\t\t\t\t  <\/h4>\r\n\t\t\t\t\t\t<\/div>\r\n\t\t\t\t\t\t<div id=\"ac_5569_collapse1\" class=\"wpsm_panel-collapse collapse in\"  >\r\n\t\t\t\t\t\t  <div class=\"wpsm_panel-body\">\r\n\t\t\t\t\t\t\t\n<table id=\"tablepress-16\" class=\"tablepress tablepress-id-16\">\n<tbody class=\"row-striping row-hover\">\n<tr class=\"row-1\">\n\t<td class=\"column-1\"><a href=\"http:\/\/www.erni-brendtner.de\/wp-content\/uploads\/2019\/12\/Bad-Reichenhall.skaliert.jpg\"><img loading=\"lazy\" decoding=\"async\" src=\"http:\/\/www.erni-brendtner.de\/wp-content\/uploads\/2019\/12\/Bad-Reichenhall.skaliert-150x150.jpg\" alt=\"\" width=\"150\" height=\"150\" class=\"alignnone size-thumbnail wp-image-2646\" srcset=\"https:\/\/www.erni-brendtner.de\/wp-content\/uploads\/2019\/12\/Bad-Reichenhall.skaliert-150x150.jpg 150w, https:\/\/www.erni-brendtner.de\/wp-content\/uploads\/2019\/12\/Bad-Reichenhall.skaliert-432x432.jpg 432w, https:\/\/www.erni-brendtner.de\/wp-content\/uploads\/2019\/12\/Bad-Reichenhall.skaliert-268x268.jpg 268w\" sizes=\"auto, (max-width: 150px) 100vw, 150px\" \/><\/a><\/td><td class=\"column-2\">An der 1. Jahresausstellung der Kunstakademie Bad Reichenhall im Dezember 2019 durfte ich mit \u00fcber 350 Kunstschaffenden teilnehmen. Die Ausstellung war ein F\u00fcllhorn an k\u00fcnstlerischen Arbeiten, wie der Akademiedirektor Stefan Wimmer erfreut betonte.<br \/>\n<br \/>\n<a href=\"https:\/\/kunstakademiereichenhallblog.wordpress.com\/2020\/01\/25\/neu-auf-unserem-youtube-kanal-ein-blick-in-die-jahresausstellung\/\" rel=\"noopener noreferrer\" target=\"_blank\">Link: Kunstakademie Bad Reichenhall Jahresausstellung <\/a><br \/>\n<\/td>\n<\/tr>\n<tr class=\"row-2\">\n\t<td class=\"column-1\"><\/td><td class=\"column-2\"><\/td>\n<\/tr>\n<tr class=\"row-3\">\n\t<td class=\"column-1\"><\/td><td class=\"column-2\"><\/td>\n<\/tr>\n<tr class=\"row-4\">\n\t<td class=\"column-1\"><\/td><td class=\"column-2\"><\/td>\n<\/tr>\n<tr class=\"row-5\">\n\t<td class=\"column-1\"><a href=\"http:\/\/www.erni-brendtner.de\/wp-content\/uploads\/2019\/10\/IMG_6901.jpg\"><img loading=\"lazy\" decoding=\"async\" src=\"http:\/\/www.erni-brendtner.de\/wp-content\/uploads\/2019\/10\/IMG_6901-150x150.jpg\" alt=\"\" width=\"150\" height=\"150\" class=\"alignnone size-thumbnail wp-image-2587\" srcset=\"https:\/\/www.erni-brendtner.de\/wp-content\/uploads\/2019\/10\/IMG_6901-150x150.jpg 150w, https:\/\/www.erni-brendtner.de\/wp-content\/uploads\/2019\/10\/IMG_6901-432x432.jpg 432w, https:\/\/www.erni-brendtner.de\/wp-content\/uploads\/2019\/10\/IMG_6901-268x268.jpg 268w\" sizes=\"auto, (max-width: 150px) 100vw, 150px\" \/><\/a><\/td><td class=\"column-2\">Herzaktion des Alt\u00f6ttinger Wirtschaftsverbandes<br \/>\nAlt\u00f6ttinger Gesch\u00e4fte der Alt\u00f6tting City-Card werben mit \"Herz\"<br \/>\n<br \/>\nIm August 2019  bemalte ich gemeinsam mit der K\u00fcnstlerin Katalin Harrer das rote Kunststoff - Werbeherz der Confiserie Dengel, das vor dem Gesch\u00e4ft am Kapellplatz in Alt\u00f6tting aufgestellt wurde. <br \/>\n<br \/>\n <a href=\"https:\/\/de-de.facebook.com\/ConfiserieDengelAltoetting\/videos\/573214960092051\/\" rel=\"noopener noreferrer\" target=\"_blank\">Confiserie Dengel Alt\u00f6tting<\/a><\/td>\n<\/tr>\n<tr class=\"row-6\">\n\t<td class=\"column-1\"><\/td><td class=\"column-2\"><\/td>\n<\/tr>\n<tr class=\"row-7\">\n\t<td class=\"column-1\"><\/td><td class=\"column-2\"><\/td>\n<\/tr>\n<tr class=\"row-8\">\n\t<td class=\"column-1\"><\/td><td class=\"column-2\"><\/td>\n<\/tr>\n<tr class=\"row-9\">\n\t<td class=\"column-1\"><a href=\"http:\/\/www.erni-brendtner.de\/wp-content\/uploads\/2020\/09\/4B2EC1CB-7132-4AC2-A302-F2801ED03BCE.jpeg\"><img loading=\"lazy\" decoding=\"async\" src=\"http:\/\/www.erni-brendtner.de\/wp-content\/uploads\/2020\/09\/4B2EC1CB-7132-4AC2-A302-F2801ED03BCE-150x150.jpeg\" alt=\"\" width=\"150\" height=\"150\" class=\"alignnone size-thumbnail wp-image-3050\" srcset=\"https:\/\/www.erni-brendtner.de\/wp-content\/uploads\/2020\/09\/4B2EC1CB-7132-4AC2-A302-F2801ED03BCE-150x150.jpeg 150w, https:\/\/www.erni-brendtner.de\/wp-content\/uploads\/2020\/09\/4B2EC1CB-7132-4AC2-A302-F2801ED03BCE-432x432.jpeg 432w, https:\/\/www.erni-brendtner.de\/wp-content\/uploads\/2020\/09\/4B2EC1CB-7132-4AC2-A302-F2801ED03BCE-268x268.jpeg 268w\" sizes=\"auto, (max-width: 150px) 100vw, 150px\" \/><\/a><\/td><td class=\"column-2\">Jahresausstellung des Kunstvereins Alt\u00f6tting \u201eNeues\u201c<br \/>\nin der VR meine Raiffeisenbank in Alt\u00f6tting<br \/>\n<br \/>\nvom 4.7.2019 -  6.8.2019<br \/>\n<br \/>\n<\/td>\n<\/tr>\n<tr class=\"row-10\">\n\t<td class=\"column-1\"><\/td><td class=\"column-2\"><\/td>\n<\/tr>\n<tr class=\"row-11\">\n\t<td class=\"column-1\"><\/td><td class=\"column-2\"><\/td>\n<\/tr>\n<tr class=\"row-12\">\n\t<td class=\"column-1\"><\/td><td class=\"column-2\"><\/td>\n<\/tr>\n<tr class=\"row-13\">\n\t<td class=\"column-1\"><a href=\"http:\/\/www.erni-brendtner.de\/wp-content\/uploads\/2019\/06\/IMG_4401.jpg\"><img loading=\"lazy\" decoding=\"async\" src=\"http:\/\/www.erni-brendtner.de\/wp-content\/uploads\/2019\/06\/IMG_4401-150x150.jpg\" alt=\"\" width=\"150\" height=\"150\" class=\"alignnone size-thumbnail wp-image-2201\" srcset=\"https:\/\/www.erni-brendtner.de\/wp-content\/uploads\/2019\/06\/IMG_4401-150x150.jpg 150w, https:\/\/www.erni-brendtner.de\/wp-content\/uploads\/2019\/06\/IMG_4401-432x432.jpg 432w, https:\/\/www.erni-brendtner.de\/wp-content\/uploads\/2019\/06\/IMG_4401-268x268.jpg 268w\" sizes=\"auto, (max-width: 150px) 100vw, 150px\" \/><\/a><\/td><td class=\"column-2\">Traunsteiner Tagblatt vom 25.05.2019 <br \/>\n\"81 K\u00fcnstler zeigen bis 10. Juni rund 200 Arbeiten\" <br \/>\nZum achten Mal findet S\u00fcdbayerns gr\u00f6\u00dfte Schau zeitgen\u00f6ssischer Kunst in Trostberg statt: 81 K\u00fcnstler aus drei Nationen zeigen bei der Kunstmeile Trostberg \u201819 seit dem gestrigen Freitag bis Pfingstmontag, 10. Juni, mehr als 200 Werke. Auf 1,6 Kilometern quer durch die Trostberger Altstadt sind Plastiken, Installationen, Grafiken und Gem\u00e4lde zu sehen.<br \/>\n<br \/>\n<a href=\"https:\/\/www.traunsteiner-tagblatt.de\/startseite_artikel,-81-kuenstler-zeigen-bis-10-juni-rund-200-arbeiten-_arid,492913.html\" rel=\"noopener noreferrer\" target=\"_blank\">Pressebericht: Traunsteiner Tagblatt vom 25.05.2019 <\/a><br \/>\n<a href=\"https:\/\/www.kunstmeile-trostberg.de\/\" rel=\"noopener noreferrer\" target=\"_blank\">Kunstmeile Trostberg<\/a><br \/>\n<a href=\"https:\/\/www.rfo.de\/mediathek\/video\/trostberger-kunstmeile-eroeffnet\/\" rel=\"noopener noreferrer\" target=\"_blank\">RFO TV Beitrag zur Er\u00f6ffnung<\/a><\/td>\n<\/tr>\n<tr class=\"row-14\">\n\t<td class=\"column-1\"><\/td><td class=\"column-2\"><\/td>\n<\/tr>\n<tr class=\"row-15\">\n\t<td class=\"column-1\"><\/td><td class=\"column-2\"><\/td>\n<\/tr>\n<tr class=\"row-16\">\n\t<td class=\"column-1\"><\/td><td class=\"column-2\"><\/td>\n<\/tr>\n<tr class=\"row-17\">\n\t<td class=\"column-1\"><a href=\"http:\/\/www.erni-brendtner.de\/wp-content\/uploads\/2019\/06\/Schaukasten-6.2019.jpg\"><img loading=\"lazy\" decoding=\"async\" src=\"http:\/\/www.erni-brendtner.de\/wp-content\/uploads\/2019\/06\/Schaukasten-6.2019-150x150.jpg\" alt=\"\" width=\"150\" height=\"150\" class=\"alignnone size-thumbnail wp-image-2188\" srcset=\"https:\/\/www.erni-brendtner.de\/wp-content\/uploads\/2019\/06\/Schaukasten-6.2019-150x150.jpg 150w, https:\/\/www.erni-brendtner.de\/wp-content\/uploads\/2019\/06\/Schaukasten-6.2019-432x432.jpg 432w, https:\/\/www.erni-brendtner.de\/wp-content\/uploads\/2019\/06\/Schaukasten-6.2019-268x268.jpg 268w\" sizes=\"auto, (max-width: 150px) 100vw, 150px\" \/><\/a><\/td><td class=\"column-2\">\"Punktlandung im Schaukasten des Kunstvereins Alt\u00f6tting\"<br \/>\nPressebericht PNP A\u00d6 vom 6.6.2019<br \/>\nOb es eine Vorahnung war? Jedenfalls hat Erni Brendtner das Bild \"Der Sommer ist da\" ausgew\u00e4hlt, als es an ihr war, den Schaukasten des KV A\u00d6 f\u00fcr den Monat Juni zu best\u00fccken. P\u00fcnktlich mit dem meteorologischen Beginn des Sommers hat sich die warme Jahreszeit ja tats\u00e4chlich eingestellt. \"Das Bild entstand in einer speziellen Feinschicht-Maltechnik. Dabei wird Aquarellfarbe in vielen Schichten lasierend aufgetragen, verdichtet und zum Teil wieder angel\u00f6st. Nach einer Zwischenfixierung werden Details mit selbst hergestellter Acrylfarbe weiterbearbeitet. Diese Feinschichttechnik f\u00fchrt zu eindrucksvollen, lebendigen und dynamischen Strukturen und verleiht dem Bild Tiefe und Leuchtkraft\" - eine Leuchtkraft, die dem Sommer gut zu Gesicht steht. <br \/>\n(sh\/Foto:H\u00f6lzlwimmer)<\/td>\n<\/tr>\n<tr class=\"row-18\">\n\t<td class=\"column-1\"><\/td><td class=\"column-2\"><\/td>\n<\/tr>\n<tr class=\"row-19\">\n\t<td class=\"column-1\"><\/td><td class=\"column-2\"><\/td>\n<\/tr>\n<tr class=\"row-20\">\n\t<td class=\"column-1\"><\/td><td class=\"column-2\"><\/td>\n<\/tr>\n<tr class=\"row-21\">\n\t<td class=\"column-1\"><a href=\"http:\/\/www.erni-brendtner.de\/wp-content\/uploads\/2019\/03\/B776919A-194C-49FA-96F4-BB0F1C572727.jpeg\"><img loading=\"lazy\" decoding=\"async\" src=\"http:\/\/www.erni-brendtner.de\/wp-content\/uploads\/2019\/03\/B776919A-194C-49FA-96F4-BB0F1C572727-150x150.jpeg\" alt=\"\" width=\"150\" height=\"150\" class=\"alignnone size-thumbnail wp-image-2158\" srcset=\"https:\/\/www.erni-brendtner.de\/wp-content\/uploads\/2019\/03\/B776919A-194C-49FA-96F4-BB0F1C572727-150x150.jpeg 150w, https:\/\/www.erni-brendtner.de\/wp-content\/uploads\/2019\/03\/B776919A-194C-49FA-96F4-BB0F1C572727-432x432.jpeg 432w, https:\/\/www.erni-brendtner.de\/wp-content\/uploads\/2019\/03\/B776919A-194C-49FA-96F4-BB0F1C572727-268x268.jpeg 268w\" sizes=\"auto, (max-width: 150px) 100vw, 150px\" \/><\/a><br \/>\n     Kirchenfenster <br \/>\n     Triptychon<br \/>\n \u201eDreifaltigkeit\u201c<\/td><td class=\"column-2\">Begegnung von Kirche und Kunst - Eine gro\u00dfe Zahl an Kunstschaffenden der Region und Besuchern beging die dritte Auflage des Aschermittwochs der K\u00fcnstler am 06.03.2019 mit einem feierlichen Gottesdienst in St. Josef in Alt\u00f6tting. Mit Pr\u00e4lat G\u00fcnther Mandl, Pfarrvikar Deva Gudipalli und Diakon Dr. Johannes Schachtl feierten sie zu Beginn der 40-t\u00e4gigen Fastenzeit eine erhebende Messe im Zeichen der Begegnung von Kirche und Kunst. <br \/>\n<br \/>\nAusstellende K\u00fcnstler: Erni Brendtner, Christa Gruber, Katalin Harrer, Elisabeth Hauser, Christa Hempen, Waltraud Ludwig, Ewald Orsan, Reinhilde M\u00fcller-Trisl, Maria Maximiliane Sch\u00f6fer; Kunst aus Holz und Metall: Regina und Karl Gerhart, Christian P\u00f6llner, Gottfried Sieber, Otto Strehle; Kunst aus Textilien: Anna-Maria Hager-Moosbauer, Irena Sieber<br \/>\n<\/td>\n<\/tr>\n<tr class=\"row-22\">\n\t<td class=\"column-1\"><\/td><td class=\"column-2\"><\/td>\n<\/tr>\n<tr class=\"row-23\">\n\t<td class=\"column-1\"><\/td><td class=\"column-2\"><\/td>\n<\/tr>\n<tr class=\"row-24\">\n\t<td class=\"column-1\"><\/td><td class=\"column-2\"><\/td>\n<\/tr>\n<tr class=\"row-25\">\n\t<td class=\"column-1\"><a href=\"http:\/\/www.erni-brendtner.de\/wp-content\/uploads\/2019\/03\/F0F1EAFD-32DA-4B15-AE75-3FE627436343.jpeg\"><img loading=\"lazy\" decoding=\"async\" src=\"http:\/\/www.erni-brendtner.de\/wp-content\/uploads\/2019\/03\/F0F1EAFD-32DA-4B15-AE75-3FE627436343-150x150.jpeg\" alt=\"\" width=\"150\" height=\"150\" class=\"alignnone size-thumbnail wp-image-2141\" srcset=\"https:\/\/www.erni-brendtner.de\/wp-content\/uploads\/2019\/03\/F0F1EAFD-32DA-4B15-AE75-3FE627436343-150x150.jpeg 150w, https:\/\/www.erni-brendtner.de\/wp-content\/uploads\/2019\/03\/F0F1EAFD-32DA-4B15-AE75-3FE627436343-432x432.jpeg 432w, https:\/\/www.erni-brendtner.de\/wp-content\/uploads\/2019\/03\/F0F1EAFD-32DA-4B15-AE75-3FE627436343-268x268.jpeg 268w\" sizes=\"auto, (max-width: 150px) 100vw, 150px\" \/><\/a><\/td><td class=\"column-2\">Gemeinschaftsausstellung der K\u00fcnstlergilde Freilassing \u201eCapriccio\u201c <br \/>\n<br \/>\nim Stadtmuseum Freilassing vom <br \/>\n28.02.2019 bis 10.03.2019<br \/>\n<br \/>\n<a href=\"https:\/\/www.kuenstlergilde-freilassing.de\/r\u00fcckblick\/\" rel=\"noopener noreferrer\" target=\"_blank\">Link: K\u00fcnstlergilde Freilassing \/ Fotogalerie und Presse<\/a><br \/>\n<\/td>\n<\/tr>\n<\/tbody>\n<\/table>\n<!-- #tablepress-16 from cache -->\t\t\t\t\t\t  <\/div>\r\n\t\t\t\t\t\t<\/div>\r\n\t\t\t\t\t<\/div>\r\n\t\t\t\t\t<!-- Inner panel End -->\r\n\t\t\t\t\t\r\n\t\t\t\t\t\t\t\t\r\n\t\t\t\t\t<!-- Inner panel Start -->\r\n\t\t\t\t\t<div class=\"wpsm_panel wpsm_panel-default\">\r\n\t\t\t\t\t\t<div class=\"wpsm_panel-heading\" role=\"tab\" >\r\n\t\t\t\t\t\t  <h4 class=\"wpsm_panel-title\">\r\n\t\t\t\t\t\t\t<a  class=\"collapsed\"  data-toggle=\"collapse\" data-parent=\"#wpsm_accordion_5569 \" href=\"javascript:void(0)\" data-target=\"#ac_5569_collapse2\" onclick=\"do_resize()\">\r\n\t\t\t\t\t\t\t\t\t\t\t\t\t\t\t\t\t<span class=\"ac_open_cl_icon fa fa-plus\"><\/span>\r\n\t\t\t\t\t\t\t\t\t\r\n\t\t\t\t\t\t\t\t \r\n\t\t\t\t\t\t\t\t<span class=\"ac_title_class\">\r\n\t\t\t\t\t\t\t\t\t\t\t\t\t\t\t\t\t\t\t\t<span style=\"margin-right:6px;\" class=\"fa fa-angle-down\"><\/span>\r\n\t\t\t\t\t\t\t\t\t2018\t\t\t\t\t\t\t\t<\/span>\r\n\t\t\t\t\t\t\t<\/a>\r\n\t\t\t\t\t\t  <\/h4>\r\n\t\t\t\t\t\t<\/div>\r\n\t\t\t\t\t\t<div id=\"ac_5569_collapse2\" class=\"wpsm_panel-collapse collapse \"  >\r\n\t\t\t\t\t\t  <div class=\"wpsm_panel-body\">\r\n\t\t\t\t\t\t\t\n<table id=\"tablepress-17\" class=\"tablepress tablepress-id-17\">\n<tbody class=\"row-striping row-hover\">\n<tr class=\"row-1\">\n\t<td class=\"column-1\"><a href=\"http:\/\/www.erni-brendtner.de\/wp-content\/uploads\/2018\/11\/4488F9EF-1E07-49F1-BACE-4FD90A1AFEC2.jpeg\"><img loading=\"lazy\" decoding=\"async\" src=\"http:\/\/www.erni-brendtner.de\/wp-content\/uploads\/2018\/11\/4488F9EF-1E07-49F1-BACE-4FD90A1AFEC2-150x150.jpeg\" alt=\"\" width=\"150\" height=\"150\" class=\"alignnone size-thumbnail wp-image-2072\" srcset=\"https:\/\/www.erni-brendtner.de\/wp-content\/uploads\/2018\/11\/4488F9EF-1E07-49F1-BACE-4FD90A1AFEC2-150x150.jpeg 150w, https:\/\/www.erni-brendtner.de\/wp-content\/uploads\/2018\/11\/4488F9EF-1E07-49F1-BACE-4FD90A1AFEC2-432x432.jpeg 432w, https:\/\/www.erni-brendtner.de\/wp-content\/uploads\/2018\/11\/4488F9EF-1E07-49F1-BACE-4FD90A1AFEC2-268x268.jpeg 268w\" sizes=\"auto, (max-width: 150px) 100vw, 150px\" \/><\/a><\/td><td class=\"column-2\">Jahresausstellung des Kunstvereins Alt\u00f6tting<br \/>\nin der VR meine Raiffeisenbank in Alt\u00f6tting<br \/>\nanl\u00e4sslich des 25-j\u00e4hrigen Jubil\u00e4ums<br \/>\n\"Hommage an Picasso ..u.a.\"<br \/>\n<br \/>\nvom 25.09.2018 bis 05.11.2018<br \/>\n<br \/>\n<\/td>\n<\/tr>\n<tr class=\"row-2\">\n\t<td class=\"column-1\"><\/td><td class=\"column-2\"><\/td>\n<\/tr>\n<tr class=\"row-3\">\n\t<td class=\"column-1\"><\/td><td class=\"column-2\"><\/td>\n<\/tr>\n<tr class=\"row-4\">\n\t<td class=\"column-1\"><\/td><td class=\"column-2\"><\/td>\n<\/tr>\n<tr class=\"row-5\">\n\t<td class=\"column-1\"><a href=\"http:\/\/www.erni-brendtner.de\/wp-content\/uploads\/2025\/04\/Vernissage-Koepfe-2018-6.jpg\"><img loading=\"lazy\" decoding=\"async\" src=\"http:\/\/www.erni-brendtner.de\/wp-content\/uploads\/2025\/04\/Vernissage-Koepfe-2018-6-150x150.jpg\" alt=\"\" width=\"150\" height=\"150\" class=\"alignnone size-thumbnail wp-image-5722\" srcset=\"https:\/\/www.erni-brendtner.de\/wp-content\/uploads\/2025\/04\/Vernissage-Koepfe-2018-6-150x150.jpg 150w, https:\/\/www.erni-brendtner.de\/wp-content\/uploads\/2025\/04\/Vernissage-Koepfe-2018-6-432x432.jpg 432w, https:\/\/www.erni-brendtner.de\/wp-content\/uploads\/2025\/04\/Vernissage-Koepfe-2018-6-268x268.jpg 268w\" sizes=\"auto, (max-width: 150px) 100vw, 150px\" \/><\/a><\/td><td class=\"column-2\">Jahresausstellung der K\u00fcnstlergilde Freilassing \" K\u00f6pfe\" <br \/>\nim Stadtmuseum Freilassing<br \/>\n<br \/>\nvom 27.09.2018 bis 07.10.2018<br \/>\n<br \/>\n<a href=\"https:\/\/www.kuenstlergilde-freilassing.de\/\" rel=\"noopener noreferrer\" target=\"_blank\">Link: K\u00fcnstlergilde Freilassing \/ Fotogalerie und Presse<\/a><br \/>\n<br \/>\n<\/td>\n<\/tr>\n<tr class=\"row-6\">\n\t<td class=\"column-1\"><\/td><td class=\"column-2\"><\/td>\n<\/tr>\n<tr class=\"row-7\">\n\t<td class=\"column-1\"><\/td><td class=\"column-2\"><\/td>\n<\/tr>\n<tr class=\"row-8\">\n\t<td class=\"column-1\"><\/td><td class=\"column-2\"><\/td>\n<\/tr>\n<tr class=\"row-9\">\n\t<td class=\"column-1\"><a href=\"http:\/\/www.erni-brendtner.de\/wp-content\/uploads\/2025\/04\/25-Jahre-KV-Rathaus-201818.jpg\"><img loading=\"lazy\" decoding=\"async\" src=\"http:\/\/www.erni-brendtner.de\/wp-content\/uploads\/2025\/04\/25-Jahre-KV-Rathaus-201818-150x150.jpg\" alt=\"\" width=\"150\" height=\"150\" class=\"alignnone size-thumbnail wp-image-5724\" srcset=\"https:\/\/www.erni-brendtner.de\/wp-content\/uploads\/2025\/04\/25-Jahre-KV-Rathaus-201818-150x150.jpg 150w, https:\/\/www.erni-brendtner.de\/wp-content\/uploads\/2025\/04\/25-Jahre-KV-Rathaus-201818-432x432.jpg 432w, https:\/\/www.erni-brendtner.de\/wp-content\/uploads\/2025\/04\/25-Jahre-KV-Rathaus-201818-268x268.jpg 268w\" sizes=\"auto, (max-width: 150px) 100vw, 150px\" \/><\/a><\/td><td class=\"column-2\">Jubil\u00e4umsausstellung - 25 Jahre Kunstverein A\u00d6<br \/>\n\"Klimt und Schiele im Quadrat\"  -  25 x 25<br \/>\n<br \/>\nin der Rathausgalerie in Alt\u00f6tting vom 12.07.2018 - 14.09.2018<br \/>\nPressebericht: PNP vom 16.07.2018<br \/>\n  \"Fantasievolle Variationen\"<\/td>\n<\/tr>\n<tr class=\"row-10\">\n\t<td class=\"column-1\"><\/td><td class=\"column-2\"><\/td>\n<\/tr>\n<tr class=\"row-11\">\n\t<td class=\"column-1\"><\/td><td class=\"column-2\"><\/td>\n<\/tr>\n<tr class=\"row-12\">\n\t<td class=\"column-1\"><\/td><td class=\"column-2\"><\/td>\n<\/tr>\n<tr class=\"row-13\">\n\t<td class=\"column-1\"><a href=\"http:\/\/www.erni-brendtner.de\/wp-content\/uploads\/2025\/04\/Neo-Zoi-Juli-2018-9.jpg\"><img loading=\"lazy\" decoding=\"async\" src=\"http:\/\/www.erni-brendtner.de\/wp-content\/uploads\/2025\/04\/Neo-Zoi-Juli-2018-9-150x150.jpg\" alt=\"\" width=\"150\" height=\"150\" class=\"alignnone size-thumbnail wp-image-5730\" srcset=\"https:\/\/www.erni-brendtner.de\/wp-content\/uploads\/2025\/04\/Neo-Zoi-Juli-2018-9-150x150.jpg 150w, https:\/\/www.erni-brendtner.de\/wp-content\/uploads\/2025\/04\/Neo-Zoi-Juli-2018-9-432x432.jpg 432w, https:\/\/www.erni-brendtner.de\/wp-content\/uploads\/2025\/04\/Neo-Zoi-Juli-2018-9-268x268.jpg 268w\" sizes=\"auto, (max-width: 150px) 100vw, 150px\" \/><\/a><\/td><td class=\"column-2\">Jubil\u00e4umsfeier zum 25-j\u00e4hrigem  Bestehen des Kunstvereins Alt\u00f6tting<br \/>\n<br \/>\ngem\u00fctliches und kreatives Stelldichein <br \/>\nim Kulturcafe`Nea Zoi in Alt\u00f6tting <br \/>\nam 7. Juli 2018 <br \/>\n<br \/>\nPressebericht: PNP vom 09.07.2018  \"Promis gratulieren in leuchtenden Farben\"<\/td>\n<\/tr>\n<tr class=\"row-14\">\n\t<td class=\"column-1\"><\/td><td class=\"column-2\"><\/td>\n<\/tr>\n<tr class=\"row-15\">\n\t<td class=\"column-1\"><\/td><td class=\"column-2\"><\/td>\n<\/tr>\n<tr class=\"row-16\">\n\t<td class=\"column-1\"><\/td><td class=\"column-2\"><\/td>\n<\/tr>\n<tr class=\"row-17\">\n\t<td class=\"column-1\"><a href=\"http:\/\/www.erni-brendtner.de\/wp-content\/uploads\/2018\/06\/Homepage.9775.jpg\"><img loading=\"lazy\" decoding=\"async\" src=\"http:\/\/www.erni-brendtner.de\/wp-content\/uploads\/2018\/06\/Homepage.9775-150x150.jpg\" alt=\"\" width=\"150\" height=\"150\" class=\"alignnone size-thumbnail wp-image-2016\" srcset=\"https:\/\/www.erni-brendtner.de\/wp-content\/uploads\/2018\/06\/Homepage.9775-150x150.jpg 150w, https:\/\/www.erni-brendtner.de\/wp-content\/uploads\/2018\/06\/Homepage.9775-432x432.jpg 432w, https:\/\/www.erni-brendtner.de\/wp-content\/uploads\/2018\/06\/Homepage.9775-268x268.jpg 268w\" sizes=\"auto, (max-width: 150px) 100vw, 150px\" \/><\/a><\/td><td class=\"column-2\">Gro\u00dffl\u00e4chige Farbenpracht trifft ruhige Linienf\u00fchrung - die gemeinsame Ausstellung \"Abstrakte Sichtweisen\" mit Rudolf Beer beeindruckte die Besucher der viel besuchten Vernissage.<br \/>\nAusstellung vom 28.06. - 27.07.2018 in der VR meine Raiffeisenbank in Alt\u00f6tting<br \/>\n<\/td>\n<\/tr>\n<tr class=\"row-18\">\n\t<td class=\"column-1\"><\/td><td class=\"column-2\"><\/td>\n<\/tr>\n<tr class=\"row-19\">\n\t<td class=\"column-1\"><\/td><td class=\"column-2\"><\/td>\n<\/tr>\n<tr class=\"row-20\">\n\t<td class=\"column-1\"><\/td><td class=\"column-2\"><\/td>\n<\/tr>\n<tr class=\"row-21\">\n\t<td class=\"column-1\"><a href=\"http:\/\/www.erni-brendtner.de\/wp-content\/uploads\/2018\/03\/Aschermittwoch-St.-Josef-2018.jpg\"><img loading=\"lazy\" decoding=\"async\" src=\"http:\/\/www.erni-brendtner.de\/wp-content\/uploads\/2018\/03\/Aschermittwoch-St.-Josef-2018-150x150.jpg\" alt=\"\" width=\"150\" height=\"150\" class=\"alignnone size-thumbnail wp-image-1763\" srcset=\"https:\/\/www.erni-brendtner.de\/wp-content\/uploads\/2018\/03\/Aschermittwoch-St.-Josef-2018-150x150.jpg 150w, https:\/\/www.erni-brendtner.de\/wp-content\/uploads\/2018\/03\/Aschermittwoch-St.-Josef-2018-432x432.jpg 432w, https:\/\/www.erni-brendtner.de\/wp-content\/uploads\/2018\/03\/Aschermittwoch-St.-Josef-2018-268x268.jpg 268w\" sizes=\"auto, (max-width: 150px) 100vw, 150px\" \/><\/a><\/td><td class=\"column-2\">Am 14.02.2018 fand zum zweiten Mal in der Pfarrei St. Josef in Alt\u00f6tting-S\u00fcd ein \"Aschermittwoch der K\u00fcnstler\" statt, erneut initiiert und organisiert von Anselm Ebner, Leiter der Musik-Berufsfachschule Alt\u00f6tting. Folgende Kunstschaffende waren heuer beteiligt: Andreas Antwerpen, Gem\u00e4lde\/ Ilse Brantl-Bader, Gem\u00e4lde\/ Erni Brendtner, Gem\u00e4lde\/ Regina Gerhart, Keramikarbeiten\/ \u2028Karl Gerhart, Skulpturen aus Holz und Metall\/ \u2028Katalin Harrer, Gem\u00e4lde\/ \u2028Christa Hempen, Gem\u00e4lde\u2028\/ Manfred Hendel, Kreidegrundtechnik mit Vergoldung\/ \u2028Reinhilde M\u00fcller-Trisl, Gem\u00e4lde\/ \u2028Peter Osenstetter, Gem\u00e4lde<br \/>\n(Bild links: Triptychon von Erni Brendtner zum David Psalm 139 mit Pfarrvikar Deva Gudipalli)<\/td>\n<\/tr>\n<\/tbody>\n<\/table>\n<!-- #tablepress-17 from cache -->\t\t\t\t\t\t  <\/div>\r\n\t\t\t\t\t\t<\/div>\r\n\t\t\t\t\t<\/div>\r\n\t\t\t\t\t<!-- Inner panel End -->\r\n\t\t\t\t\t\r\n\t\t\t\t\t\t\t\t\r\n\t\t\t\t\t<!-- Inner panel Start -->\r\n\t\t\t\t\t<div class=\"wpsm_panel wpsm_panel-default\">\r\n\t\t\t\t\t\t<div class=\"wpsm_panel-heading\" role=\"tab\" >\r\n\t\t\t\t\t\t  <h4 class=\"wpsm_panel-title\">\r\n\t\t\t\t\t\t\t<a  class=\"collapsed\"  data-toggle=\"collapse\" data-parent=\"#wpsm_accordion_5569 \" href=\"javascript:void(0)\" data-target=\"#ac_5569_collapse3\" onclick=\"do_resize()\">\r\n\t\t\t\t\t\t\t\t\t\t\t\t\t\t\t\t\t<span class=\"ac_open_cl_icon fa fa-plus\"><\/span>\r\n\t\t\t\t\t\t\t\t\t\r\n\t\t\t\t\t\t\t\t \r\n\t\t\t\t\t\t\t\t<span class=\"ac_title_class\">\r\n\t\t\t\t\t\t\t\t\t\t\t\t\t\t\t\t\t\t\t\t<span style=\"margin-right:6px;\" class=\"fa fa-angle-down\"><\/span>\r\n\t\t\t\t\t\t\t\t\t2017\t\t\t\t\t\t\t\t<\/span>\r\n\t\t\t\t\t\t\t<\/a>\r\n\t\t\t\t\t\t  <\/h4>\r\n\t\t\t\t\t\t<\/div>\r\n\t\t\t\t\t\t<div id=\"ac_5569_collapse3\" class=\"wpsm_panel-collapse collapse \"  >\r\n\t\t\t\t\t\t  <div class=\"wpsm_panel-body\">\r\n\t\t\t\t\t\t\t\n<table id=\"tablepress-18\" class=\"tablepress tablepress-id-18\">\n<tbody class=\"row-striping row-hover\">\n<tr class=\"row-1\">\n\t<td class=\"column-1\"><a href=\"http:\/\/www.erni-brendtner.de\/wp-content\/uploads\/2018\/01\/IMG_7524.bearb_.jpg\"><img loading=\"lazy\" decoding=\"async\" src=\"http:\/\/www.erni-brendtner.de\/wp-content\/uploads\/2018\/01\/IMG_7524.bearb_-150x150.jpg\" alt=\"\" width=\"150\" height=\"150\" class=\"alignnone size-thumbnail wp-image-1738\" srcset=\"https:\/\/www.erni-brendtner.de\/wp-content\/uploads\/2018\/01\/IMG_7524.bearb_-150x150.jpg 150w, https:\/\/www.erni-brendtner.de\/wp-content\/uploads\/2018\/01\/IMG_7524.bearb_-432x432.jpg 432w, https:\/\/www.erni-brendtner.de\/wp-content\/uploads\/2018\/01\/IMG_7524.bearb_-268x268.jpg 268w\" sizes=\"auto, (max-width: 150px) 100vw, 150px\" \/><\/a><\/td><td class=\"column-2\">Gemeinsame Jahresausstellung der K\u00fcnstlergruppen Primavera\/Farbkreis<br \/>\n im Foyer des Stadtsaals Burghausen<br \/>\n<br \/>\nam 1. und 2. Adventswochenende 2017<br \/>\n<br \/>\n<\/td>\n<\/tr>\n<tr class=\"row-2\">\n\t<td class=\"column-1\"><\/td><td class=\"column-2\"><\/td>\n<\/tr>\n<tr class=\"row-3\">\n\t<td class=\"column-1\"><\/td><td class=\"column-2\"><\/td>\n<\/tr>\n<tr class=\"row-4\">\n\t<td class=\"column-1\"><\/td><td class=\"column-2\"><\/td>\n<\/tr>\n<tr class=\"row-5\">\n\t<td class=\"column-1\"><a href=\"http:\/\/www.erni-brendtner.de\/wp-content\/uploads\/2017\/08\/IMG_6183-Bearbeitet.jpg\"><img loading=\"lazy\" decoding=\"async\" src=\"http:\/\/www.erni-brendtner.de\/wp-content\/uploads\/2017\/08\/IMG_6183-Bearbeitet-150x150.jpg\" alt=\"\" width=\"150\" height=\"150\" class=\"alignnone size-thumbnail wp-image-1691\" srcset=\"https:\/\/www.erni-brendtner.de\/wp-content\/uploads\/2017\/08\/IMG_6183-Bearbeitet-150x150.jpg 150w, https:\/\/www.erni-brendtner.de\/wp-content\/uploads\/2017\/08\/IMG_6183-Bearbeitet-432x432.jpg 432w, https:\/\/www.erni-brendtner.de\/wp-content\/uploads\/2017\/08\/IMG_6183-Bearbeitet-268x268.jpg 268w\" sizes=\"auto, (max-width: 150px) 100vw, 150px\" \/><\/a><\/td><td class=\"column-2\">Gastausstellung der K\u00fcnstlergilde Freilassing<br \/>\nim Kulturmodell in Passau<br \/>\n <br \/>\nvom 22.07.2017 bis 13.08.2017<br \/>\n<br \/>\n<a href=\"https:\/\/www.kuenstlergilde-freilassing.de\/\" rel=\"noopener noreferrer\" target=\"_blank\">Link: K\u00fcnstlergilde Freilassing \/ Fotogalerie und Presse<\/a><\/td>\n<\/tr>\n<tr class=\"row-6\">\n\t<td class=\"column-1\"><\/td><td class=\"column-2\"><\/td>\n<\/tr>\n<tr class=\"row-7\">\n\t<td class=\"column-1\"><\/td><td class=\"column-2\"><\/td>\n<\/tr>\n<tr class=\"row-8\">\n\t<td class=\"column-1\"><\/td><td class=\"column-2\"><\/td>\n<\/tr>\n<tr class=\"row-9\">\n\t<td class=\"column-1\"><a href=\"http:\/\/www.erni-brendtner.de\/wp-content\/uploads\/2017\/08\/Foyer-LA-Mhld.-07.2017.jpg\"><img loading=\"lazy\" decoding=\"async\" src=\"http:\/\/www.erni-brendtner.de\/wp-content\/uploads\/2017\/08\/Foyer-LA-Mhld.-07.2017-150x150.jpg\" alt=\"\" width=\"150\" height=\"150\" class=\"alignnone size-thumbnail wp-image-1705\" srcset=\"https:\/\/www.erni-brendtner.de\/wp-content\/uploads\/2017\/08\/Foyer-LA-Mhld.-07.2017-150x150.jpg 150w, https:\/\/www.erni-brendtner.de\/wp-content\/uploads\/2017\/08\/Foyer-LA-Mhld.-07.2017-432x432.jpg 432w, https:\/\/www.erni-brendtner.de\/wp-content\/uploads\/2017\/08\/Foyer-LA-Mhld.-07.2017-268x268.jpg 268w\" sizes=\"auto, (max-width: 150px) 100vw, 150px\" \/><\/a><\/td><td class=\"column-2\">Einzelausstellung im Foyer des Landratsamtes M\u00fchldorf<br \/>\nvom 05.07.2017 bis 01.09.2017 \"Innere Bildwelten\" <br \/>\nEs war ein wunderbarer Vernissage-Abend mit vielen G\u00e4sten und toller Saxophonmusik zu meinen farbenfrohen, expressiven Abstraktionen.<br \/>\nPressebericht: PNP vom 30.06.2017 \" Burghauserin in M\u00fchldorf\"<\/a><br \/>\n<a href=\"http:\/\/www.erni-brendtner.de\/wp-content\/uploads\/2017\/07\/Presse.OVB-6.7.2017.jpg\" target=\"_blank\" rel=\"noopener noreferrer\">Pressebericht: OVB vom 06.06.2017 \"Kunst, die klingt\"<\/td>\n<\/tr>\n<tr class=\"row-10\">\n\t<td class=\"column-1\"><\/td><td class=\"column-2\"><\/td>\n<\/tr>\n<tr class=\"row-11\">\n\t<td class=\"column-1\"><\/td><td class=\"column-2\"><\/td>\n<\/tr>\n<tr class=\"row-12\">\n\t<td class=\"column-1\"><\/td><td class=\"column-2\"><\/td>\n<\/tr>\n<tr class=\"row-13\">\n\t<td class=\"column-1\"><a href=\"http:\/\/www.erni-brendtner.de\/wp-content\/uploads\/2017\/08\/PANTA-RHEI.skal_.3.06.2017.jpg\"><img loading=\"lazy\" decoding=\"async\" src=\"http:\/\/www.erni-brendtner.de\/wp-content\/uploads\/2017\/08\/PANTA-RHEI.skal_.3.06.2017-150x150.jpg\" alt=\"\" width=\"150\" height=\"150\" class=\"alignnone size-thumbnail wp-image-1702\" srcset=\"https:\/\/www.erni-brendtner.de\/wp-content\/uploads\/2017\/08\/PANTA-RHEI.skal_.3.06.2017-150x150.jpg 150w, https:\/\/www.erni-brendtner.de\/wp-content\/uploads\/2017\/08\/PANTA-RHEI.skal_.3.06.2017-432x432.jpg 432w, https:\/\/www.erni-brendtner.de\/wp-content\/uploads\/2017\/08\/PANTA-RHEI.skal_.3.06.2017-268x268.jpg 268w\" sizes=\"auto, (max-width: 150px) 100vw, 150px\" \/><\/a><\/td><td class=\"column-2\">Gemeinschaftsausstellung des Kunstvereins Alt\u00f6tting <br \/>\n\"PANTA RHEI  - alles flie\u00dft\"<br \/>\nin der VR meine Raiffeisenbank in Alt\u00f6tting<br \/>\nvom 29.06.2017 bis 21.07.2017<br \/>\n<\/td>\n<\/tr>\n<tr class=\"row-14\">\n\t<td class=\"column-1\"><\/td><td class=\"column-2\"><\/td>\n<\/tr>\n<tr class=\"row-15\">\n\t<td class=\"column-1\"><\/td><td class=\"column-2\"><\/td>\n<\/tr>\n<tr class=\"row-16\">\n\t<td class=\"column-1\"><\/td><td class=\"column-2\"><\/td>\n<\/tr>\n<tr class=\"row-17\">\n\t<td class=\"column-1\"><a href=\"http:\/\/www.erni-brendtner.de\/wp-content\/uploads\/2017\/08\/IMG_20170814_0010.jpg\"><img loading=\"lazy\" decoding=\"async\" src=\"http:\/\/www.erni-brendtner.de\/wp-content\/uploads\/2017\/08\/IMG_20170814_0010-150x150.jpg\" alt=\"\" width=\"150\" height=\"150\" class=\"alignnone size-thumbnail wp-image-1695\" srcset=\"https:\/\/www.erni-brendtner.de\/wp-content\/uploads\/2017\/08\/IMG_20170814_0010-150x150.jpg 150w, https:\/\/www.erni-brendtner.de\/wp-content\/uploads\/2017\/08\/IMG_20170814_0010-432x432.jpg 432w, https:\/\/www.erni-brendtner.de\/wp-content\/uploads\/2017\/08\/IMG_20170814_0010-268x268.jpg 268w\" sizes=\"auto, (max-width: 150px) 100vw, 150px\" \/><\/a><\/td><td class=\"column-2\">Jubil\u00e4umsausstellung der K\u00fcnstlergruppe PRIMAVERA - 20 Jahre <br \/>\nin der Rathausgalerie Burghausen <br \/>\nvom 28.04.2017 bis 30.05.2017<br \/>\n<br \/>\n<\/td>\n<\/tr>\n<tr class=\"row-18\">\n\t<td class=\"column-1\"><\/td><td class=\"column-2\"><\/td>\n<\/tr>\n<tr class=\"row-19\">\n\t<td class=\"column-1\"><\/td><td class=\"column-2\"><\/td>\n<\/tr>\n<tr class=\"row-20\">\n\t<td class=\"column-1\"><\/td><td class=\"column-2\"><\/td>\n<\/tr>\n<tr class=\"row-21\">\n\t<td class=\"column-1\"><a href=\"http:\/\/www.erni-brendtner.de\/wp-content\/uploads\/2017\/04\/Spuren.2.jpg\"><img loading=\"lazy\" decoding=\"async\" src=\"http:\/\/www.erni-brendtner.de\/wp-content\/uploads\/2017\/04\/Spuren.2-150x150.jpg\" alt=\"\" width=\"150\" height=\"150\" class=\"alignnone size-thumbnail wp-image-1606\" srcset=\"https:\/\/www.erni-brendtner.de\/wp-content\/uploads\/2017\/04\/Spuren.2-150x150.jpg 150w, https:\/\/www.erni-brendtner.de\/wp-content\/uploads\/2017\/04\/Spuren.2-432x432.jpg 432w, https:\/\/www.erni-brendtner.de\/wp-content\/uploads\/2017\/04\/Spuren.2-268x268.jpg 268w\" sizes=\"auto, (max-width: 150px) 100vw, 150px\" \/><\/a><\/td><td class=\"column-2\">Gemeinschaftausstellung der K\u00fcnstlergilde Freilassing<br \/>\n\"Spurensuche\"<br \/>\nim Stadtmuseum Freilassing<br \/>\nvom 06.04.2017 bis 17.04.2017 <br \/>\n<br \/>\n<a href=\"https:\/\/www.kuenstlergilde-freilassing.de\" rel=\"noopener noreferrer\" target=\"_blank\">Link: K\u00fcnstlergilde Freilassing \/ Fotogalerie und Presse<\/a><br \/>\n<br \/>\n<\/td>\n<\/tr>\n<\/tbody>\n<\/table>\n<!-- #tablepress-18 from cache -->\t\t\t\t\t\t  <\/div>\r\n\t\t\t\t\t\t<\/div>\r\n\t\t\t\t\t<\/div>\r\n\t\t\t\t\t<!-- Inner panel End -->\r\n\t\t\t\t\t\r\n\t\t\t\t\t\t\t\t\r\n\t\t\t\t\t<!-- Inner panel Start -->\r\n\t\t\t\t\t<div class=\"wpsm_panel wpsm_panel-default\">\r\n\t\t\t\t\t\t<div class=\"wpsm_panel-heading\" role=\"tab\" >\r\n\t\t\t\t\t\t  <h4 class=\"wpsm_panel-title\">\r\n\t\t\t\t\t\t\t<a  class=\"collapsed\"  data-toggle=\"collapse\" data-parent=\"#wpsm_accordion_5569 \" href=\"javascript:void(0)\" data-target=\"#ac_5569_collapse4\" onclick=\"do_resize()\">\r\n\t\t\t\t\t\t\t\t\t\t\t\t\t\t\t\t\t<span class=\"ac_open_cl_icon fa fa-plus\"><\/span>\r\n\t\t\t\t\t\t\t\t\t\r\n\t\t\t\t\t\t\t\t \r\n\t\t\t\t\t\t\t\t<span class=\"ac_title_class\">\r\n\t\t\t\t\t\t\t\t\t\t\t\t\t\t\t\t\t\t\t\t<span style=\"margin-right:6px;\" class=\"fa fa-angle-down\"><\/span>\r\n\t\t\t\t\t\t\t\t\t2016\t\t\t\t\t\t\t\t<\/span>\r\n\t\t\t\t\t\t\t<\/a>\r\n\t\t\t\t\t\t  <\/h4>\r\n\t\t\t\t\t\t<\/div>\r\n\t\t\t\t\t\t<div id=\"ac_5569_collapse4\" class=\"wpsm_panel-collapse collapse \"  >\r\n\t\t\t\t\t\t  <div class=\"wpsm_panel-body\">\r\n\t\t\t\t\t\t\t\n<table id=\"tablepress-19\" class=\"tablepress tablepress-id-19\">\n<tbody class=\"row-striping row-hover\">\n<tr class=\"row-1\">\n\t<td class=\"column-1\"><a href=\"http:\/\/www.erni-brendtner.de\/wp-content\/uploads\/2018\/02\/Farben-der-Erde.jpg\"><img loading=\"lazy\" decoding=\"async\" src=\"http:\/\/www.erni-brendtner.de\/wp-content\/uploads\/2018\/02\/Farben-der-Erde-150x150.jpg\" alt=\"\" width=\"150\" height=\"150\" class=\"alignnone size-thumbnail wp-image-1747\" srcset=\"https:\/\/www.erni-brendtner.de\/wp-content\/uploads\/2018\/02\/Farben-der-Erde-150x150.jpg 150w, https:\/\/www.erni-brendtner.de\/wp-content\/uploads\/2018\/02\/Farben-der-Erde-432x432.jpg 432w, https:\/\/www.erni-brendtner.de\/wp-content\/uploads\/2018\/02\/Farben-der-Erde-268x268.jpg 268w\" sizes=\"auto, (max-width: 150px) 100vw, 150px\" \/><\/a><\/td><td class=\"column-2\">Die Ausstellung \"Farben der Erde\"<br \/>\nin der Sparkasse Burghausen<br \/>\nvom 07.11.2016 - 25.11.2016 war ein gro\u00dfer Erfolg!<br \/>\n<br \/>\n<br \/>\nPressebericht: <a href=\"http:\/\/www.erni-brendtner.de\/wp-content\/uploads\/2016\/11\/Vernissage-PNP.14.11.2016.jpg\" target=\"_blank\" rel=\"noopener noreferrer\">PNP vom 14.11.2016<\/a><\/td>\n<\/tr>\n<tr class=\"row-2\">\n\t<td class=\"column-1\"><\/td><td class=\"column-2\"><\/td>\n<\/tr>\n<tr class=\"row-3\">\n\t<td class=\"column-1\"><\/td><td class=\"column-2\"><\/td>\n<\/tr>\n<tr class=\"row-4\">\n\t<td class=\"column-1\"><\/td><td class=\"column-2\"><\/td>\n<\/tr>\n<tr class=\"row-5\">\n\t<td class=\"column-1\"><a href=\"http:\/\/www.erni-brendtner.de\/wp-content\/uploads\/2016\/10\/image.jpeg\"><img loading=\"lazy\" decoding=\"async\" src=\"http:\/\/www.erni-brendtner.de\/wp-content\/uploads\/2016\/10\/image-150x150.jpeg\" alt=\"image\" width=\"150\" height=\"150\" class=\"alignnone size-thumbnail wp-image-1487\" srcset=\"https:\/\/www.erni-brendtner.de\/wp-content\/uploads\/2016\/10\/image-150x150.jpeg 150w, https:\/\/www.erni-brendtner.de\/wp-content\/uploads\/2016\/10\/image-432x432.jpeg 432w, https:\/\/www.erni-brendtner.de\/wp-content\/uploads\/2016\/10\/image-268x268.jpeg 268w\" sizes=\"auto, (max-width: 150px) 100vw, 150px\" \/><\/a><\/td><td class=\"column-2\">Gemeinschaftsausstellung der K\u00fcnstlergilde Freilassing<br \/>\n \"DEA - Durchblick-Einblick-Ausblick\"<br \/>\nim Stadtmuseum Freilassing<br \/>\nvom 30.09.2016 bis 09.10.2016<br \/>\n<br \/>\n<a href=\"https:\/\/www.kuenstlergilde-freilassing.de\" rel=\"noopener noreferrer\" target=\"_blank\">Link: K\u00fcnstlergilde Freilassing \/ Fotogalerie und Presse<\/a><br \/>\n<\/td>\n<\/tr>\n<tr class=\"row-6\">\n\t<td class=\"column-1\"><\/td><td class=\"column-2\"><\/td>\n<\/tr>\n<tr class=\"row-7\">\n\t<td class=\"column-1\"><\/td><td class=\"column-2\"><\/td>\n<\/tr>\n<tr class=\"row-8\">\n\t<td class=\"column-1\"><\/td><td class=\"column-2\"><\/td>\n<\/tr>\n<tr class=\"row-9\">\n\t<td class=\"column-1\"><a href=\"http:\/\/www.erni-brendtner.de\/wp-content\/uploads\/2016\/07\/IMG_03930.jpg\"><img loading=\"lazy\" decoding=\"async\" src=\"http:\/\/www.erni-brendtner.de\/wp-content\/uploads\/2016\/07\/IMG_03930-150x150.jpg\" alt=\"IMG_03930\" width=\"150\" height=\"150\" class=\"alignnone size-thumbnail wp-image-1462\" srcset=\"https:\/\/www.erni-brendtner.de\/wp-content\/uploads\/2016\/07\/IMG_03930-150x150.jpg 150w, https:\/\/www.erni-brendtner.de\/wp-content\/uploads\/2016\/07\/IMG_03930-432x432.jpg 432w, https:\/\/www.erni-brendtner.de\/wp-content\/uploads\/2016\/07\/IMG_03930-268x268.jpg 268w\" sizes=\"auto, (max-width: 150px) 100vw, 150px\" \/><\/a><\/td><td class=\"column-2\">25 Kinder der Gruppe Kichererbsen des<br \/>\n AWO  Kindergarten \"Zauberwald\"<br \/>\nnahmen mit viel Begeisterung und  Freude <br \/>\n<br \/>\n vom 11.7. - 15.7.2016 an meiner Malprojektwoche teil.<\/td>\n<\/tr>\n<tr class=\"row-10\">\n\t<td class=\"column-1\"><\/td><td class=\"column-2\"><\/td>\n<\/tr>\n<tr class=\"row-11\">\n\t<td class=\"column-1\"><\/td><td class=\"column-2\"><\/td>\n<\/tr>\n<tr class=\"row-12\">\n\t<td class=\"column-1\"><\/td><td class=\"column-2\"><\/td>\n<\/tr>\n<tr class=\"row-13\">\n\t<td class=\"column-1\"><a href=\"http:\/\/www.erni-brendtner.de\/wp-content\/uploads\/2016\/07\/IMG_03950.jpg\"><img loading=\"lazy\" decoding=\"async\" src=\"http:\/\/www.erni-brendtner.de\/wp-content\/uploads\/2016\/07\/IMG_03950-150x150.jpg\" alt=\"IMG_03950\" width=\"150\" height=\"150\" class=\"alignnone size-thumbnail wp-image-1458\" srcset=\"https:\/\/www.erni-brendtner.de\/wp-content\/uploads\/2016\/07\/IMG_03950-150x150.jpg 150w, https:\/\/www.erni-brendtner.de\/wp-content\/uploads\/2016\/07\/IMG_03950-432x432.jpg 432w, https:\/\/www.erni-brendtner.de\/wp-content\/uploads\/2016\/07\/IMG_03950-268x268.jpg 268w\" sizes=\"auto, (max-width: 150px) 100vw, 150px\" \/><\/a><\/td><td class=\"column-2\">Pressebericht: <br \/>\n<br \/>\n<a href=\"http:\/\/www.erni-brendtner.de\/wp-content\/uploads\/2016\/08\/001.jpg\" target=\"_blank\" rel=\"noopener noreferrer\">PNP vom 05.08.2016 \"Malwoche im Kindergarten mit Erni Brendtner\"<\/a><br \/>\n<\/td>\n<\/tr>\n<tr class=\"row-14\">\n\t<td class=\"column-1\"><\/td><td class=\"column-2\"><\/td>\n<\/tr>\n<tr class=\"row-15\">\n\t<td class=\"column-1\"><\/td><td class=\"column-2\"><\/td>\n<\/tr>\n<tr class=\"row-16\">\n\t<td class=\"column-1\"><\/td><td class=\"column-2\"><\/td>\n<\/tr>\n<tr class=\"row-17\">\n\t<td class=\"column-1\"><a href=\"http:\/\/www.erni-brendtner.de\/wp-content\/uploads\/2016\/07\/IMG_0377.jpg\"><img loading=\"lazy\" decoding=\"async\" src=\"http:\/\/www.erni-brendtner.de\/wp-content\/uploads\/2016\/07\/IMG_0377-150x150.jpg\" alt=\"IMG_0377\" width=\"150\" height=\"150\" class=\"alignnone size-thumbnail wp-image-1451\" srcset=\"https:\/\/www.erni-brendtner.de\/wp-content\/uploads\/2016\/07\/IMG_0377-150x150.jpg 150w, https:\/\/www.erni-brendtner.de\/wp-content\/uploads\/2016\/07\/IMG_0377-432x432.jpg 432w, https:\/\/www.erni-brendtner.de\/wp-content\/uploads\/2016\/07\/IMG_0377-268x268.jpg 268w\" sizes=\"auto, (max-width: 150px) 100vw, 150px\" \/><\/a><\/td><td class=\"column-2\">Jahresausstellung des Kunstvereins Alt\u00f6tting \u201eO.T.\u201c in der VR meine Raiffeisenbank in Alt\u00f6tting<br \/>\nvom 30.06.2016 - 22.07.2016 <br \/>\n<br \/>\nPressebericht: <a href=\"http:\/\/www.erni-brendtner.de\/wp-content\/uploads\/2016\/07\/003.jpg\" target=\"_blank\" rel=\"noopener noreferrer\">PNP vom 4. Juli 2016<br \/>\n<\/td>\n<\/tr>\n<\/tbody>\n<\/table>\n<!-- #tablepress-19 from cache -->\t\t\t\t\t\t  <\/div>\r\n\t\t\t\t\t\t<\/div>\r\n\t\t\t\t\t<\/div>\r\n\t\t\t\t\t<!-- Inner panel End -->\r\n\t\t\t\t\t\r\n\t\t\t\t\t\t\t\t\r\n\t\t\t\t\t<!-- Inner panel Start -->\r\n\t\t\t\t\t<div class=\"wpsm_panel wpsm_panel-default\">\r\n\t\t\t\t\t\t<div class=\"wpsm_panel-heading\" role=\"tab\" >\r\n\t\t\t\t\t\t  <h4 class=\"wpsm_panel-title\">\r\n\t\t\t\t\t\t\t<a  class=\"collapsed\"  data-toggle=\"collapse\" data-parent=\"#wpsm_accordion_5569 \" href=\"javascript:void(0)\" data-target=\"#ac_5569_collapse5\" onclick=\"do_resize()\">\r\n\t\t\t\t\t\t\t\t\t\t\t\t\t\t\t\t\t<span class=\"ac_open_cl_icon fa fa-plus\"><\/span>\r\n\t\t\t\t\t\t\t\t\t\r\n\t\t\t\t\t\t\t\t \r\n\t\t\t\t\t\t\t\t<span class=\"ac_title_class\">\r\n\t\t\t\t\t\t\t\t\t\t\t\t\t\t\t\t\t\t\t\t<span style=\"margin-right:6px;\" class=\"fa fa-angle-down\"><\/span>\r\n\t\t\t\t\t\t\t\t\t2015\t\t\t\t\t\t\t\t<\/span>\r\n\t\t\t\t\t\t\t<\/a>\r\n\t\t\t\t\t\t  <\/h4>\r\n\t\t\t\t\t\t<\/div>\r\n\t\t\t\t\t\t<div id=\"ac_5569_collapse5\" class=\"wpsm_panel-collapse collapse \"  >\r\n\t\t\t\t\t\t  <div class=\"wpsm_panel-body\">\r\n\t\t\t\t\t\t\t\n<table id=\"tablepress-20\" class=\"tablepress tablepress-id-20\">\n<tbody class=\"row-striping row-hover\">\n<tr class=\"row-1\">\n\t<td class=\"column-1\"><a href=\"http:\/\/www.erni-brendtner.de\/wp-content\/uploads\/2015\/12\/027.jpg\"><img loading=\"lazy\" decoding=\"async\" src=\"http:\/\/www.erni-brendtner.de\/wp-content\/uploads\/2015\/12\/027-150x150.jpg\" alt=\"027\" width=\"150\" height=\"150\" class=\"alignnone size-thumbnail wp-image-1357\" srcset=\"https:\/\/www.erni-brendtner.de\/wp-content\/uploads\/2015\/12\/027-150x150.jpg 150w, https:\/\/www.erni-brendtner.de\/wp-content\/uploads\/2015\/12\/027-432x432.jpg 432w, https:\/\/www.erni-brendtner.de\/wp-content\/uploads\/2015\/12\/027-268x268.jpg 268w\" sizes=\"auto, (max-width: 150px) 100vw, 150px\" \/><\/a><\/td><td class=\"column-2\">Gemeinschaftsausstellung des Kunstvereins Alt\u00f6tting <br \/>\n\"Neu\u00f6tting - Perspektiven einer Stadt\"<br \/>\nim Stadtmuseum Neu\u00f6tting<br \/>\n<br \/>\nvom 21.11.2015  - 02.12.2015<br \/>\n<a href=\"http:\/\/www.kunstverein-altoetting.de\" rel=\"noopener noreferrer\" target=\"_blank\">Link: Kunstverein Alt\u00f6tting \/ Fotogalerie<\/a><br \/>\n<br \/>\n<\/td>\n<\/tr>\n<tr class=\"row-2\">\n\t<td class=\"column-1\"><\/td><td class=\"column-2\"><\/td>\n<\/tr>\n<tr class=\"row-3\">\n\t<td class=\"column-1\"><\/td><td class=\"column-2\"><\/td>\n<\/tr>\n<tr class=\"row-4\">\n\t<td class=\"column-1\"><\/td><td class=\"column-2\"><\/td>\n<\/tr>\n<tr class=\"row-5\">\n\t<td class=\"column-1\"><a href=\"http:\/\/www.erni-brendtner.de\/wp-content\/uploads\/2016\/02\/VR-Raiba-Bilder-0180s.jpg\"><img loading=\"lazy\" decoding=\"async\" src=\"http:\/\/www.erni-brendtner.de\/wp-content\/uploads\/2016\/02\/VR-Raiba-Bilder-0180s-150x150.jpg\" alt=\"VR Raiba Bilder 0180s\" width=\"150\" height=\"150\" class=\"alignnone size-thumbnail wp-image-1379\" srcset=\"https:\/\/www.erni-brendtner.de\/wp-content\/uploads\/2016\/02\/VR-Raiba-Bilder-0180s-150x150.jpg 150w, https:\/\/www.erni-brendtner.de\/wp-content\/uploads\/2016\/02\/VR-Raiba-Bilder-0180s-432x432.jpg 432w, https:\/\/www.erni-brendtner.de\/wp-content\/uploads\/2016\/02\/VR-Raiba-Bilder-0180s-268x268.jpg 268w\" sizes=\"auto, (max-width: 150px) 100vw, 150px\" \/><\/a><\/td><td class=\"column-2\">Die Ausstellung \"Parallel zur Natur\" gemeinsam mit Horst Renner (Skulptur) <br \/>\nin der VR meine Raiffeisenbank in  Alt\u00f6tting <br \/>\nvom 12.11.2015 - 15.12.2015 war ein gro\u00dfer Erfolg! <br \/>\n<br \/>\nPressebericht: <a href=\"http:\/\/www.erni-brendtner.de\/wp-content\/uploads\/2015\/11\/002.jpg\" target=\"_blank\" rel=\"noopener noreferrer\">PNP vom 16.11.2015 \"Malerei und Skulptur - Parallel zur Natur\"<\/td>\n<\/tr>\n<tr class=\"row-6\">\n\t<td class=\"column-1\"><\/td><td class=\"column-2\"><\/td>\n<\/tr>\n<tr class=\"row-7\">\n\t<td class=\"column-1\"><\/td><td class=\"column-2\"><\/td>\n<\/tr>\n<tr class=\"row-8\">\n\t<td class=\"column-1\"><\/td><td class=\"column-2\"><\/td>\n<\/tr>\n<tr class=\"row-9\">\n\t<td class=\"column-1\"><a href=\"http:\/\/www.erni-brendtner.de\/wp-content\/uploads\/2015\/11\/Neubeuern.1._scaliert.9909.jpg\"><img loading=\"lazy\" decoding=\"async\" src=\"http:\/\/www.erni-brendtner.de\/wp-content\/uploads\/2015\/11\/Neubeuern.1._scaliert.9909-150x150.jpg\" alt=\"Neubeuern.1._scaliert.9909\" width=\"150\" height=\"150\" class=\"alignnone size-thumbnail wp-image-1295\" srcset=\"https:\/\/www.erni-brendtner.de\/wp-content\/uploads\/2015\/11\/Neubeuern.1._scaliert.9909-150x150.jpg 150w, https:\/\/www.erni-brendtner.de\/wp-content\/uploads\/2015\/11\/Neubeuern.1._scaliert.9909-432x432.jpg 432w, https:\/\/www.erni-brendtner.de\/wp-content\/uploads\/2015\/11\/Neubeuern.1._scaliert.9909-268x268.jpg 268w\" sizes=\"auto, (max-width: 150px) 100vw, 150px\" \/><\/a><\/td><td class=\"column-2\">Gastausstellung der K\u00fcnstlergilde Freilassing<br \/>\nin der Galerie am Markt in Neubeuern<br \/>\n<br \/>\nvom 31.10.2015 - 08.11.2015<br \/>\n<br \/>\n<a href=\"http:\/\/www.erni-brendtner.de\/wp-content\/uploads\/2015\/12\/cache_515631720.jpg\" target=\"_blank\" rel=\"noopener noreferrer\">Pressebericht in der OVP Rosenheim vom 12.11.2015<\/a><\/td>\n<\/tr>\n<tr class=\"row-10\">\n\t<td class=\"column-1\"><\/td><td class=\"column-2\"><\/td>\n<\/tr>\n<tr class=\"row-11\">\n\t<td class=\"column-1\"><\/td><td class=\"column-2\"><\/td>\n<\/tr>\n<tr class=\"row-12\">\n\t<td class=\"column-1\"><\/td><td class=\"column-2\"><\/td>\n<\/tr>\n<tr class=\"row-13\">\n\t<td class=\"column-1\"><a href=\"http:\/\/www.erni-brendtner.de\/wp-content\/uploads\/2015\/08\/Waldeslust19.jpg\"><img loading=\"lazy\" decoding=\"async\" src=\"http:\/\/www.erni-brendtner.de\/wp-content\/uploads\/2015\/08\/Waldeslust19-150x150.jpg\" alt=\"Waldeslust19\" width=\"150\" height=\"150\" class=\"alignnone size-thumbnail wp-image-1274\" srcset=\"https:\/\/www.erni-brendtner.de\/wp-content\/uploads\/2015\/08\/Waldeslust19-150x150.jpg 150w, https:\/\/www.erni-brendtner.de\/wp-content\/uploads\/2015\/08\/Waldeslust19-432x432.jpg 432w, https:\/\/www.erni-brendtner.de\/wp-content\/uploads\/2015\/08\/Waldeslust19-268x268.jpg 268w\" sizes=\"auto, (max-width: 150px) 100vw, 150px\" \/><\/a><\/td><td class=\"column-2\">Radltour \"Waldeslust\" - Mitglieder des Kunstvereins Alt\u00f6tting veranstalten im Rahmen des Alt\u00f6ttinger Ferienpasses eine Kunstbesichtigung mitten im Wald<br \/>\n<br \/>\n<\/td>\n<\/tr>\n<tr class=\"row-14\">\n\t<td class=\"column-1\"><\/td><td class=\"column-2\"><\/td>\n<\/tr>\n<tr class=\"row-15\">\n\t<td class=\"column-1\"><\/td><td class=\"column-2\"><\/td>\n<\/tr>\n<tr class=\"row-16\">\n\t<td class=\"column-1\"><\/td><td class=\"column-2\"><\/td>\n<\/tr>\n<tr class=\"row-17\">\n\t<td class=\"column-1\"><a href=\"http:\/\/www.erni-brendtner.de\/wp-content\/uploads\/2015\/07\/A2766CFB-56B2-4249-9107-C966595796AB.jpg\"><img loading=\"lazy\" decoding=\"async\" src=\"http:\/\/www.erni-brendtner.de\/wp-content\/uploads\/2015\/07\/A2766CFB-56B2-4249-9107-C966595796AB-150x150.jpg\" alt=\"A2766CFB-56B2-4249-9107-C966595796AB\" width=\"150\" height=\"150\" class=\"alignnone size-thumbnail wp-image-1088\" srcset=\"https:\/\/www.erni-brendtner.de\/wp-content\/uploads\/2015\/07\/A2766CFB-56B2-4249-9107-C966595796AB-150x150.jpg 150w, https:\/\/www.erni-brendtner.de\/wp-content\/uploads\/2015\/07\/A2766CFB-56B2-4249-9107-C966595796AB-432x432.jpg 432w, https:\/\/www.erni-brendtner.de\/wp-content\/uploads\/2015\/07\/A2766CFB-56B2-4249-9107-C966595796AB-268x268.jpg 268w\" sizes=\"auto, (max-width: 150px) 100vw, 150px\" \/><\/a><\/td><td class=\"column-2\">Jahresausstellung des Kunstvereins Alt\u00f6tting \"Licht\"<br \/>\nin der VR meine Raiffeisenbank in Alt\u00f6tting<br \/>\nvom 10.07.2015 - 03.08.2015<br \/>\n<br \/>\n<br \/>\nPressebericht: <a href=\"http:\/\/www.erni-brendtner.de\/wp-content\/uploads\/2015\/07\/licht-001.jpg\" target=\"_blank\" rel=\"noopener noreferrer\">PNP vom 13.07.2015 \"Lichte Kunst\"<\/a><\/td>\n<\/tr>\n<\/tbody>\n<\/table>\n<!-- #tablepress-20 from cache -->\t\t\t\t\t\t  <\/div>\r\n\t\t\t\t\t\t<\/div>\r\n\t\t\t\t\t<\/div>\r\n\t\t\t\t\t<!-- Inner panel End -->\r\n\t\t\t\t\t\r\n\t\t\t\t\t\t\t\t\r\n\t\t\t\t\t<!-- Inner panel Start -->\r\n\t\t\t\t\t<div class=\"wpsm_panel wpsm_panel-default\">\r\n\t\t\t\t\t\t<div class=\"wpsm_panel-heading\" role=\"tab\" >\r\n\t\t\t\t\t\t  <h4 class=\"wpsm_panel-title\">\r\n\t\t\t\t\t\t\t<a  class=\"collapsed\"  data-toggle=\"collapse\" data-parent=\"#wpsm_accordion_5569 \" href=\"javascript:void(0)\" data-target=\"#ac_5569_collapse6\" onclick=\"do_resize()\">\r\n\t\t\t\t\t\t\t\t\t\t\t\t\t\t\t\t\t<span class=\"ac_open_cl_icon fa fa-plus\"><\/span>\r\n\t\t\t\t\t\t\t\t\t\r\n\t\t\t\t\t\t\t\t \r\n\t\t\t\t\t\t\t\t<span class=\"ac_title_class\">\r\n\t\t\t\t\t\t\t\t\t\t\t\t\t\t\t\t\t\t\t\t<span style=\"margin-right:6px;\" class=\"fa fa-angle-down\"><\/span>\r\n\t\t\t\t\t\t\t\t\t2014\t\t\t\t\t\t\t\t<\/span>\r\n\t\t\t\t\t\t\t<\/a>\r\n\t\t\t\t\t\t  <\/h4>\r\n\t\t\t\t\t\t<\/div>\r\n\t\t\t\t\t\t<div id=\"ac_5569_collapse6\" class=\"wpsm_panel-collapse collapse \"  >\r\n\t\t\t\t\t\t  <div class=\"wpsm_panel-body\">\r\n\t\t\t\t\t\t\t\n<table id=\"tablepress-21\" class=\"tablepress tablepress-id-21\">\n<tbody class=\"row-striping row-hover\">\n<tr class=\"row-1\">\n\t<td class=\"column-1\"><a href=\"http:\/\/www.erni-brendtner.de\/wp-content\/uploads\/2015\/07\/Facetten-BRH-2014klein.jpg\"><img loading=\"lazy\" decoding=\"async\" src=\"http:\/\/www.erni-brendtner.de\/wp-content\/uploads\/2015\/07\/Facetten-BRH-2014klein-150x150.jpg\" alt=\"Facetten-BRH        2014klein\" width=\"150\" height=\"150\" class=\"alignnone size-thumbnail wp-image-1257\" srcset=\"https:\/\/www.erni-brendtner.de\/wp-content\/uploads\/2015\/07\/Facetten-BRH-2014klein-150x150.jpg 150w, https:\/\/www.erni-brendtner.de\/wp-content\/uploads\/2015\/07\/Facetten-BRH-2014klein-432x432.jpg 432w, https:\/\/www.erni-brendtner.de\/wp-content\/uploads\/2015\/07\/Facetten-BRH-2014klein-268x268.jpg 268w\" sizes=\"auto, (max-width: 150px) 100vw, 150px\" \/><\/a><\/td><td class=\"column-2\">Gemeinschaftsausstellung der K\u00fcnstlergilde Freilassing \"Facetten\"<br \/>\nim Stadtmuseum Bad Reichenhall<br \/>\nvom 24.10.2014 bis 02.11.2014<br \/>\n<br \/>\nPressebericht: <a href=\"http:\/\/www.erni-brendtner.de\/wp-content\/uploads\/2015\/08\/612040142-IMG_8126-Presse-Facetten.-BRH.2014.pdf\" target=\"_blank\" rel=\"noopener noreferrer\">Freilassinger Anzeiger vom 31.10.2014 \"Kunst in all ihren Erscheinungsformen\"<\/a><br \/>\n<a href=\"https:\/\/www.kuenstlergilde-freilassing.de\" rel=\"noopener noreferrer\" target=\"_blank\">Link: K\u00fcnstlergilde Freilassing \/ Fotogalerie und Presse<\/a><\/td>\n<\/tr>\n<tr class=\"row-2\">\n\t<td class=\"column-1\"><\/td><td class=\"column-2\"><\/td>\n<\/tr>\n<tr class=\"row-3\">\n\t<td class=\"column-1\"><\/td><td class=\"column-2\"><\/td>\n<\/tr>\n<tr class=\"row-4\">\n\t<td class=\"column-1\"><\/td><td class=\"column-2\"><\/td>\n<\/tr>\n<tr class=\"row-5\">\n\t<td class=\"column-1\"><a href=\"http:\/\/www.erni-brendtner.de\/wp-content\/uploads\/2015\/03\/IMG_8024.jpg\"><img loading=\"lazy\" decoding=\"async\" src=\"http:\/\/www.erni-brendtner.de\/wp-content\/uploads\/2015\/03\/IMG_8024-150x150.jpg\" alt=\"IMG_8024\" width=\"150\" height=\"150\" class=\"alignnone size-thumbnail wp-image-732\" srcset=\"https:\/\/www.erni-brendtner.de\/wp-content\/uploads\/2015\/03\/IMG_8024-150x150.jpg 150w, https:\/\/www.erni-brendtner.de\/wp-content\/uploads\/2015\/03\/IMG_8024-432x432.jpg 432w, https:\/\/www.erni-brendtner.de\/wp-content\/uploads\/2015\/03\/IMG_8024-268x268.jpg 268w\" sizes=\"auto, (max-width: 150px) 100vw, 150px\" \/><\/a><\/td><td class=\"column-2\">Gemeinschaftsausstellung des Kunstvereins Alt\u00f6tting \"Peripherie\"<br \/>\nin der Stadtgalerie Alt\u00f6tting<br \/>\nvom 19.09.2014 - 26.10.2014<br \/>\n<br \/>\nPressebericht: <a href=\"http:\/\/www.erni-brendtner.de\/wp-content\/uploads\/2015\/05\/PNP-Peripherie-2013.jpg\" target=\"_blank\" rel=\"noopener noreferrer\">PNP vom 24.09.2014 \"Die Peripherie r\u00fcckt ins Zentrum\"<\/a><br \/>\n<\/td>\n<\/tr>\n<tr class=\"row-6\">\n\t<td class=\"column-1\"><\/td><td class=\"column-2\"><\/td>\n<\/tr>\n<tr class=\"row-7\">\n\t<td class=\"column-1\"><\/td><td class=\"column-2\"><\/td>\n<\/tr>\n<tr class=\"row-8\">\n\t<td class=\"column-1\"><\/td><td class=\"column-2\"><\/td>\n<\/tr>\n<tr class=\"row-9\">\n\t<td class=\"column-1\"><a href=\"http:\/\/www.erni-brendtner.de\/wp-content\/uploads\/2015\/03\/Z-1.Schaufenster.Freilassing.7392.jpg\"><img loading=\"lazy\" decoding=\"async\" src=\"http:\/\/www.erni-brendtner.de\/wp-content\/uploads\/2015\/03\/Z-1.Schaufenster.Freilassing.7392-150x150.jpg\" alt=\"\" width=\"150\" height=\"150\" class=\"alignnone size-thumbnail wp-image-865\" srcset=\"https:\/\/www.erni-brendtner.de\/wp-content\/uploads\/2015\/03\/Z-1.Schaufenster.Freilassing.7392-150x150.jpg 150w, https:\/\/www.erni-brendtner.de\/wp-content\/uploads\/2015\/03\/Z-1.Schaufenster.Freilassing.7392-432x432.jpg 432w, https:\/\/www.erni-brendtner.de\/wp-content\/uploads\/2015\/03\/Z-1.Schaufenster.Freilassing.7392-268x268.jpg 268w\" sizes=\"auto, (max-width: 150px) 100vw, 150px\" \/><\/a><\/td><td class=\"column-2\">\"Galerie im Schaufenster\"<br \/>\nModegesch\u00e4ft S\u00fcss in Freilassing<br \/>\nJuli\/August 2014<br \/>\n<br \/>\n<\/td>\n<\/tr>\n<tr class=\"row-10\">\n\t<td class=\"column-1\"><\/td><td class=\"column-2\"><\/td>\n<\/tr>\n<tr class=\"row-11\">\n\t<td class=\"column-1\"><\/td><td class=\"column-2\"><\/td>\n<\/tr>\n<tr class=\"row-12\">\n\t<td class=\"column-1\"><\/td><td class=\"column-2\"><\/td>\n<\/tr>\n<tr class=\"row-13\">\n\t<td class=\"column-1\"><a href=\"http:\/\/www.erni-brendtner.de\/wp-content\/uploads\/2015\/03\/Z-2.Kunst-bewegt-Gilde-Freilassing-7419.jpg\"><img loading=\"lazy\" decoding=\"async\" src=\"http:\/\/www.erni-brendtner.de\/wp-content\/uploads\/2015\/03\/Z-2.Kunst-bewegt-Gilde-Freilassing-7419-150x150.jpg\" alt=\"Z-2.Kunst bewegt, Gilde, Freilassing-7419\" width=\"150\" height=\"150\" class=\"alignnone size-thumbnail wp-image-866\" srcset=\"https:\/\/www.erni-brendtner.de\/wp-content\/uploads\/2015\/03\/Z-2.Kunst-bewegt-Gilde-Freilassing-7419-150x150.jpg 150w, https:\/\/www.erni-brendtner.de\/wp-content\/uploads\/2015\/03\/Z-2.Kunst-bewegt-Gilde-Freilassing-7419-432x432.jpg 432w, https:\/\/www.erni-brendtner.de\/wp-content\/uploads\/2015\/03\/Z-2.Kunst-bewegt-Gilde-Freilassing-7419-268x268.jpg 268w\" sizes=\"auto, (max-width: 150px) 100vw, 150px\" \/><\/a><\/td><td class=\"column-2\">Gemeinschaftsausstellung der K\u00fcnstlergilde Freilassing \"Kunst bewegt\"<br \/>\nim Stadtmuseum Freilassing<br \/>\nvom 03.07.2014 bis 13.07.2014<br \/>\n<br \/>\n<br \/>\n<\/td>\n<\/tr>\n<tr class=\"row-14\">\n\t<td class=\"column-1\"><\/td><td class=\"column-2\"><\/td>\n<\/tr>\n<tr class=\"row-15\">\n\t<td class=\"column-1\"><\/td><td class=\"column-2\"><\/td>\n<\/tr>\n<tr class=\"row-16\">\n\t<td class=\"column-1\"><\/td><td class=\"column-2\"><\/td>\n<\/tr>\n<tr class=\"row-17\">\n\t<td class=\"column-1\"><a href=\"http:\/\/www.erni-brendtner.de\/wp-content\/uploads\/2020\/09\/Reisen.jpg\"><img loading=\"lazy\" decoding=\"async\" src=\"http:\/\/www.erni-brendtner.de\/wp-content\/uploads\/2020\/09\/Reisen-150x150.jpg\" alt=\"\" width=\"150\" height=\"150\" class=\"alignnone size-thumbnail wp-image-3028\" srcset=\"https:\/\/www.erni-brendtner.de\/wp-content\/uploads\/2020\/09\/Reisen-150x150.jpg 150w, https:\/\/www.erni-brendtner.de\/wp-content\/uploads\/2020\/09\/Reisen-432x432.jpg 432w, https:\/\/www.erni-brendtner.de\/wp-content\/uploads\/2020\/09\/Reisen-268x268.jpg 268w\" sizes=\"auto, (max-width: 150px) 100vw, 150px\" \/><\/a><\/td><td class=\"column-2\">Gemeinschaftsausstellung des Kunstvereins Alt\u00f6tting \u201eReisen\u201c <br \/>\nin der VR meine Raiffeisenbank in Alt\u00f6tting<br \/>\nvom 13.03.2014 bis 04.04.2014<\/td>\n<\/tr>\n<tr class=\"row-18\">\n\t<td class=\"column-1\"><\/td><td class=\"column-2\"><\/td>\n<\/tr>\n<tr class=\"row-19\">\n\t<td class=\"column-1\"><\/td><td class=\"column-2\"><\/td>\n<\/tr>\n<tr class=\"row-20\">\n\t<td class=\"column-1\"><\/td><td class=\"column-2\"><\/td>\n<\/tr>\n<tr class=\"row-21\">\n\t<td class=\"column-1\"><a href=\"http:\/\/www.erni-brendtner.de\/wp-content\/uploads\/2015\/03\/Z-4.Praxis-Dr.-Fritz-IMG_6882.jpg\"><img loading=\"lazy\" decoding=\"async\" src=\"http:\/\/www.erni-brendtner.de\/wp-content\/uploads\/2015\/03\/Z-4.Praxis-Dr.-Fritz-IMG_6882-150x150.jpg\" alt=\"Z-4.Praxis Dr. Fritz-IMG_6882\" width=\"150\" height=\"150\" class=\"alignnone size-thumbnail wp-image-868\" srcset=\"https:\/\/www.erni-brendtner.de\/wp-content\/uploads\/2015\/03\/Z-4.Praxis-Dr.-Fritz-IMG_6882-150x150.jpg 150w, https:\/\/www.erni-brendtner.de\/wp-content\/uploads\/2015\/03\/Z-4.Praxis-Dr.-Fritz-IMG_6882-432x432.jpg 432w, https:\/\/www.erni-brendtner.de\/wp-content\/uploads\/2015\/03\/Z-4.Praxis-Dr.-Fritz-IMG_6882-268x268.jpg 268w\" sizes=\"auto, (max-width: 150px) 100vw, 150px\" \/><\/a><\/td><td class=\"column-2\">Ausstellung in der Zahnarztpraxis von Dr. Michael Fritz<br \/>\nin  Burghausen im Jahr 2014<\/td>\n<\/tr>\n<\/tbody>\n<\/table>\n<!-- #tablepress-21 from cache -->\t\t\t\t\t\t  <\/div>\r\n\t\t\t\t\t\t<\/div>\r\n\t\t\t\t\t<\/div>\r\n\t\t\t\t\t<!-- Inner panel End -->\r\n\t\t\t\t\t\r\n\t\t\t\t\t\t\t\t\r\n\t\t\t\t\t<!-- Inner panel Start -->\r\n\t\t\t\t\t<div class=\"wpsm_panel wpsm_panel-default\">\r\n\t\t\t\t\t\t<div class=\"wpsm_panel-heading\" role=\"tab\" >\r\n\t\t\t\t\t\t  <h4 class=\"wpsm_panel-title\">\r\n\t\t\t\t\t\t\t<a  class=\"collapsed\"  data-toggle=\"collapse\" data-parent=\"#wpsm_accordion_5569 \" href=\"javascript:void(0)\" data-target=\"#ac_5569_collapse7\" onclick=\"do_resize()\">\r\n\t\t\t\t\t\t\t\t\t\t\t\t\t\t\t\t\t<span class=\"ac_open_cl_icon fa fa-plus\"><\/span>\r\n\t\t\t\t\t\t\t\t\t\r\n\t\t\t\t\t\t\t\t \r\n\t\t\t\t\t\t\t\t<span class=\"ac_title_class\">\r\n\t\t\t\t\t\t\t\t\t\t\t\t\t\t\t\t\t\t\t\t<span style=\"margin-right:6px;\" class=\"fa fa-angle-down\"><\/span>\r\n\t\t\t\t\t\t\t\t\t2013\t\t\t\t\t\t\t\t<\/span>\r\n\t\t\t\t\t\t\t<\/a>\r\n\t\t\t\t\t\t  <\/h4>\r\n\t\t\t\t\t\t<\/div>\r\n\t\t\t\t\t\t<div id=\"ac_5569_collapse7\" class=\"wpsm_panel-collapse collapse \"  >\r\n\t\t\t\t\t\t  <div class=\"wpsm_panel-body\">\r\n\t\t\t\t\t\t\t\n<table id=\"tablepress-22\" class=\"tablepress tablepress-id-22\">\n<tbody class=\"row-striping row-hover\">\n<tr class=\"row-1\">\n\t<td class=\"column-1\">Pressebericht: <a href=\"http:\/\/www.erni-brendtner.de\/wp-content\/uploads\/2015\/05\/Burg-Tittmoning-Vernissage-20131.png\" target=\"_blank\" rel=\"noopener noreferrer\">S\u00fcdostbayerische Rundschau vom 03.08.2013<\/a><\/td><td class=\"column-2\"> Einzelausstellung in der Carabinieristube auf der Burg Tittmoning<br \/>\n vom 01.08.2013 - 01.09.2013<br \/>\n\"Farbkl\u00e4nge - Klangfarben\" - Musikbilder <br \/>\n<br \/>\n<\/td>\n<\/tr>\n<tr class=\"row-2\">\n\t<td class=\"column-1\"><\/td><td class=\"column-2\"><\/td>\n<\/tr>\n<tr class=\"row-3\">\n\t<td class=\"column-1\">Foto: Dr. G. Poschmann<\/td><td class=\"column-2\"><\/td>\n<\/tr>\n<tr class=\"row-4\">\n\t<td class=\"column-1\"><\/td><td class=\"column-2\"><\/td>\n<\/tr>\n<tr class=\"row-5\">\n\t<td class=\"column-1\"><a href=\"http:\/\/www.kunstverein-altoetting.de\" rel=\"noopener noreferrer\" target=\"_blank\">Link: Kunstverein Alt\u00f6tting \/ Fotogalerie<\/a><\/td><td class=\"column-2\">Jahresausstellung des Kunstvereins Alt\u00f6tting  \"wie die Zeit vergeht - 20 Jahre Kunstverein\"<br \/>\nin der VR meine Raiffeisenbank in Alt\u00f6tting<br \/>\nvom 28.06. - 26.07.2013 <br \/>\n<br \/>\n<\/td>\n<\/tr>\n<tr class=\"row-6\">\n\t<td class=\"column-1\"><\/td><td class=\"column-2\"><\/td>\n<\/tr>\n<tr class=\"row-7\">\n\t<td class=\"column-1\"><\/td><td class=\"column-2\"><\/td>\n<\/tr>\n<tr class=\"row-8\">\n\t<td class=\"column-1\"><\/td><td class=\"column-2\"><\/td>\n<\/tr>\n<tr class=\"row-9\">\n\t<td class=\"column-1\"><a href=\"http:\/\/www.erni-brendtner.de\/wp-content\/uploads\/2015\/07\/Notaufnahme-Vier-Elemente-1.jpg\"><img loading=\"lazy\" decoding=\"async\" src=\"http:\/\/www.erni-brendtner.de\/wp-content\/uploads\/2015\/07\/Notaufnahme-Vier-Elemente-1-150x150.jpg\" alt=\"Notaufnahme Vier Elemente (1)\" width=\"150\" height=\"150\" class=\"alignnone size-thumbnail wp-image-1203\" srcset=\"https:\/\/www.erni-brendtner.de\/wp-content\/uploads\/2015\/07\/Notaufnahme-Vier-Elemente-1-150x150.jpg 150w, https:\/\/www.erni-brendtner.de\/wp-content\/uploads\/2015\/07\/Notaufnahme-Vier-Elemente-1-432x432.jpg 432w, https:\/\/www.erni-brendtner.de\/wp-content\/uploads\/2015\/07\/Notaufnahme-Vier-Elemente-1-268x268.jpg 268w\" sizes=\"auto, (max-width: 150px) 100vw, 150px\" \/><\/a><\/td><td class=\"column-2\">Meine \"Vier Elemente Tafeln\" versch\u00f6nern seit 2013 ausdrucksstark den Wartebereich der  Notaufnahme des Burghauser Krankenhauses.<\/td>\n<\/tr>\n<\/tbody>\n<\/table>\n<!-- #tablepress-22 from cache -->\t\t\t\t\t\t  <\/div>\r\n\t\t\t\t\t\t<\/div>\r\n\t\t\t\t\t<\/div>\r\n\t\t\t\t\t<!-- Inner panel End -->\r\n\t\t\t\t\t\r\n\t\t\t\t\t\t\t\t\r\n\t\t\t\t\t<!-- Inner panel Start -->\r\n\t\t\t\t\t<div class=\"wpsm_panel wpsm_panel-default\">\r\n\t\t\t\t\t\t<div class=\"wpsm_panel-heading\" role=\"tab\" >\r\n\t\t\t\t\t\t  <h4 class=\"wpsm_panel-title\">\r\n\t\t\t\t\t\t\t<a  class=\"collapsed\"  data-toggle=\"collapse\" data-parent=\"#wpsm_accordion_5569 \" href=\"javascript:void(0)\" data-target=\"#ac_5569_collapse8\" onclick=\"do_resize()\">\r\n\t\t\t\t\t\t\t\t\t\t\t\t\t\t\t\t\t<span class=\"ac_open_cl_icon fa fa-plus\"><\/span>\r\n\t\t\t\t\t\t\t\t\t\r\n\t\t\t\t\t\t\t\t \r\n\t\t\t\t\t\t\t\t<span class=\"ac_title_class\">\r\n\t\t\t\t\t\t\t\t\t\t\t\t\t\t\t\t\t\t\t\t<span style=\"margin-right:6px;\" class=\"fa fa-angle-down\"><\/span>\r\n\t\t\t\t\t\t\t\t\t2008 - 2012\t\t\t\t\t\t\t\t<\/span>\r\n\t\t\t\t\t\t\t<\/a>\r\n\t\t\t\t\t\t  <\/h4>\r\n\t\t\t\t\t\t<\/div>\r\n\t\t\t\t\t\t<div id=\"ac_5569_collapse8\" class=\"wpsm_panel-collapse collapse \"  >\r\n\t\t\t\t\t\t  <div class=\"wpsm_panel-body\">\r\n\t\t\t\t\t\t\t\n<table id=\"tablepress-23\" class=\"tablepress tablepress-id-23\">\n<tbody class=\"row-striping row-hover\">\n<tr class=\"row-1\">\n\t<td class=\"column-1\"><a href=\"http:\/\/www.erni-brendtner.de\/wp-content\/uploads\/2015\/03\/Z-7.KG2_4977.jpg\"><img loading=\"lazy\" decoding=\"async\" src=\"http:\/\/www.erni-brendtner.de\/wp-content\/uploads\/2015\/03\/Z-7.KG2_4977-150x150.jpg\" alt=\"Z-7.KG2_4977\" width=\"150\" height=\"150\" class=\"alignnone size-thumbnail wp-image-870\" srcset=\"https:\/\/www.erni-brendtner.de\/wp-content\/uploads\/2015\/03\/Z-7.KG2_4977-150x150.jpg 150w, https:\/\/www.erni-brendtner.de\/wp-content\/uploads\/2015\/03\/Z-7.KG2_4977-432x432.jpg 432w, https:\/\/www.erni-brendtner.de\/wp-content\/uploads\/2015\/03\/Z-7.KG2_4977-268x268.jpg 268w\" sizes=\"auto, (max-width: 150px) 100vw, 150px\" \/><\/a><\/td><td class=\"column-2\">F\u00fcr die Kinderkrippe \"Fidibus\" im AWO Kindergarten \"Zauberwald\" <br \/>\nin Burghausen habe ich 2012 ein Bild gemalt.<br \/>\n<br \/>\n\"Lauf-, Krabbel- und Flugstube  -  Tiere die wir kennen\"<\/td>\n<\/tr>\n<tr class=\"row-2\">\n\t<td class=\"column-1\"><\/td><td class=\"column-2\"><\/td>\n<\/tr>\n<tr class=\"row-3\">\n\t<td class=\"column-1\"><\/td><td class=\"column-2\"><\/td>\n<\/tr>\n<tr class=\"row-4\">\n\t<td class=\"column-1\"><\/td><td class=\"column-2\"><\/td>\n<\/tr>\n<tr class=\"row-5\">\n\t<td class=\"column-1\"><a href=\"http:\/\/www.erni-brendtner.de\/wp-content\/uploads\/2015\/05\/002.jpg\"><img loading=\"lazy\" decoding=\"async\" src=\"http:\/\/www.erni-brendtner.de\/wp-content\/uploads\/2015\/05\/002-150x150.jpg\" alt=\"Mythen und M\u00e4rchen 2012\" width=\"150\" height=\"150\" class=\"alignnone size-thumbnail wp-image-1039\" srcset=\"https:\/\/www.erni-brendtner.de\/wp-content\/uploads\/2015\/05\/002-150x150.jpg 150w, https:\/\/www.erni-brendtner.de\/wp-content\/uploads\/2015\/05\/002-432x432.jpg 432w, https:\/\/www.erni-brendtner.de\/wp-content\/uploads\/2015\/05\/002-268x268.jpg 268w\" sizes=\"auto, (max-width: 150px) 100vw, 150px\" \/><\/a><\/td><td class=\"column-2\">Jahresausstellung des <br \/>\nKunstvereins Alt\u00f6tting \"Mythen und M\u00e4rchen\"<br \/>\nin der VR meine Raiffeisenbank in Alt\u00f6tting<br \/>\nvom 28.06.2012 bis 27.7.2012<br \/>\n<br \/>\nPressebericht: PNP vom 02.07.2012 \"Mythen und M\u00e4rchen\" <\/td>\n<\/tr>\n<tr class=\"row-6\">\n\t<td class=\"column-1\"><\/td><td class=\"column-2\"><\/td>\n<\/tr>\n<tr class=\"row-7\">\n\t<td class=\"column-1\"><\/td><td class=\"column-2\"><\/td>\n<\/tr>\n<tr class=\"row-8\">\n\t<td class=\"column-1\"><\/td><td class=\"column-2\"><\/td>\n<\/tr>\n<tr class=\"row-9\">\n\t<td class=\"column-1\"><br \/>\n<a href=\"http:\/\/www.erni-brendtner.de\/wp-content\/uploads\/2015\/03\/Z-8.Krk_.Hs_.05.2012.0456.jpg\"><img loading=\"lazy\" decoding=\"async\" src=\"http:\/\/www.erni-brendtner.de\/wp-content\/uploads\/2015\/03\/Z-8.Krk_.Hs_.05.2012.0456-150x150.jpg\" alt=\"Z-8.Krk.Hs.05.2012.0456\" width=\"150\" height=\"150\" class=\"alignnone size-thumbnail wp-image-871\" srcset=\"https:\/\/www.erni-brendtner.de\/wp-content\/uploads\/2015\/03\/Z-8.Krk_.Hs_.05.2012.0456-150x150.jpg 150w, https:\/\/www.erni-brendtner.de\/wp-content\/uploads\/2015\/03\/Z-8.Krk_.Hs_.05.2012.0456-432x432.jpg 432w, https:\/\/www.erni-brendtner.de\/wp-content\/uploads\/2015\/03\/Z-8.Krk_.Hs_.05.2012.0456-268x268.jpg 268w\" sizes=\"auto, (max-width: 150px) 100vw, 150px\" \/><\/a><\/td><td class=\"column-2\">\"Herz und Verstand - eine spannungsvolle Beziehung\"<br \/>\nEinzelausstellung im Foyer der Kreisklinik Burghausen<br \/>\nvom 24.05.2012 - 27.07.2012<br \/>\n<br \/>\nPressebericht: <a href=\"http:\/\/www.erni-brendtner.de\/wp-content\/uploads\/2015\/03\/PresseKH.pdf\" target=\"_blank\" rel=\"noopener noreferrer\">PNP vom 29.05.2012 \"Vom Mythos und der Magie des Herzens<\/a><\/td>\n<\/tr>\n<tr class=\"row-10\">\n\t<td class=\"column-1\"><\/td><td class=\"column-2\"><\/td>\n<\/tr>\n<tr class=\"row-11\">\n\t<td class=\"column-1\"><\/td><td class=\"column-2\"><\/td>\n<\/tr>\n<tr class=\"row-12\">\n\t<td class=\"column-1\"><\/td><td class=\"column-2\"><\/td>\n<\/tr>\n<tr class=\"row-13\">\n\t<td class=\"column-1\"><a href=\"http:\/\/www.kunstverein-altoetting.de\" rel=\"noopener noreferrer\" target=\"_blank\">Link: Kunstverein Alt\u00f6tting \/ Fotogalerie<\/a><\/td><td class=\"column-2\">Gemeinschaftsausstellung Erni Brendtner und Monika Froch vom Kunstverein Alt\u00f6tting \"Ber\u00fchrungspunkte\"<br \/>\nin der VR meine Raiffeisenbank in Alt\u00f6tting<br \/>\nvom 22.09.2011 - 17.10.2011<br \/>\n<br \/>\n<\/td>\n<\/tr>\n<tr class=\"row-14\">\n\t<td class=\"column-1\"><\/td><td class=\"column-2\"><\/td>\n<\/tr>\n<tr class=\"row-15\">\n\t<td class=\"column-1\"><\/td><td class=\"column-2\"><\/td>\n<\/tr>\n<tr class=\"row-16\">\n\t<td class=\"column-1\"><\/td><td class=\"column-2\"><\/td>\n<\/tr>\n<tr class=\"row-17\">\n\t<td class=\"column-1\"><a href=\"http:\/\/www.kunstverein-altoetting.de\" rel=\"noopener noreferrer\" target=\"_blank\">Link: Kunstverein Alt\u00f6tting \/ Fotogalerie<\/a><\/td><td class=\"column-2\">Gemeinschaftsausstellung des Kunstvereins Alt\u00f6tting \"Glaube, Tod und T\u00fcrme\"\u00b4<br \/>\nin der Stadtgalerie Alt\u00f6tting<br \/>\nvom 12.08.2011 - 16.10.2011<br \/>\n<br \/>\n<br \/>\n<br \/>\n<\/td>\n<\/tr>\n<tr class=\"row-18\">\n\t<td class=\"column-1\"><\/td><td class=\"column-2\"><\/td>\n<\/tr>\n<tr class=\"row-19\">\n\t<td class=\"column-1\"><\/td><td class=\"column-2\"><\/td>\n<\/tr>\n<tr class=\"row-20\">\n\t<td class=\"column-1\"><\/td><td class=\"column-2\"><\/td>\n<\/tr>\n<tr class=\"row-21\">\n\t<td class=\"column-1\"><a href=\"http:\/\/www.erni-brendtner.de\/wp-content\/uploads\/2015\/03\/Z-11.A-Z.IMG_28110.jpg\"><img loading=\"lazy\" decoding=\"async\" src=\"http:\/\/www.erni-brendtner.de\/wp-content\/uploads\/2015\/03\/Z-11.A-Z.IMG_28110-150x150.jpg\" alt=\"Z-11.A-Z.IMG_28110\" width=\"150\" height=\"150\" class=\"alignnone size-thumbnail wp-image-874\" srcset=\"https:\/\/www.erni-brendtner.de\/wp-content\/uploads\/2015\/03\/Z-11.A-Z.IMG_28110-150x150.jpg 150w, https:\/\/www.erni-brendtner.de\/wp-content\/uploads\/2015\/03\/Z-11.A-Z.IMG_28110-432x432.jpg 432w, https:\/\/www.erni-brendtner.de\/wp-content\/uploads\/2015\/03\/Z-11.A-Z.IMG_28110-268x268.jpg 268w\" sizes=\"auto, (max-width: 150px) 100vw, 150px\" \/><\/a><\/td><td class=\"column-2\">Jahresausstellung des Kunstvereins Alt\u00f6tting \u201eKunst von A bis Z\u201c<br \/>\nin der VR meine Raiffeisenbank in Alt\u00f6tting<br \/>\nvom 27.06.2011 - 15.07.2011<br \/>\n<br \/>\n<br \/>\n<a href=\"http:\/\/www.kunstverein-altoetting.de\/\" rel=\"noopener noreferrer\" target=\"_blank\">Link: Kunstverein Alt\u00f6tting \/ Fotogalerie<\/a><\/td>\n<\/tr>\n<tr class=\"row-22\">\n\t<td class=\"column-1\"><\/td><td class=\"column-2\"><\/td>\n<\/tr>\n<tr class=\"row-23\">\n\t<td class=\"column-1\"><\/td><td class=\"column-2\"><\/td>\n<\/tr>\n<tr class=\"row-24\">\n\t<td class=\"column-1\"><\/td><td class=\"column-2\"><\/td>\n<\/tr>\n<tr class=\"row-25\">\n\t<td class=\"column-1\"><a href=\"http:\/\/www.erni-brendtner.de\/wp-content\/uploads\/2015\/03\/Z-12.Neubau-Robert-Koch-Str.9.jpg\"><img loading=\"lazy\" decoding=\"async\" src=\"http:\/\/www.erni-brendtner.de\/wp-content\/uploads\/2015\/03\/Z-12.Neubau-Robert-Koch-Str.9-150x150.jpg\" alt=\"Z-12.Neubau-Robert-Koch-Str.9\" width=\"150\" height=\"150\" class=\"alignnone size-thumbnail wp-image-875\" srcset=\"https:\/\/www.erni-brendtner.de\/wp-content\/uploads\/2015\/03\/Z-12.Neubau-Robert-Koch-Str.9-150x150.jpg 150w, https:\/\/www.erni-brendtner.de\/wp-content\/uploads\/2015\/03\/Z-12.Neubau-Robert-Koch-Str.9-432x432.jpg 432w, https:\/\/www.erni-brendtner.de\/wp-content\/uploads\/2015\/03\/Z-12.Neubau-Robert-Koch-Str.9-268x268.jpg 268w\" sizes=\"auto, (max-width: 150px) 100vw, 150px\" \/><\/a><\/td><td class=\"column-2\">Farbgestaltung des Neubaus (2011) eines Wohn- und Gesch\u00e4ftshauses in der Robert-Koch-Str. 9<\/td>\n<\/tr>\n<tr class=\"row-26\">\n\t<td class=\"column-1\"><\/td><td class=\"column-2\"><\/td>\n<\/tr>\n<tr class=\"row-27\">\n\t<td class=\"column-1\"><\/td><td class=\"column-2\"><\/td>\n<\/tr>\n<tr class=\"row-28\">\n\t<td class=\"column-1\"><\/td><td class=\"column-2\"><\/td>\n<\/tr>\n<tr class=\"row-29\">\n\t<td class=\"column-1\"><a href=\"http:\/\/www.erni-brendtner.de\/wp-content\/uploads\/2015\/03\/Z-13.Kustausblicke.Mattsee.IMG_0377.jpg\"><img loading=\"lazy\" decoding=\"async\" src=\"http:\/\/www.erni-brendtner.de\/wp-content\/uploads\/2015\/03\/Z-13.Kustausblicke.Mattsee.IMG_0377-150x150.jpg\" alt=\"Z-13.Kustausblicke.Mattsee.IMG_0377\" width=\"150\" height=\"150\" class=\"alignnone size-thumbnail wp-image-876\" srcset=\"https:\/\/www.erni-brendtner.de\/wp-content\/uploads\/2015\/03\/Z-13.Kustausblicke.Mattsee.IMG_0377-150x150.jpg 150w, https:\/\/www.erni-brendtner.de\/wp-content\/uploads\/2015\/03\/Z-13.Kustausblicke.Mattsee.IMG_0377-432x432.jpg 432w, https:\/\/www.erni-brendtner.de\/wp-content\/uploads\/2015\/03\/Z-13.Kustausblicke.Mattsee.IMG_0377-268x268.jpg 268w\" sizes=\"auto, (max-width: 150px) 100vw, 150px\" \/><\/a><\/td><td class=\"column-2\">\u201eKUNSTAUSBLICKE\u201c von Absolventen der Leonardo  Kunstakademie Salzburg  <br \/>\n                                            im Schloss Mattsee\/\u00d6sterreich vom 20.11.2010 - 08.01.2011<\/td>\n<\/tr>\n<tr class=\"row-30\">\n\t<td class=\"column-1\"><\/td><td class=\"column-2\"><\/td>\n<\/tr>\n<tr class=\"row-31\">\n\t<td class=\"column-1\"><\/td><td class=\"column-2\"><\/td>\n<\/tr>\n<tr class=\"row-32\">\n\t<td class=\"column-1\"><\/td><td class=\"column-2\"><\/td>\n<\/tr>\n<tr class=\"row-33\">\n\t<td class=\"column-1\"><a href=\"http:\/\/www.erni-brendtner.de\/wp-content\/uploads\/2015\/03\/Z-14.ragtag_1541a.jpg\"><img loading=\"lazy\" decoding=\"async\" src=\"http:\/\/www.erni-brendtner.de\/wp-content\/uploads\/2015\/03\/Z-14.ragtag_1541a-150x150.jpg\" alt=\"Z-14.ragtag_1541a\" width=\"150\" height=\"150\" class=\"alignnone size-thumbnail wp-image-877\" srcset=\"https:\/\/www.erni-brendtner.de\/wp-content\/uploads\/2015\/03\/Z-14.ragtag_1541a-150x150.jpg 150w, https:\/\/www.erni-brendtner.de\/wp-content\/uploads\/2015\/03\/Z-14.ragtag_1541a-432x432.jpg 432w, https:\/\/www.erni-brendtner.de\/wp-content\/uploads\/2015\/03\/Z-14.ragtag_1541a-268x268.jpg 268w\" sizes=\"auto, (max-width: 150px) 100vw, 150px\" \/><\/a><\/td><td class=\"column-2\">Gruppenausstellung der K\u00fcnstlergruppe Ragtag - \"Buntes Spektrum Kunst\" <br \/>\nin der Sparkasse Alt\u00f6tting <br \/>\nvom 04.10.2010 - 22.10.2010<br \/>\n<br \/>\n<br \/>\n<\/td>\n<\/tr>\n<tr class=\"row-34\">\n\t<td class=\"column-1\"><\/td><td class=\"column-2\"><\/td>\n<\/tr>\n<tr class=\"row-35\">\n\t<td class=\"column-1\"><\/td><td class=\"column-2\"><\/td>\n<\/tr>\n<tr class=\"row-36\">\n\t<td class=\"column-1\"><\/td><td class=\"column-2\"><\/td>\n<\/tr>\n<tr class=\"row-37\">\n\t<td class=\"column-1\"><a href=\"http:\/\/www.erni-brendtner.de\/wp-content\/uploads\/2015\/03\/Z-15.was-mich-bewegt.Rathaus.Bgh_05540.jpg\"><img loading=\"lazy\" decoding=\"async\" src=\"http:\/\/www.erni-brendtner.de\/wp-content\/uploads\/2015\/03\/Z-15.was-mich-bewegt.Rathaus.Bgh_05540-150x150.jpg\" alt=\"Z-15.was mich bewegt.Rathaus.Bgh_05540\" width=\"150\" height=\"150\" class=\"alignnone size-thumbnail wp-image-878\" srcset=\"https:\/\/www.erni-brendtner.de\/wp-content\/uploads\/2015\/03\/Z-15.was-mich-bewegt.Rathaus.Bgh_05540-150x150.jpg 150w, https:\/\/www.erni-brendtner.de\/wp-content\/uploads\/2015\/03\/Z-15.was-mich-bewegt.Rathaus.Bgh_05540-432x432.jpg 432w, https:\/\/www.erni-brendtner.de\/wp-content\/uploads\/2015\/03\/Z-15.was-mich-bewegt.Rathaus.Bgh_05540-268x268.jpg 268w\" sizes=\"auto, (max-width: 150px) 100vw, 150px\" \/><\/a><\/td><td class=\"column-2\">......was mich bewegt.....\"  Einzelausstellung<br \/>\nim Rathaus Burghausen<br \/>\nvom 06.11.2009 - 01.12.2009<br \/>\n<br \/>\nPressebericht: <a href=\"http:\/\/www.erni-brendtner.de\/wp-content\/uploads\/2015\/05\/Rathaus-Burghausen-Vernissage-2009.11.jpg\" target=\"_blank\" rel=\"noopener noreferrer\">PNP vom 12.09.2009 \"Farbenfroher Auftakt\"<\/a><\/td>\n<\/tr>\n<tr class=\"row-38\">\n\t<td class=\"column-1\"><\/td><td class=\"column-2\"><\/td>\n<\/tr>\n<tr class=\"row-39\">\n\t<td class=\"column-1\"><\/td><td class=\"column-2\"><\/td>\n<\/tr>\n<tr class=\"row-40\">\n\t<td class=\"column-1\"><\/td><td class=\"column-2\"><\/td>\n<\/tr>\n<tr class=\"row-41\">\n\t<td class=\"column-1\"><a href=\"http:\/\/www.erni-brendtner.de\/wp-content\/uploads\/2025\/04\/IMG_6981.jpg\"><img loading=\"lazy\" decoding=\"async\" src=\"http:\/\/www.erni-brendtner.de\/wp-content\/uploads\/2025\/04\/IMG_6981-150x150.jpg\" alt=\"\" width=\"150\" height=\"150\" class=\"alignnone size-thumbnail wp-image-5708\" srcset=\"https:\/\/www.erni-brendtner.de\/wp-content\/uploads\/2025\/04\/IMG_6981-150x150.jpg 150w, https:\/\/www.erni-brendtner.de\/wp-content\/uploads\/2025\/04\/IMG_6981-432x432.jpg 432w, https:\/\/www.erni-brendtner.de\/wp-content\/uploads\/2025\/04\/IMG_6981-268x268.jpg 268w\" sizes=\"auto, (max-width: 150px) 100vw, 150px\" \/><\/a><\/td><td class=\"column-2\">Dauerausstellung in den Gesch\u00e4ftsr\u00e4umen der Fa. Elektro R\u00f6sler<br \/>\n in Burghausen seit September 2008<\/td>\n<\/tr>\n<tr class=\"row-42\">\n\t<td class=\"column-1\"><\/td><td class=\"column-2\"><\/td>\n<\/tr>\n<tr class=\"row-43\">\n\t<td class=\"column-1\"><\/td><td class=\"column-2\"><\/td>\n<\/tr>\n<tr class=\"row-44\">\n\t<td class=\"column-1\"><\/td><td class=\"column-2\"><\/td>\n<\/tr>\n<tr class=\"row-45\">\n\t<td class=\"column-1\"><a href=\"http:\/\/www.erni-brendtner.de\/wp-content\/uploads\/2015\/04\/Abschlussausstellung-Leonardo-Kunstakademie-Salzburg-001.jpg\"><img loading=\"lazy\" decoding=\"async\" src=\"http:\/\/www.erni-brendtner.de\/wp-content\/uploads\/2015\/04\/Abschlussausstellung-Leonardo-Kunstakademie-Salzburg-001-150x150.jpg\" alt=\"Abschlussausstellung Leonardo Kunstakademie Salzburg 001\" width=\"150\" height=\"150\" class=\"alignnone size-thumbnail wp-image-903\" srcset=\"https:\/\/www.erni-brendtner.de\/wp-content\/uploads\/2015\/04\/Abschlussausstellung-Leonardo-Kunstakademie-Salzburg-001-150x150.jpg 150w, https:\/\/www.erni-brendtner.de\/wp-content\/uploads\/2015\/04\/Abschlussausstellung-Leonardo-Kunstakademie-Salzburg-001-432x432.jpg 432w, https:\/\/www.erni-brendtner.de\/wp-content\/uploads\/2015\/04\/Abschlussausstellung-Leonardo-Kunstakademie-Salzburg-001-268x268.jpg 268w\" sizes=\"auto, (max-width: 150px) 100vw, 150px\" \/><\/a><\/td><td class=\"column-2\">Abschlussausstellung des Studiengangs \"Bildnerische Gestaltung - Malerei und Grafik\" an der Leonardo Kunstakademie Salzburg bei Prof. Hannes Baier<br \/>\nam 17.10.2008 im Schloss Mattsee\/\u00d6sterreich<br \/>\n<br \/>\nLink: <a href=\"http:\/\/www.leonardo-kunstakademie.at\" target=\"_blank\" rel=\"noopener noreferrer\">Leonardo KunstAkademie Salzburg<\/a><\/td>\n<\/tr>\n<\/tbody>\n<\/table>\n<!-- #tablepress-23 from cache -->\t\t\t\t\t\t  <\/div>\r\n\t\t\t\t\t\t<\/div>\r\n\t\t\t\t\t<\/div>\r\n\t\t\t\t\t<!-- Inner panel End -->\r\n\t\t\t\t\t\r\n\t\t\t\t\t\t\t<\/div>\r\n\t\t\t\r\n<script type=\"text\/javascript\">\r\n\t\r\n\t\tfunction do_resize(){\r\n\r\n\t\t\tvar width=jQuery( '.wpsm_panel .wpsm_panel-body iframe' ).width();\r\n\t\t\tvar height=jQuery( '.wpsm_panel .wpsm_panel-body iframe' ).height();\r\n\r\n\t\t\tvar toggleSize = true;\r\n\t\t\tjQuery('iframe').animate({\r\n\t\t\t    width: toggleSize ? width : 640,\r\n\t\t\t    height: toggleSize ? height : 360\r\n\t\t\t  }, 250);\r\n\r\n\t\t\t  toggleSize = !toggleSize;\r\n\t\t}\r\n\t\t\r\n<\/script>\t\n","protected":false},"excerpt":{"rendered":"","protected":false},"author":2,"featured_media":0,"parent":0,"menu_order":5,"comment_status":"closed","ping_status":"closed","template":"","meta":{"ngg_post_thumbnail":0,"footnotes":""},"class_list":["post-4894","page","type-page","status-publish","hentry","column","twocol"],"_links":{"self":[{"href":"https:\/\/www.erni-brendtner.de\/index.php?rest_route=\/wp\/v2\/pages\/4894","targetHints":{"allow":["GET"]}}],"collection":[{"href":"https:\/\/www.erni-brendtner.de\/index.php?rest_route=\/wp\/v2\/pages"}],"about":[{"href":"https:\/\/www.erni-brendtner.de\/index.php?rest_route=\/wp\/v2\/types\/page"}],"author":[{"embeddable":true,"href":"https:\/\/www.erni-brendtner.de\/index.php?rest_route=\/wp\/v2\/users\/2"}],"replies":[{"embeddable":true,"href":"https:\/\/www.erni-brendtner.de\/index.php?rest_route=%2Fwp%2Fv2%2Fcomments&post=4894"}],"version-history":[{"count":6,"href":"https:\/\/www.erni-brendtner.de\/index.php?rest_route=\/wp\/v2\/pages\/4894\/revisions"}],"predecessor-version":[{"id":5804,"href":"https:\/\/www.erni-brendtner.de\/index.php?rest_route=\/wp\/v2\/pages\/4894\/revisions\/5804"}],"wp:attachment":[{"href":"https:\/\/www.erni-brendtner.de\/index.php?rest_route=%2Fwp%2Fv2%2Fmedia&parent=4894"}],"curies":[{"name":"wp","href":"https:\/\/api.w.org\/{rel}","templated":true}]}}